{"id":1285,"date":"2021-12-28T17:57:22","date_gmt":"2021-12-28T17:57:22","guid":{"rendered":"https:\/\/lesmoles.t1.curious.tech\/restaurant\/lequip\/"},"modified":"2022-09-14T11:34:05","modified_gmt":"2022-09-14T10:34:05","slug":"lequip","status":"publish","type":"page","link":"https:\/\/lesmoles.com\/es\/restaurant-2\/lequip\/","title":{"rendered":"El equipo"},"content":{"rendered":"\t\t<div data-elementor-type=\"wp-page\" data-elementor-id=\"1285\" class=\"elementor elementor-1285 elementor-423\" data-elementor-post-type=\"page\">\n\t\t\t\t\t\t<section class=\"elementor-section elementor-top-section elementor-element elementor-element-a9ff67e elementor-section-boxed elementor-section-height-default elementor-section-height-default\" data-id=\"a9ff67e\" data-element_type=\"section\">\n\t\t\t\t\t\t<div class=\"elementor-container elementor-column-gap-no\">\n\t\t\t\t\t<div class=\"elementor-column elementor-col-100 elementor-top-column elementor-element elementor-element-169e60f\" data-id=\"169e60f\" data-element_type=\"column\">\n\t\t\t<div class=\"elementor-widget-wrap elementor-element-populated\">\n\t\t\t\t\t\t<section class=\"elementor-section elementor-inner-section elementor-element elementor-element-08c1b76 elementor-section-full_width elementor-section-height-min-height elementor-section-height-default\" data-id=\"08c1b76\" data-element_type=\"section\" data-settings=\"{&quot;background_background&quot;:&quot;classic&quot;}\">\n\t\t\t\t\t\t<div class=\"elementor-container elementor-column-gap-no\">\n\t\t\t\t\t<div class=\"elementor-column elementor-col-100 elementor-inner-column elementor-element elementor-element-35bd865\" data-id=\"35bd865\" data-element_type=\"column\">\n\t\t\t<div class=\"elementor-widget-wrap\">\n\t\t\t\t\t\t\t<\/div>\n\t\t<\/div>\n\t\t\t\t\t<\/div>\n\t\t<\/section>\n\t\t\t\t\t<\/div>\n\t\t<\/div>\n\t\t\t\t\t<\/div>\n\t\t<\/section>\n\t\t\t\t<section class=\"elementor-section elementor-top-section elementor-element elementor-element-1f94b2e elementor-section-boxed elementor-section-height-default elementor-section-height-default\" data-id=\"1f94b2e\" data-element_type=\"section\">\n\t\t\t\t\t\t<div class=\"elementor-container elementor-column-gap-default\">\n\t\t\t\t\t<div class=\"elementor-column elementor-col-100 elementor-top-column elementor-element elementor-element-afd02b5\" data-id=\"afd02b5\" data-element_type=\"column\">\n\t\t\t<div class=\"elementor-widget-wrap elementor-element-populated\">\n\t\t\t\t\t\t<div class=\"elementor-element elementor-element-e1fb4ca elementor-invisible elementor-widget elementor-widget-heading\" data-id=\"e1fb4ca\" data-element_type=\"widget\" data-settings=\"{&quot;_animation&quot;:&quot;fadeInUp&quot;}\" data-widget_type=\"heading.default\">\n\t\t\t\t<div class=\"elementor-widget-container\">\n\t\t\t\t\t<h2 class=\"elementor-heading-title elementor-size-default\">El equipo<\/h2>\t\t\t\t<\/div>\n\t\t\t\t<\/div>\n\t\t\t\t<section class=\"elementor-section elementor-inner-section elementor-element elementor-element-4bf744e elementor-section-boxed elementor-section-height-default elementor-section-height-default\" data-id=\"4bf744e\" data-element_type=\"section\">\n\t\t\t\t\t\t<div class=\"elementor-container elementor-column-gap-default\">\n\t\t\t\t\t<div class=\"elementor-column elementor-col-33 elementor-inner-column elementor-element elementor-element-205dd85\" data-id=\"205dd85\" data-element_type=\"column\">\n\t\t\t<div class=\"elementor-widget-wrap\">\n\t\t\t\t\t\t\t<\/div>\n\t\t<\/div>\n\t\t\t\t<div class=\"elementor-column elementor-col-33 elementor-inner-column elementor-element elementor-element-ea0b1d0\" data-id=\"ea0b1d0\" data-element_type=\"column\">\n\t\t\t<div class=\"elementor-widget-wrap elementor-element-populated\">\n\t\t\t\t\t\t<div class=\"elementor-element elementor-element-2e63e5c elementor-invisible elementor-widget elementor-widget-text-editor\" data-id=\"2e63e5c\" data-element_type=\"widget\" data-settings=\"{&quot;_animation&quot;:&quot;fadeInUp&quot;}\" data-widget_type=\"text-editor.default\">\n\t\t\t\t<div class=\"elementor-widget-container\">\n\t\t\t\t\t\t\t\t\t<p>El equipo humano de Les Moles es uno de los puntales de esta casa. Primero Jeroni, despu\u00e9s Carmen, ahora tambi\u00e9n Pau y Roger y todas y todos los compa\u00f1eros de cocina y sala han hecho crecer a nuestro restaurante.<\/p>\t\t\t\t\t\t\t\t<\/div>\n\t\t\t\t<\/div>\n\t\t\t\t\t<\/div>\n\t\t<\/div>\n\t\t\t\t<div class=\"elementor-column elementor-col-33 elementor-inner-column elementor-element elementor-element-8df86a9\" data-id=\"8df86a9\" data-element_type=\"column\">\n\t\t\t<div class=\"elementor-widget-wrap\">\n\t\t\t\t\t\t\t<\/div>\n\t\t<\/div>\n\t\t\t\t\t<\/div>\n\t\t<\/section>\n\t\t\t\t\t<\/div>\n\t\t<\/div>\n\t\t\t\t\t<\/div>\n\t\t<\/section>\n\t\t\t\t<section class=\"elementor-section elementor-top-section elementor-element elementor-element-004e507 elementor-section-boxed elementor-section-height-default elementor-section-height-default\" data-id=\"004e507\" data-element_type=\"section\">\n\t\t\t\t\t\t<div class=\"elementor-container elementor-column-gap-no\">\n\t\t\t\t\t<div class=\"elementor-column elementor-col-100 elementor-top-column elementor-element elementor-element-26cf808\" data-id=\"26cf808\" data-element_type=\"column\" data-settings=\"{&quot;background_background&quot;:&quot;gradient&quot;}\">\n\t\t\t<div class=\"elementor-widget-wrap elementor-element-populated\">\n\t\t\t\t\t\t<section class=\"elementor-section elementor-inner-section elementor-element elementor-element-9b2dd17 elementor-section-full_width elementor-section-content-middle elementor-section-height-default elementor-section-height-default\" data-id=\"9b2dd17\" data-element_type=\"section\">\n\t\t\t\t\t\t<div class=\"elementor-container elementor-column-gap-default\">\n\t\t\t\t\t<div class=\"elementor-column elementor-col-50 elementor-inner-column elementor-element elementor-element-5bbd37c\" data-id=\"5bbd37c\" data-element_type=\"column\" data-settings=\"{&quot;background_background&quot;:&quot;classic&quot;}\">\n\t\t\t<div class=\"elementor-widget-wrap elementor-element-populated\">\n\t\t\t\t\t\t<div class=\"elementor-element elementor-element-f162b06 elementor-invisible elementor-widget elementor-widget-heading\" data-id=\"f162b06\" data-element_type=\"widget\" data-settings=\"{&quot;_animation&quot;:&quot;fadeIn&quot;}\" data-widget_type=\"heading.default\">\n\t\t\t\t<div class=\"elementor-widget-container\">\n\t\t\t\t\t<h2 class=\"elementor-heading-title elementor-size-default\">Jeroni Castell<\/h2>\t\t\t\t<\/div>\n\t\t\t\t<\/div>\n\t\t\t\t<div class=\"elementor-element elementor-element-7e0475a elementor-invisible elementor-widget elementor-widget-text-editor\" data-id=\"7e0475a\" data-element_type=\"widget\" data-settings=\"{&quot;_animation&quot;:&quot;fadeIn&quot;}\" data-widget_type=\"text-editor.default\">\n\t\t\t\t<div class=\"elementor-widget-container\">\n\t\t\t\t\t\t\t\t\t<p>Propietario junto a su esposa Carmen y chef del restaurante Les Moles, Jeroni descubri\u00f3 su verdadera vocaci\u00f3n, la cocina, tarde y por casualidad. Los inicios fueron muy duros pero poco a poco y de forma autodidacta, el mundo de los sabores y las experiencias gastron\u00f3micas se convirti\u00f3 en su gran pasi\u00f3n. Una de las predilecciones de Jeroni es el territorio que le ha visto nacer y crecer como persona y restaurador. Este territorio, al sur y al norte del r\u00edo S\u00e9nia, le ha dado, a cambio del respeto, el compromiso y el cuidado, los mejores productos que un chef podr\u00eda so\u00f1ar. El aceite de oliva virgen extra, las ostras, el arroz Montsi\u00e0, la cabra hisp\u00e1nica o el at\u00fan rojo de Balfeg\u00f3, entre otros, son las herramientas de expresi\u00f3n de la cocina de Les Moles, un restaurante que se encuentra justo en el cruce de caminos entre pasado y futuro, entre tradici\u00f3n y vanguardia.<br \/>La cocina de Jeroni Castell se ha ido esculpiendo con el paso del tiempo a trav\u00e9s de una filosof\u00eda propia que la hace una cocina \u00fanica, singular y reconocible. El territorio, el factor sorpresa, la creatividad, la rebeld\u00eda y la t\u00e9cnica son herramientas que utiliza para hacer lo que tan bien ilustran sus creaciones: mantenerse fiel a una filosof\u00eda.<\/p>\t\t\t\t\t\t\t\t<\/div>\n\t\t\t\t<\/div>\n\t\t\t\t<div class=\"elementor-element elementor-element-1c5ed28 elementor-hidden-desktop elementor-hidden-tablet elementor-invisible elementor-widget elementor-widget-image\" data-id=\"1c5ed28\" data-element_type=\"widget\" data-settings=\"{&quot;_animation&quot;:&quot;slideInRight&quot;}\" data-widget_type=\"image.default\">\n\t\t\t\t<div class=\"elementor-widget-container\">\n\t\t\t\t\t\t\t\t\t\t\t\t\t\t\t\t<a href=\"https:\/\/lesmoles.com\/wp-content\/uploads\/2021\/12\/equip_lesmoles_2.jpg\" data-elementor-open-lightbox=\"yes\" data-elementor-lightbox-title=\"equip_lesmoles_2\" data-e-action-hash=\"#elementor-action%3Aaction%3Dlightbox%26settings%3DeyJpZCI6MTA0MCwidXJsIjoiaHR0cHM6XC9cL2xlc21vbGVzLmNvbVwvd3AtY29udGVudFwvdXBsb2Fkc1wvMjAyMVwvMTJcL2VxdWlwX2xlc21vbGVzXzIuanBnIn0%3D\">\n\t\t\t\t\t\t\t<img fetchpriority=\"high\" decoding=\"async\" width=\"1024\" height=\"695\" src=\"https:\/\/lesmoles.com\/wp-content\/uploads\/2021\/12\/equip_lesmoles_2-1024x695.jpg\" class=\"attachment-large size-large wp-image-1040\" alt=\"\" srcset=\"https:\/\/lesmoles.com\/wp-content\/uploads\/2021\/12\/equip_lesmoles_2-1024x695.jpg 1024w, https:\/\/lesmoles.com\/wp-content\/uploads\/2021\/12\/equip_lesmoles_2-600x407.jpg 600w, https:\/\/lesmoles.com\/wp-content\/uploads\/2021\/12\/equip_lesmoles_2-300x204.jpg 300w, https:\/\/lesmoles.com\/wp-content\/uploads\/2021\/12\/equip_lesmoles_2-768x521.jpg 768w, https:\/\/lesmoles.com\/wp-content\/uploads\/2021\/12\/equip_lesmoles_2.jpg 1200w\" sizes=\"(max-width: 1024px) 100vw, 1024px\" \/>\t\t\t\t\t\t\t\t<\/a>\n\t\t\t\t\t\t\t\t\t\t\t\t\t\t\t<\/div>\n\t\t\t\t<\/div>\n\t\t\t\t\t<\/div>\n\t\t<\/div>\n\t\t\t\t<div class=\"elementor-column elementor-col-50 elementor-inner-column elementor-element elementor-element-84e6ba4 elementor-hidden-mobile\" data-id=\"84e6ba4\" data-element_type=\"column\">\n\t\t\t<div class=\"elementor-widget-wrap elementor-element-populated\">\n\t\t\t\t\t\t<div class=\"elementor-element elementor-element-fbd20fc elementor-invisible elementor-widget elementor-widget-image\" data-id=\"fbd20fc\" data-element_type=\"widget\" data-settings=\"{&quot;_animation&quot;:&quot;slideInRight&quot;}\" data-widget_type=\"image.default\">\n\t\t\t\t<div class=\"elementor-widget-container\">\n\t\t\t\t\t\t\t\t\t\t\t\t\t\t\t\t<a href=\"https:\/\/lesmoles.com\/wp-content\/uploads\/2022\/08\/Jeroni-Castell-el-xef-scaled.jpg\" data-elementor-open-lightbox=\"yes\" data-elementor-lightbox-title=\"Jeroni Castell, el xef\" data-e-action-hash=\"#elementor-action%3Aaction%3Dlightbox%26settings%3DeyJpZCI6NDE0OCwidXJsIjoiaHR0cHM6XC9cL2xlc21vbGVzLmNvbVwvd3AtY29udGVudFwvdXBsb2Fkc1wvMjAyMlwvMDhcL0plcm9uaS1DYXN0ZWxsLWVsLXhlZi1zY2FsZWQuanBnIn0%3D\">\n\t\t\t\t\t\t\t<img decoding=\"async\" width=\"1020\" height=\"1024\" src=\"https:\/\/lesmoles.com\/wp-content\/uploads\/2022\/08\/Jeroni-Castell-el-xef-1020x1024.jpg\" class=\"attachment-large size-large wp-image-4148\" alt=\"\" srcset=\"https:\/\/lesmoles.com\/wp-content\/uploads\/2022\/08\/Jeroni-Castell-el-xef-1020x1024.jpg 1020w, https:\/\/lesmoles.com\/wp-content\/uploads\/2022\/08\/Jeroni-Castell-el-xef-300x300.jpg 300w, https:\/\/lesmoles.com\/wp-content\/uploads\/2022\/08\/Jeroni-Castell-el-xef-150x150.jpg 150w, https:\/\/lesmoles.com\/wp-content\/uploads\/2022\/08\/Jeroni-Castell-el-xef-768x771.jpg 768w, https:\/\/lesmoles.com\/wp-content\/uploads\/2022\/08\/Jeroni-Castell-el-xef-1530x1536.jpg 1530w, https:\/\/lesmoles.com\/wp-content\/uploads\/2022\/08\/Jeroni-Castell-el-xef-2040x2048.jpg 2040w, https:\/\/lesmoles.com\/wp-content\/uploads\/2022\/08\/Jeroni-Castell-el-xef-600x602.jpg 600w, https:\/\/lesmoles.com\/wp-content\/uploads\/2022\/08\/Jeroni-Castell-el-xef-100x100.jpg 100w\" sizes=\"(max-width: 1020px) 100vw, 1020px\" \/>\t\t\t\t\t\t\t\t<\/a>\n\t\t\t\t\t\t\t\t\t\t\t\t\t\t\t<\/div>\n\t\t\t\t<\/div>\n\t\t\t\t\t<\/div>\n\t\t<\/div>\n\t\t\t\t\t<\/div>\n\t\t<\/section>\n\t\t\t\t\t<\/div>\n\t\t<\/div>\n\t\t\t\t\t<\/div>\n\t\t<\/section>\n\t\t\t\t<section class=\"elementor-section elementor-top-section elementor-element elementor-element-76c1dbe elementor-section-content-middle elementor-reverse-mobile elementor-section-boxed elementor-section-height-default elementor-section-height-default\" data-id=\"76c1dbe\" data-element_type=\"section\">\n\t\t\t\t\t\t<div class=\"elementor-container elementor-column-gap-no\">\n\t\t\t\t\t<div class=\"elementor-column elementor-col-50 elementor-top-column elementor-element elementor-element-ba152a7\" data-id=\"ba152a7\" data-element_type=\"column\">\n\t\t\t<div class=\"elementor-widget-wrap elementor-element-populated\">\n\t\t\t\t\t\t<div class=\"elementor-element elementor-element-beb938e elementor-invisible elementor-widget elementor-widget-image\" data-id=\"beb938e\" data-element_type=\"widget\" data-settings=\"{&quot;_animation&quot;:&quot;slideInLeft&quot;}\" data-widget_type=\"image.default\">\n\t\t\t\t<div class=\"elementor-widget-container\">\n\t\t\t\t\t\t\t\t\t\t\t\t\t\t\t\t<a href=\"https:\/\/lesmoles.com\/wp-content\/uploads\/2022\/04\/ClaudioIanau-12_menuda.jpg\" data-elementor-open-lightbox=\"yes\" data-elementor-lightbox-title=\"Les Moles Retratos\" data-e-action-hash=\"#elementor-action%3Aaction%3Dlightbox%26settings%3DeyJpZCI6MzUzNCwidXJsIjoiaHR0cHM6XC9cL2xlc21vbGVzLmNvbVwvd3AtY29udGVudFwvdXBsb2Fkc1wvMjAyMlwvMDRcL0NsYXVkaW9JYW5hdS0xMl9tZW51ZGEuanBnIn0%3D\">\n\t\t\t\t\t\t\t<img decoding=\"async\" width=\"1024\" height=\"683\" src=\"https:\/\/lesmoles.com\/wp-content\/uploads\/2022\/04\/ClaudioIanau-12_menuda-1024x683.jpg\" class=\"attachment-large size-large wp-image-3534\" alt=\"\" srcset=\"https:\/\/lesmoles.com\/wp-content\/uploads\/2022\/04\/ClaudioIanau-12_menuda-1024x683.jpg 1024w, https:\/\/lesmoles.com\/wp-content\/uploads\/2022\/04\/ClaudioIanau-12_menuda-300x200.jpg 300w, https:\/\/lesmoles.com\/wp-content\/uploads\/2022\/04\/ClaudioIanau-12_menuda-768x512.jpg 768w, https:\/\/lesmoles.com\/wp-content\/uploads\/2022\/04\/ClaudioIanau-12_menuda-1536x1024.jpg 1536w, https:\/\/lesmoles.com\/wp-content\/uploads\/2022\/04\/ClaudioIanau-12_menuda-2048x1366.jpg 2048w, https:\/\/lesmoles.com\/wp-content\/uploads\/2022\/04\/ClaudioIanau-12_menuda-600x400.jpg 600w\" sizes=\"(max-width: 1024px) 100vw, 1024px\" \/>\t\t\t\t\t\t\t\t<\/a>\n\t\t\t\t\t\t\t\t\t\t\t\t\t\t\t<\/div>\n\t\t\t\t<\/div>\n\t\t\t\t\t<\/div>\n\t\t<\/div>\n\t\t\t\t<div class=\"elementor-column elementor-col-50 elementor-top-column elementor-element elementor-element-4d742e9\" data-id=\"4d742e9\" data-element_type=\"column\">\n\t\t\t<div class=\"elementor-widget-wrap elementor-element-populated\">\n\t\t\t\t\t\t<div class=\"elementor-element elementor-element-280d9bb elementor-widget elementor-widget-heading\" data-id=\"280d9bb\" data-element_type=\"widget\" data-widget_type=\"heading.default\">\n\t\t\t\t<div class=\"elementor-widget-container\">\n\t\t\t\t\t<h2 class=\"elementor-heading-title elementor-size-default\">Carmen Sauch<\/h2>\t\t\t\t<\/div>\n\t\t\t\t<\/div>\n\t\t\t\t<div class=\"elementor-element elementor-element-1c4a76b elementor-widget elementor-widget-text-editor\" data-id=\"1c4a76b\" data-element_type=\"widget\" data-widget_type=\"text-editor.default\">\n\t\t\t\t<div class=\"elementor-widget-container\">\n\t\t\t\t\t\t\t\t\t<p>Apasionada de los vinos y muy detallista, ella es la encargada de cuidar la sala y la bodega del restaurante. Formada en la URV y con un incansable af\u00e1n de aprender y descubrir nuevos aromas y nuevas historias, Carmen ha sido capaz de dar un giro radical a nuestra bodega, a su carta de vinos y cavas, introduciendo progresivamente nuevas Denominaciones de Origen. A d\u00eda de hoy tenemos casi setenta, con cerca de cuatrocientas referencias nacionales e internacionales. Sin embargo, el mayor cambio no es la ampliaci\u00f3n de la bodega, sino el cambio de filosof\u00eda en la b\u00fasqueda y la adquisici\u00f3n de nuevas referencias. Vinos que se adaptan m\u00e1s a la cocina de Les Moles, vinos desconocidos pero con mucha historia, vinos novedosos y atrevidos.<br \/>En 2012, Les Moles se embarc\u00f3 en un nuevo proyecto capitaneado por Carmen: la elaboraci\u00f3n de vinos propios. Un blanco, un tinto, un crianza y el Carmen&#8217;S, un vino que lleva su nombre y su sello m\u00e1s personal; un vino de macabeo de vi\u00f1as viejas fermentado y criado durante ocho meses en barrica de roble franc\u00e9s nueva.<\/p>\t\t\t\t\t\t\t\t<\/div>\n\t\t\t\t<\/div>\n\t\t\t\t\t<\/div>\n\t\t<\/div>\n\t\t\t\t\t<\/div>\n\t\t<\/section>\n\t\t\t\t<section class=\"elementor-section elementor-top-section elementor-element elementor-element-ad4a9c4 elementor-hidden-mobile elementor-section-boxed elementor-section-height-default elementor-section-height-default\" data-id=\"ad4a9c4\" data-element_type=\"section\">\n\t\t\t\t\t\t<div class=\"elementor-container elementor-column-gap-no\">\n\t\t\t\t\t<div class=\"elementor-column elementor-col-100 elementor-top-column elementor-element elementor-element-dbc4b14\" data-id=\"dbc4b14\" data-element_type=\"column\" data-settings=\"{&quot;background_background&quot;:&quot;gradient&quot;}\">\n\t\t\t<div class=\"elementor-widget-wrap elementor-element-populated\">\n\t\t\t\t\t\t<section class=\"elementor-section elementor-inner-section elementor-element elementor-element-cd56eb7 elementor-section-full_width elementor-section-content-middle elementor-section-height-default elementor-section-height-default\" data-id=\"cd56eb7\" data-element_type=\"section\">\n\t\t\t\t\t\t<div class=\"elementor-container elementor-column-gap-default\">\n\t\t\t\t\t<div class=\"elementor-column elementor-col-50 elementor-inner-column elementor-element elementor-element-2a9c107\" data-id=\"2a9c107\" data-element_type=\"column\">\n\t\t\t<div class=\"elementor-widget-wrap elementor-element-populated\">\n\t\t\t\t\t\t<div class=\"elementor-element elementor-element-82dbcec elementor-invisible elementor-widget elementor-widget-heading\" data-id=\"82dbcec\" data-element_type=\"widget\" data-settings=\"{&quot;_animation&quot;:&quot;fadeIn&quot;}\" data-widget_type=\"heading.default\">\n\t\t\t\t<div class=\"elementor-widget-container\">\n\t\t\t\t\t<h2 class=\"elementor-heading-title elementor-size-default\">Pau Castell<\/h2>\t\t\t\t<\/div>\n\t\t\t\t<\/div>\n\t\t\t\t<div class=\"elementor-element elementor-element-ba44d82 elementor-invisible elementor-widget elementor-widget-text-editor\" data-id=\"ba44d82\" data-element_type=\"widget\" data-settings=\"{&quot;_animation&quot;:&quot;fadeIn&quot;}\" data-widget_type=\"text-editor.default\">\n\t\t\t\t<div class=\"elementor-widget-container\">\n\t\t\t\t\t\t\t\t\t<p>Pau es el mayor de los Castell Sauch. Criado entre fogones y cazuelas, despu\u00e9s de un intento a los quince a\u00f1os, decidi\u00f3 que no quer\u00eda dedicarse a la cocina. Encaminado ya hacia las ciencias econ\u00f3micas, a los 21 a\u00f1os descubri\u00f3 su fascinaci\u00f3n por la alta gastronom\u00eda. Mano derecha de su padre y segundo de cocina desde 2017, Pau ha hecho de stagier en restaurantes como DiverXo, Disfrutar, Azurmendi o Gasthof R\u00f6ssli (Suiza). En 2017 fue uno de los diez finalistas del concurso San Pellegrino Young Chef. En 2019 gan\u00f3 el segundo premio del concurso Chef Balfeg\u00f3 y, un a\u00f1o m\u00e1s tarde, en 2020, result\u00f3 ganador de la primera edici\u00f3n del Talentos Martiko.<\/p>\t\t\t\t\t\t\t\t<\/div>\n\t\t\t\t<\/div>\n\t\t\t\t\t<\/div>\n\t\t<\/div>\n\t\t\t\t<div class=\"elementor-column elementor-col-50 elementor-inner-column elementor-element elementor-element-44dfa6f\" data-id=\"44dfa6f\" data-element_type=\"column\">\n\t\t\t<div class=\"elementor-widget-wrap elementor-element-populated\">\n\t\t\t\t\t\t<div class=\"elementor-element elementor-element-266cebb elementor-invisible elementor-widget elementor-widget-image\" data-id=\"266cebb\" data-element_type=\"widget\" data-settings=\"{&quot;_animation&quot;:&quot;slideInRight&quot;}\" data-widget_type=\"image.default\">\n\t\t\t\t<div class=\"elementor-widget-container\">\n\t\t\t\t\t\t\t\t\t\t\t\t\t\t\t\t<a href=\"https:\/\/lesmoles.com\/wp-content\/uploads\/2021\/12\/equip_lesmoles_4.jpg\" data-elementor-open-lightbox=\"yes\" data-elementor-lightbox-title=\"equip_lesmoles_4\" data-e-action-hash=\"#elementor-action%3Aaction%3Dlightbox%26settings%3DeyJpZCI6MTA0NCwidXJsIjoiaHR0cHM6XC9cL2xlc21vbGVzLmNvbVwvd3AtY29udGVudFwvdXBsb2Fkc1wvMjAyMVwvMTJcL2VxdWlwX2xlc21vbGVzXzQuanBnIn0%3D\">\n\t\t\t\t\t\t\t<img loading=\"lazy\" decoding=\"async\" width=\"1024\" height=\"683\" src=\"https:\/\/lesmoles.com\/wp-content\/uploads\/2021\/12\/equip_lesmoles_4-1024x683.jpg\" class=\"attachment-large size-large wp-image-1044\" alt=\"\" srcset=\"https:\/\/lesmoles.com\/wp-content\/uploads\/2021\/12\/equip_lesmoles_4-1024x683.jpg 1024w, https:\/\/lesmoles.com\/wp-content\/uploads\/2021\/12\/equip_lesmoles_4-600x400.jpg 600w, https:\/\/lesmoles.com\/wp-content\/uploads\/2021\/12\/equip_lesmoles_4-300x200.jpg 300w, https:\/\/lesmoles.com\/wp-content\/uploads\/2021\/12\/equip_lesmoles_4-768x512.jpg 768w, https:\/\/lesmoles.com\/wp-content\/uploads\/2021\/12\/equip_lesmoles_4.jpg 1200w\" sizes=\"(max-width: 1024px) 100vw, 1024px\" \/>\t\t\t\t\t\t\t\t<\/a>\n\t\t\t\t\t\t\t\t\t\t\t\t\t\t\t<\/div>\n\t\t\t\t<\/div>\n\t\t\t\t\t<\/div>\n\t\t<\/div>\n\t\t\t\t\t<\/div>\n\t\t<\/section>\n\t\t\t\t\t<\/div>\n\t\t<\/div>\n\t\t\t\t\t<\/div>\n\t\t<\/section>\n\t\t\t\t<section class=\"elementor-section elementor-top-section elementor-element elementor-element-3d8873c elementor-hidden-desktop elementor-hidden-tablet elementor-section-boxed elementor-section-height-default elementor-section-height-default\" data-id=\"3d8873c\" data-element_type=\"section\">\n\t\t\t\t\t\t<div class=\"elementor-container elementor-column-gap-no\">\n\t\t\t\t\t<div class=\"elementor-column elementor-col-100 elementor-top-column elementor-element elementor-element-a95094f\" data-id=\"a95094f\" data-element_type=\"column\" data-settings=\"{&quot;background_background&quot;:&quot;classic&quot;}\">\n\t\t\t<div class=\"elementor-widget-wrap elementor-element-populated\">\n\t\t\t\t\t\t<section class=\"elementor-section elementor-inner-section elementor-element elementor-element-7bf011d elementor-section-full_width elementor-section-content-middle elementor-section-height-default elementor-section-height-default\" data-id=\"7bf011d\" data-element_type=\"section\">\n\t\t\t\t\t\t<div class=\"elementor-container elementor-column-gap-default\">\n\t\t\t\t\t<div class=\"elementor-column elementor-col-50 elementor-inner-column elementor-element elementor-element-5d14c51\" data-id=\"5d14c51\" data-element_type=\"column\">\n\t\t\t<div class=\"elementor-widget-wrap elementor-element-populated\">\n\t\t\t\t\t\t<div class=\"elementor-element elementor-element-cc41e3d elementor-invisible elementor-widget elementor-widget-heading\" data-id=\"cc41e3d\" data-element_type=\"widget\" data-settings=\"{&quot;_animation&quot;:&quot;fadeIn&quot;}\" data-widget_type=\"heading.default\">\n\t\t\t\t<div class=\"elementor-widget-container\">\n\t\t\t\t\t<h2 class=\"elementor-heading-title elementor-size-default\">Pau Castell<\/h2>\t\t\t\t<\/div>\n\t\t\t\t<\/div>\n\t\t\t\t<div class=\"elementor-element elementor-element-73fecbc elementor-invisible elementor-widget elementor-widget-text-editor\" data-id=\"73fecbc\" data-element_type=\"widget\" data-settings=\"{&quot;_animation&quot;:&quot;fadeIn&quot;}\" data-widget_type=\"text-editor.default\">\n\t\t\t\t<div class=\"elementor-widget-container\">\n\t\t\t\t\t\t\t\t\t<p>Pau \u00e9s el gran dels Castell Sauch. Criat entre fogons i cassoles, despr\u00e9s d\u2019un intent als quinze anys va decidir que no volia dedicar-se a la cuina. Ja encaminat cap a les ci\u00e8ncies econ\u00f2miques, als 21 anys va descobrir la seva fascinaci\u00f3 per l\u2019alta gastronomia. M\u00e0 dreta del seu pare i segond de cuina des del 2017, Pau ha fet de stagier a restaurants com DiverXo, Disfrutar, Azurmendi o Gasthof R\u00f6ssli (Su\u00efssa). L\u2019any 2017 va ser un dels deu finalistes del concurs San Pellegrino Young Chef. L\u2019any 2019 va guanyar el segon premi del concurs Chef Balfeg\u00f3 I, un any m\u00e9s tard, el 2020, va resultar guanyador de la primera edici\u00f3 del Talentos Martiko.<\/p>\t\t\t\t\t\t\t\t<\/div>\n\t\t\t\t<\/div>\n\t\t\t\t\t<\/div>\n\t\t<\/div>\n\t\t\t\t<div class=\"elementor-column elementor-col-50 elementor-inner-column elementor-element elementor-element-72ae5b9\" data-id=\"72ae5b9\" data-element_type=\"column\">\n\t\t\t<div class=\"elementor-widget-wrap elementor-element-populated\">\n\t\t\t\t\t\t<div class=\"elementor-element elementor-element-503368a elementor-invisible elementor-widget elementor-widget-image\" data-id=\"503368a\" data-element_type=\"widget\" data-settings=\"{&quot;_animation&quot;:&quot;slideInRight&quot;}\" data-widget_type=\"image.default\">\n\t\t\t\t<div class=\"elementor-widget-container\">\n\t\t\t\t\t\t\t\t\t\t\t\t\t\t\t\t<a href=\"https:\/\/lesmoles.com\/wp-content\/uploads\/2021\/12\/equip_lesmoles_4.jpg\" data-elementor-open-lightbox=\"yes\" data-elementor-lightbox-title=\"equip_lesmoles_4\" data-e-action-hash=\"#elementor-action%3Aaction%3Dlightbox%26settings%3DeyJpZCI6MTA0NCwidXJsIjoiaHR0cHM6XC9cL2xlc21vbGVzLmNvbVwvd3AtY29udGVudFwvdXBsb2Fkc1wvMjAyMVwvMTJcL2VxdWlwX2xlc21vbGVzXzQuanBnIn0%3D\">\n\t\t\t\t\t\t\t<img loading=\"lazy\" decoding=\"async\" width=\"1024\" height=\"683\" src=\"https:\/\/lesmoles.com\/wp-content\/uploads\/2021\/12\/equip_lesmoles_4-1024x683.jpg\" class=\"attachment-large size-large wp-image-1044\" alt=\"\" srcset=\"https:\/\/lesmoles.com\/wp-content\/uploads\/2021\/12\/equip_lesmoles_4-1024x683.jpg 1024w, https:\/\/lesmoles.com\/wp-content\/uploads\/2021\/12\/equip_lesmoles_4-600x400.jpg 600w, https:\/\/lesmoles.com\/wp-content\/uploads\/2021\/12\/equip_lesmoles_4-300x200.jpg 300w, https:\/\/lesmoles.com\/wp-content\/uploads\/2021\/12\/equip_lesmoles_4-768x512.jpg 768w, https:\/\/lesmoles.com\/wp-content\/uploads\/2021\/12\/equip_lesmoles_4.jpg 1200w\" sizes=\"(max-width: 1024px) 100vw, 1024px\" \/>\t\t\t\t\t\t\t\t<\/a>\n\t\t\t\t\t\t\t\t\t\t\t\t\t\t\t<\/div>\n\t\t\t\t<\/div>\n\t\t\t\t\t<\/div>\n\t\t<\/div>\n\t\t\t\t\t<\/div>\n\t\t<\/section>\n\t\t\t\t\t<\/div>\n\t\t<\/div>\n\t\t\t\t\t<\/div>\n\t\t<\/section>\n\t\t\t\t<section class=\"elementor-section elementor-top-section elementor-element elementor-element-1093650 elementor-section-content-middle elementor-reverse-mobile elementor-section-boxed elementor-section-height-default elementor-section-height-default\" data-id=\"1093650\" data-element_type=\"section\">\n\t\t\t\t\t\t<div class=\"elementor-container elementor-column-gap-no\">\n\t\t\t\t\t<div class=\"elementor-column elementor-col-50 elementor-top-column elementor-element elementor-element-beb4be2\" data-id=\"beb4be2\" data-element_type=\"column\">\n\t\t\t<div class=\"elementor-widget-wrap elementor-element-populated\">\n\t\t\t\t\t\t<div class=\"elementor-element elementor-element-c83308c elementor-invisible elementor-widget elementor-widget-image\" data-id=\"c83308c\" data-element_type=\"widget\" data-settings=\"{&quot;_animation&quot;:&quot;slideInLeft&quot;}\" data-widget_type=\"image.default\">\n\t\t\t\t<div class=\"elementor-widget-container\">\n\t\t\t\t\t\t\t\t\t\t\t\t\t\t\t\t<a href=\"https:\/\/lesmoles.com\/wp-content\/uploads\/2022\/08\/Roger-Castell.jpg\" data-elementor-open-lightbox=\"yes\" data-elementor-lightbox-title=\"Roger Castell\" data-e-action-hash=\"#elementor-action%3Aaction%3Dlightbox%26settings%3DeyJpZCI6NDQzNSwidXJsIjoiaHR0cHM6XC9cL2xlc21vbGVzLmNvbVwvd3AtY29udGVudFwvdXBsb2Fkc1wvMjAyMlwvMDhcL1JvZ2VyLUNhc3RlbGwuanBnIn0%3D\">\n\t\t\t\t\t\t\t<img loading=\"lazy\" decoding=\"async\" width=\"1024\" height=\"683\" src=\"https:\/\/lesmoles.com\/wp-content\/uploads\/2022\/08\/Roger-Castell-1024x683.jpg\" class=\"attachment-large size-large wp-image-4435\" alt=\"\" srcset=\"https:\/\/lesmoles.com\/wp-content\/uploads\/2022\/08\/Roger-Castell-1024x683.jpg 1024w, https:\/\/lesmoles.com\/wp-content\/uploads\/2022\/08\/Roger-Castell-300x200.jpg 300w, https:\/\/lesmoles.com\/wp-content\/uploads\/2022\/08\/Roger-Castell-768x512.jpg 768w, https:\/\/lesmoles.com\/wp-content\/uploads\/2022\/08\/Roger-Castell-600x400.jpg 600w, https:\/\/lesmoles.com\/wp-content\/uploads\/2022\/08\/Roger-Castell.jpg 1500w\" sizes=\"(max-width: 1024px) 100vw, 1024px\" \/>\t\t\t\t\t\t\t\t<\/a>\n\t\t\t\t\t\t\t\t\t\t\t\t\t\t\t<\/div>\n\t\t\t\t<\/div>\n\t\t\t\t\t<\/div>\n\t\t<\/div>\n\t\t\t\t<div class=\"elementor-column elementor-col-50 elementor-top-column elementor-element elementor-element-dc5c3d5\" data-id=\"dc5c3d5\" data-element_type=\"column\">\n\t\t\t<div class=\"elementor-widget-wrap elementor-element-populated\">\n\t\t\t\t\t\t<div class=\"elementor-element elementor-element-221dea6 elementor-widget elementor-widget-heading\" data-id=\"221dea6\" data-element_type=\"widget\" data-widget_type=\"heading.default\">\n\t\t\t\t<div class=\"elementor-widget-container\">\n\t\t\t\t\t<h2 class=\"elementor-heading-title elementor-size-default\">Roger Castell<\/h2>\t\t\t\t<\/div>\n\t\t\t\t<\/div>\n\t\t\t\t<div class=\"elementor-element elementor-element-eadeb42 elementor-widget elementor-widget-text-editor\" data-id=\"eadeb42\" data-element_type=\"widget\" data-widget_type=\"text-editor.default\">\n\t\t\t\t<div class=\"elementor-widget-container\">\n\t\t\t\t\t\t\t\t\t<p>Roger, el peque\u00f1o de casa, se ha ido incorporando progresivamente a la gran familia que es Les Moles. Mientras encamina su futuro ha ido asumiendo cada vez m\u00e1s funciones y actualmente aprende los entramados de la sala de la mano de Carmen.<\/p>\t\t\t\t\t\t\t\t<\/div>\n\t\t\t\t<\/div>\n\t\t\t\t\t<\/div>\n\t\t<\/div>\n\t\t\t\t\t<\/div>\n\t\t<\/section>\n\t\t\t\t<section class=\"elementor-section elementor-top-section elementor-element elementor-element-d26def5 elementor-section-boxed elementor-section-height-default elementor-section-height-default\" data-id=\"d26def5\" data-element_type=\"section\">\n\t\t\t\t\t\t<div class=\"elementor-container elementor-column-gap-no\">\n\t\t\t\t\t<div class=\"elementor-column elementor-col-100 elementor-top-column elementor-element elementor-element-0bed18f\" data-id=\"0bed18f\" data-element_type=\"column\" data-settings=\"{&quot;background_background&quot;:&quot;gradient&quot;}\">\n\t\t\t<div class=\"elementor-widget-wrap elementor-element-populated\">\n\t\t\t\t\t\t<section class=\"elementor-section elementor-inner-section elementor-element elementor-element-ee6fae6 elementor-section-full_width elementor-section-content-middle elementor-section-height-default elementor-section-height-default\" data-id=\"ee6fae6\" data-element_type=\"section\">\n\t\t\t\t\t\t<div class=\"elementor-container elementor-column-gap-default\">\n\t\t\t\t\t<div class=\"elementor-column elementor-col-50 elementor-inner-column elementor-element elementor-element-c6707c4\" data-id=\"c6707c4\" data-element_type=\"column\" data-settings=\"{&quot;background_background&quot;:&quot;classic&quot;}\">\n\t\t\t<div class=\"elementor-widget-wrap elementor-element-populated\">\n\t\t\t\t\t\t<div class=\"elementor-element elementor-element-baf7812 elementor-invisible elementor-widget elementor-widget-heading\" data-id=\"baf7812\" data-element_type=\"widget\" data-settings=\"{&quot;_animation&quot;:&quot;fadeIn&quot;}\" data-widget_type=\"heading.default\">\n\t\t\t\t<div class=\"elementor-widget-container\">\n\t\t\t\t\t<h2 class=\"elementor-heading-title elementor-size-default\">El equipo de cocina<\/h2>\t\t\t\t<\/div>\n\t\t\t\t<\/div>\n\t\t\t\t<div class=\"elementor-element elementor-element-8cc8cfe elementor-invisible elementor-widget elementor-widget-text-editor\" data-id=\"8cc8cfe\" data-element_type=\"widget\" data-settings=\"{&quot;_animation&quot;:&quot;fadeIn&quot;}\" data-widget_type=\"text-editor.default\">\n\t\t\t\t<div class=\"elementor-widget-container\">\n\t\t\t\t\t\t\t\t\t<p>En Les Moles tenemos la suerte de contar con una formaci\u00f3n muy heterog\u00e9nea y plural de personas que nos ayudan a crecer cada d\u00eda. Algunas llevan m\u00e1s de veinte a\u00f1os en nuestra cocina, como es el caso de Tina, que fue la mano derecha de Jer\u00f3nimo durante los primeros a\u00f1os de crecimiento del restaurante. Pero tambi\u00e9n contamos con gente joven con mucho esp\u00edritu de superaci\u00f3n y personas en formaci\u00f3n que configuran un equipo muy implicado y cohesionado.<br \/>\u00ab<em>La historia de Les Moles se hubiera escrito de otra manera sin Tina<\/em>\u00ab.<br \/>Jeroni Castell<\/p>\t\t\t\t\t\t\t\t<\/div>\n\t\t\t\t<\/div>\n\t\t\t\t<div class=\"elementor-element elementor-element-c266075 elementor-hidden-desktop elementor-hidden-tablet elementor-invisible elementor-widget elementor-widget-image\" data-id=\"c266075\" data-element_type=\"widget\" data-settings=\"{&quot;_animation&quot;:&quot;slideInRight&quot;}\" data-widget_type=\"image.default\">\n\t\t\t\t<div class=\"elementor-widget-container\">\n\t\t\t\t\t\t\t\t\t\t\t\t\t\t\t\t<a href=\"https:\/\/lesmoles.com\/wp-content\/uploads\/2021\/12\/equip_lesmoles_6.jpg\" data-elementor-open-lightbox=\"yes\" data-elementor-lightbox-title=\"equip_lesmoles_6\" data-e-action-hash=\"#elementor-action%3Aaction%3Dlightbox%26settings%3DeyJpZCI6MTA0OCwidXJsIjoiaHR0cHM6XC9cL2xlc21vbGVzLmNvbVwvd3AtY29udGVudFwvdXBsb2Fkc1wvMjAyMVwvMTJcL2VxdWlwX2xlc21vbGVzXzYuanBnIn0%3D\">\n\t\t\t\t\t\t\t<img loading=\"lazy\" decoding=\"async\" width=\"1024\" height=\"683\" src=\"https:\/\/lesmoles.com\/wp-content\/uploads\/2021\/12\/equip_lesmoles_6-1024x683.jpg\" class=\"attachment-large size-large wp-image-1048\" alt=\"\" srcset=\"https:\/\/lesmoles.com\/wp-content\/uploads\/2021\/12\/equip_lesmoles_6-1024x683.jpg 1024w, https:\/\/lesmoles.com\/wp-content\/uploads\/2021\/12\/equip_lesmoles_6-600x400.jpg 600w, https:\/\/lesmoles.com\/wp-content\/uploads\/2021\/12\/equip_lesmoles_6-300x200.jpg 300w, https:\/\/lesmoles.com\/wp-content\/uploads\/2021\/12\/equip_lesmoles_6-768x512.jpg 768w, https:\/\/lesmoles.com\/wp-content\/uploads\/2021\/12\/equip_lesmoles_6.jpg 1200w\" sizes=\"(max-width: 1024px) 100vw, 1024px\" \/>\t\t\t\t\t\t\t\t<\/a>\n\t\t\t\t\t\t\t\t\t\t\t\t\t\t\t<\/div>\n\t\t\t\t<\/div>\n\t\t\t\t\t<\/div>\n\t\t<\/div>\n\t\t\t\t<div class=\"elementor-column elementor-col-50 elementor-inner-column elementor-element elementor-element-e02739a elementor-hidden-mobile\" data-id=\"e02739a\" data-element_type=\"column\">\n\t\t\t<div class=\"elementor-widget-wrap elementor-element-populated\">\n\t\t\t\t\t\t<div class=\"elementor-element elementor-element-b77ee37 elementor-invisible elementor-widget elementor-widget-image\" data-id=\"b77ee37\" data-element_type=\"widget\" data-settings=\"{&quot;_animation&quot;:&quot;slideInRight&quot;}\" data-widget_type=\"image.default\">\n\t\t\t\t<div class=\"elementor-widget-container\">\n\t\t\t\t\t\t\t\t\t\t\t\t\t\t\t\t<a href=\"https:\/\/lesmoles.com\/wp-content\/uploads\/2022\/08\/La-cuina-de-Les-Moles-2.jpg\" data-elementor-open-lightbox=\"yes\" data-elementor-lightbox-title=\"La cuina de Les Moles\" data-e-action-hash=\"#elementor-action%3Aaction%3Dlightbox%26settings%3DeyJpZCI6NDI2MiwidXJsIjoiaHR0cHM6XC9cL2xlc21vbGVzLmNvbVwvd3AtY29udGVudFwvdXBsb2Fkc1wvMjAyMlwvMDhcL0xhLWN1aW5hLWRlLUxlcy1Nb2xlcy0yLmpwZyJ9\">\n\t\t\t\t\t\t\t<img loading=\"lazy\" decoding=\"async\" width=\"1024\" height=\"694\" src=\"https:\/\/lesmoles.com\/wp-content\/uploads\/2022\/08\/La-cuina-de-Les-Moles-2-1024x694.jpg\" class=\"attachment-large size-large wp-image-4262\" alt=\"\" srcset=\"https:\/\/lesmoles.com\/wp-content\/uploads\/2022\/08\/La-cuina-de-Les-Moles-2-1024x694.jpg 1024w, https:\/\/lesmoles.com\/wp-content\/uploads\/2022\/08\/La-cuina-de-Les-Moles-2-300x203.jpg 300w, https:\/\/lesmoles.com\/wp-content\/uploads\/2022\/08\/La-cuina-de-Les-Moles-2-768x520.jpg 768w, https:\/\/lesmoles.com\/wp-content\/uploads\/2022\/08\/La-cuina-de-Les-Moles-2-1536x1041.jpg 1536w, https:\/\/lesmoles.com\/wp-content\/uploads\/2022\/08\/La-cuina-de-Les-Moles-2-2048x1388.jpg 2048w, https:\/\/lesmoles.com\/wp-content\/uploads\/2022\/08\/La-cuina-de-Les-Moles-2-600x407.jpg 600w\" sizes=\"(max-width: 1024px) 100vw, 1024px\" \/>\t\t\t\t\t\t\t\t<\/a>\n\t\t\t\t\t\t\t\t\t\t\t\t\t\t\t<\/div>\n\t\t\t\t<\/div>\n\t\t\t\t\t<\/div>\n\t\t<\/div>\n\t\t\t\t\t<\/div>\n\t\t<\/section>\n\t\t\t\t\t<\/div>\n\t\t<\/div>\n\t\t\t\t\t<\/div>\n\t\t<\/section>\n\t\t\t\t<section class=\"elementor-section elementor-top-section elementor-element elementor-element-b95cda9 elementor-section-content-middle elementor-reverse-mobile elementor-section-boxed elementor-section-height-default elementor-section-height-default\" data-id=\"b95cda9\" data-element_type=\"section\">\n\t\t\t\t\t\t<div class=\"elementor-container elementor-column-gap-no\">\n\t\t\t\t\t<div class=\"elementor-column elementor-col-50 elementor-top-column elementor-element elementor-element-0d1759f\" data-id=\"0d1759f\" data-element_type=\"column\">\n\t\t\t<div class=\"elementor-widget-wrap elementor-element-populated\">\n\t\t\t\t\t\t<div class=\"elementor-element elementor-element-7b2fe59 elementor-invisible elementor-widget elementor-widget-image\" data-id=\"7b2fe59\" data-element_type=\"widget\" data-settings=\"{&quot;_animation&quot;:&quot;slideInLeft&quot;}\" data-widget_type=\"image.default\">\n\t\t\t\t<div class=\"elementor-widget-container\">\n\t\t\t\t\t\t\t\t\t\t\t\t\t\t\t\t<a href=\"https:\/\/lesmoles.com\/wp-content\/uploads\/2022\/08\/Equip-de-sala.jpg\" data-elementor-open-lightbox=\"yes\" data-elementor-lightbox-title=\"Equip de sala\" data-e-action-hash=\"#elementor-action%3Aaction%3Dlightbox%26settings%3DeyJpZCI6NDQxMiwidXJsIjoiaHR0cHM6XC9cL2xlc21vbGVzLmNvbVwvd3AtY29udGVudFwvdXBsb2Fkc1wvMjAyMlwvMDhcL0VxdWlwLWRlLXNhbGEuanBnIn0%3D\">\n\t\t\t\t\t\t\t<img loading=\"lazy\" decoding=\"async\" width=\"1024\" height=\"663\" src=\"https:\/\/lesmoles.com\/wp-content\/uploads\/2022\/08\/Equip-de-sala-1024x663.jpg\" class=\"attachment-large size-large wp-image-4412\" alt=\"\" srcset=\"https:\/\/lesmoles.com\/wp-content\/uploads\/2022\/08\/Equip-de-sala-1024x663.jpg 1024w, https:\/\/lesmoles.com\/wp-content\/uploads\/2022\/08\/Equip-de-sala-300x194.jpg 300w, https:\/\/lesmoles.com\/wp-content\/uploads\/2022\/08\/Equip-de-sala-768x497.jpg 768w, https:\/\/lesmoles.com\/wp-content\/uploads\/2022\/08\/Equip-de-sala-1536x995.jpg 1536w, https:\/\/lesmoles.com\/wp-content\/uploads\/2022\/08\/Equip-de-sala-600x389.jpg 600w, https:\/\/lesmoles.com\/wp-content\/uploads\/2022\/08\/Equip-de-sala.jpg 2000w\" sizes=\"(max-width: 1024px) 100vw, 1024px\" \/>\t\t\t\t\t\t\t\t<\/a>\n\t\t\t\t\t\t\t\t\t\t\t\t\t\t\t<\/div>\n\t\t\t\t<\/div>\n\t\t\t\t\t<\/div>\n\t\t<\/div>\n\t\t\t\t<div class=\"elementor-column elementor-col-50 elementor-top-column elementor-element elementor-element-d675634\" data-id=\"d675634\" data-element_type=\"column\">\n\t\t\t<div class=\"elementor-widget-wrap elementor-element-populated\">\n\t\t\t\t\t\t<div class=\"elementor-element elementor-element-178d757 elementor-widget elementor-widget-heading\" data-id=\"178d757\" data-element_type=\"widget\" data-widget_type=\"heading.default\">\n\t\t\t\t<div class=\"elementor-widget-container\">\n\t\t\t\t\t<h2 class=\"elementor-heading-title elementor-size-default\">El equipo de sala<\/h2>\t\t\t\t<\/div>\n\t\t\t\t<\/div>\n\t\t\t\t<div class=\"elementor-element elementor-element-e683aa4 elementor-widget elementor-widget-text-editor\" data-id=\"e683aa4\" data-element_type=\"widget\" data-widget_type=\"text-editor.default\">\n\t\t\t\t<div class=\"elementor-widget-container\">\n\t\t\t\t\t\t\t\t\t<p>En sala tambi\u00e9n contamos con un gran equipo de personas muy comprometidas con su gran responsabilidad y que, en algunos casos, nos acompa\u00f1an desde hace muchos a\u00f1os en este camino que recorremos juntos d\u00eda a d\u00eda.<\/p>\t\t\t\t\t\t\t\t<\/div>\n\t\t\t\t<\/div>\n\t\t\t\t\t<\/div>\n\t\t<\/div>\n\t\t\t\t\t<\/div>\n\t\t<\/section>\n\t\t\t\t<\/div>\n\t\t","protected":false},"excerpt":{"rendered":"<p>El equipo humano de Les Moles es uno de los puntales de esta casa. Primero Jeroni, despu\u00e9s Carmen, ahora tambi\u00e9n Pau y Roger y todas y todos los compa\u00f1eros de cocina y sala han hecho crecer a nuestro restaurante. Jeroni Castell Propietario junto a su esposa Carmen y chef del restaurante Les Moles, Jeroni descubri\u00f3 [&hellip;]<\/p>\n","protected":false},"author":4,"featured_media":0,"parent":1267,"menu_order":0,"comment_status":"closed","ping_status":"closed","template":"","meta":{"_acf_changed":false,"site-sidebar-layout":"no-sidebar","site-content-layout":"page-builder","ast-site-content-layout":"","site-content-style":"default","site-sidebar-style":"default","ast-global-header-display":"","ast-banner-title-visibility":"","ast-main-header-display":"","ast-hfb-above-header-display":"","ast-hfb-below-header-display":"","ast-hfb-mobile-header-display":"","site-post-title":"disabled","ast-breadcrumbs-content":"","ast-featured-img":"disabled","footer-sml-layout":"","theme-transparent-header-meta":"","adv-header-id-meta":"","stick-header-meta":"","header-above-stick-meta":"","header-main-stick-meta":"","header-below-stick-meta":"","astra-migrate-meta-layouts":"default","ast-page-background-enabled":"default","ast-page-background-meta":{"desktop":{"background-color":"var(--ast-global-color-4)","background-image":"","background-repeat":"repeat","background-position":"center center","background-size":"auto","background-attachment":"scroll","background-type":"","background-media":"","overlay-type":"","overlay-color":"","overlay-opacity":"","overlay-gradient":""},"tablet":{"background-color":"","background-image":"","background-repeat":"repeat","background-position":"center center","background-size":"auto","background-attachment":"scroll","background-type":"","background-media":"","overlay-type":"","overlay-color":"","overlay-opacity":"","overlay-gradient":""},"mobile":{"background-color":"","background-image":"","background-repeat":"repeat","background-position":"center center","background-size":"auto","background-attachment":"scroll","background-type":"","background-media":"","overlay-type":"","overlay-color":"","overlay-opacity":"","overlay-gradient":""}},"ast-content-background-meta":{"desktop":{"background-color":"var(--ast-global-color-5)","background-image":"","background-repeat":"repeat","background-position":"center center","background-size":"auto","background-attachment":"scroll","background-type":"","background-media":"","overlay-type":"","overlay-color":"","overlay-opacity":"","overlay-gradient":""},"tablet":{"background-color":"var(--ast-global-color-5)","background-image":"","background-repeat":"repeat","background-position":"center center","background-size":"auto","background-attachment":"scroll","background-type":"","background-media":"","overlay-type":"","overlay-color":"","overlay-opacity":"","overlay-gradient":""},"mobile":{"background-color":"var(--ast-global-color-5)","background-image":"","background-repeat":"repeat","background-position":"center center","background-size":"auto","background-attachment":"scroll","background-type":"","background-media":"","overlay-type":"","overlay-color":"","overlay-opacity":"","overlay-gradient":""}},"footnotes":""},"class_list":["post-1285","page","type-page","status-publish","hentry"],"acf":[],"yoast_head":"<!-- This site is optimized with the Yoast SEO plugin v26.6 - https:\/\/yoast.com\/wordpress\/plugins\/seo\/ -->\n<title>El equipo - Les Moles<\/title>\n<meta name=\"description\" content=\"El equipo humano de Les Moles es uno de los puntales de esta casa. Primero Jeroni, despu\u00e9s Carmen, ahora tambi\u00e9n Pau y Roger y todas y todos los compa\u00f1eros de cocina.\" \/>\n<meta name=\"robots\" content=\"index, follow, max-snippet:-1, max-image-preview:large, max-video-preview:-1\" \/>\n<link rel=\"canonical\" href=\"https:\/\/lesmoles.com\/es\/restaurant-2\/lequip\/\" \/>\n<meta property=\"og:locale\" content=\"es_ES\" \/>\n<meta property=\"og:type\" content=\"article\" \/>\n<meta property=\"og:title\" content=\"El equipo - Les Moles\" \/>\n<meta property=\"og:description\" content=\"El equipo humano de Les Moles es uno de los puntales de esta casa. Primero Jeroni, despu\u00e9s Carmen, ahora tambi\u00e9n Pau y Roger y todas y todos los compa\u00f1eros de cocina.\" \/>\n<meta property=\"og:url\" content=\"https:\/\/lesmoles.com\/es\/restaurant-2\/lequip\/\" \/>\n<meta property=\"og:site_name\" content=\"Les Moles\" \/>\n<meta property=\"article:modified_time\" content=\"2022-09-14T10:34:05+00:00\" \/>\n<meta property=\"og:image\" content=\"https:\/\/lesmoles.com\/wp-content\/uploads\/2021\/12\/equip_lesmoles_2-1024x695.jpg\" \/>\n<meta name=\"twitter:card\" content=\"summary_large_image\" \/>\n<meta name=\"twitter:label1\" content=\"Tiempo de lectura\" \/>\n\t<meta name=\"twitter:data1\" content=\"6 minutos\" \/>\n<script type=\"application\/ld+json\" class=\"yoast-schema-graph\">{\"@context\":\"https:\/\/schema.org\",\"@graph\":[{\"@type\":\"WebPage\",\"@id\":\"https:\/\/lesmoles.com\/es\/restaurant-2\/lequip\/\",\"url\":\"https:\/\/lesmoles.com\/es\/restaurant-2\/lequip\/\",\"name\":\"El equipo - Les Moles\",\"isPartOf\":{\"@id\":\"https:\/\/lesmoles.com\/#website\"},\"primaryImageOfPage\":{\"@id\":\"https:\/\/lesmoles.com\/es\/restaurant-2\/lequip\/#primaryimage\"},\"image\":{\"@id\":\"https:\/\/lesmoles.com\/es\/restaurant-2\/lequip\/#primaryimage\"},\"thumbnailUrl\":\"https:\/\/lesmoles.com\/wp-content\/uploads\/2021\/12\/equip_lesmoles_2-1024x695.jpg\",\"datePublished\":\"2021-12-28T17:57:22+00:00\",\"dateModified\":\"2022-09-14T10:34:05+00:00\",\"description\":\"El equipo humano de Les Moles es uno de los puntales de esta casa. Primero Jeroni, despu\u00e9s Carmen, ahora tambi\u00e9n Pau y Roger y todas y todos los compa\u00f1eros de cocina.\",\"breadcrumb\":{\"@id\":\"https:\/\/lesmoles.com\/es\/restaurant-2\/lequip\/#breadcrumb\"},\"inLanguage\":\"es\",\"potentialAction\":[{\"@type\":\"ReadAction\",\"target\":[\"https:\/\/lesmoles.com\/es\/restaurant-2\/lequip\/\"]}]},{\"@type\":\"ImageObject\",\"inLanguage\":\"es\",\"@id\":\"https:\/\/lesmoles.com\/es\/restaurant-2\/lequip\/#primaryimage\",\"url\":\"https:\/\/lesmoles.com\/wp-content\/uploads\/2021\/12\/equip_lesmoles_2-1024x695.jpg\",\"contentUrl\":\"https:\/\/lesmoles.com\/wp-content\/uploads\/2021\/12\/equip_lesmoles_2-1024x695.jpg\"},{\"@type\":\"BreadcrumbList\",\"@id\":\"https:\/\/lesmoles.com\/es\/restaurant-2\/lequip\/#breadcrumb\",\"itemListElement\":[{\"@type\":\"ListItem\",\"position\":1,\"name\":\"Inici\",\"item\":\"https:\/\/lesmoles.com\/es\/\"},{\"@type\":\"ListItem\",\"position\":2,\"name\":\"Restaurante\",\"item\":\"https:\/\/lesmoles.com\/es\/restaurant-2\/\"},{\"@type\":\"ListItem\",\"position\":3,\"name\":\"El equipo\"}]},{\"@type\":\"WebSite\",\"@id\":\"https:\/\/lesmoles.com\/#website\",\"url\":\"https:\/\/lesmoles.com\/\",\"name\":\"Les Moles\",\"description\":\"Restaurante les Moles en Tarragona, Ulldecona Ctra. La S\u00e9nia, Km. 2. Ofreceros una experiencia gastron\u00f3mica \u00fanica..\",\"publisher\":{\"@id\":\"https:\/\/lesmoles.com\/#organization\"},\"potentialAction\":[{\"@type\":\"SearchAction\",\"target\":{\"@type\":\"EntryPoint\",\"urlTemplate\":\"https:\/\/lesmoles.com\/?s={search_term_string}\"},\"query-input\":{\"@type\":\"PropertyValueSpecification\",\"valueRequired\":true,\"valueName\":\"search_term_string\"}}],\"inLanguage\":\"es\"},{\"@type\":\"Organization\",\"@id\":\"https:\/\/lesmoles.com\/#organization\",\"name\":\"Les Moles\",\"url\":\"https:\/\/lesmoles.com\/\",\"logo\":{\"@type\":\"ImageObject\",\"inLanguage\":\"es\",\"@id\":\"https:\/\/lesmoles.com\/#\/schema\/logo\/image\/\",\"url\":\"https:\/\/lesmoles.com\/wp-content\/uploads\/2021\/12\/cropped-Les-Moles-Restaurant_transparent.png\",\"contentUrl\":\"https:\/\/lesmoles.com\/wp-content\/uploads\/2021\/12\/cropped-Les-Moles-Restaurant_transparent.png\",\"width\":512,\"height\":512,\"caption\":\"Les Moles\"},\"image\":{\"@id\":\"https:\/\/lesmoles.com\/#\/schema\/logo\/image\/\"}}]}<\/script>\n<!-- \/ Yoast SEO plugin. -->","yoast_head_json":{"title":"El equipo - Les Moles","description":"El equipo humano de Les Moles es uno de los puntales de esta casa. Primero Jeroni, despu\u00e9s Carmen, ahora tambi\u00e9n Pau y Roger y todas y todos los compa\u00f1eros de cocina.","robots":{"index":"index","follow":"follow","max-snippet":"max-snippet:-1","max-image-preview":"max-image-preview:large","max-video-preview":"max-video-preview:-1"},"canonical":"https:\/\/lesmoles.com\/es\/restaurant-2\/lequip\/","og_locale":"es_ES","og_type":"article","og_title":"El equipo - Les Moles","og_description":"El equipo humano de Les Moles es uno de los puntales de esta casa. Primero Jeroni, despu\u00e9s Carmen, ahora tambi\u00e9n Pau y Roger y todas y todos los compa\u00f1eros de cocina.","og_url":"https:\/\/lesmoles.com\/es\/restaurant-2\/lequip\/","og_site_name":"Les Moles","article_modified_time":"2022-09-14T10:34:05+00:00","og_image":[{"url":"https:\/\/lesmoles.com\/wp-content\/uploads\/2021\/12\/equip_lesmoles_2-1024x695.jpg","type":"","width":"","height":""}],"twitter_card":"summary_large_image","twitter_misc":{"Tiempo de lectura":"6 minutos"},"schema":{"@context":"https:\/\/schema.org","@graph":[{"@type":"WebPage","@id":"https:\/\/lesmoles.com\/es\/restaurant-2\/lequip\/","url":"https:\/\/lesmoles.com\/es\/restaurant-2\/lequip\/","name":"El equipo - Les Moles","isPartOf":{"@id":"https:\/\/lesmoles.com\/#website"},"primaryImageOfPage":{"@id":"https:\/\/lesmoles.com\/es\/restaurant-2\/lequip\/#primaryimage"},"image":{"@id":"https:\/\/lesmoles.com\/es\/restaurant-2\/lequip\/#primaryimage"},"thumbnailUrl":"https:\/\/lesmoles.com\/wp-content\/uploads\/2021\/12\/equip_lesmoles_2-1024x695.jpg","datePublished":"2021-12-28T17:57:22+00:00","dateModified":"2022-09-14T10:34:05+00:00","description":"El equipo humano de Les Moles es uno de los puntales de esta casa. Primero Jeroni, despu\u00e9s Carmen, ahora tambi\u00e9n Pau y Roger y todas y todos los compa\u00f1eros de cocina.","breadcrumb":{"@id":"https:\/\/lesmoles.com\/es\/restaurant-2\/lequip\/#breadcrumb"},"inLanguage":"es","potentialAction":[{"@type":"ReadAction","target":["https:\/\/lesmoles.com\/es\/restaurant-2\/lequip\/"]}]},{"@type":"ImageObject","inLanguage":"es","@id":"https:\/\/lesmoles.com\/es\/restaurant-2\/lequip\/#primaryimage","url":"https:\/\/lesmoles.com\/wp-content\/uploads\/2021\/12\/equip_lesmoles_2-1024x695.jpg","contentUrl":"https:\/\/lesmoles.com\/wp-content\/uploads\/2021\/12\/equip_lesmoles_2-1024x695.jpg"},{"@type":"BreadcrumbList","@id":"https:\/\/lesmoles.com\/es\/restaurant-2\/lequip\/#breadcrumb","itemListElement":[{"@type":"ListItem","position":1,"name":"Inici","item":"https:\/\/lesmoles.com\/es\/"},{"@type":"ListItem","position":2,"name":"Restaurante","item":"https:\/\/lesmoles.com\/es\/restaurant-2\/"},{"@type":"ListItem","position":3,"name":"El equipo"}]},{"@type":"WebSite","@id":"https:\/\/lesmoles.com\/#website","url":"https:\/\/lesmoles.com\/","name":"Les Moles","description":"Restaurante les Moles en Tarragona, Ulldecona Ctra. La S\u00e9nia, Km. 2. Ofreceros una experiencia gastron\u00f3mica \u00fanica..","publisher":{"@id":"https:\/\/lesmoles.com\/#organization"},"potentialAction":[{"@type":"SearchAction","target":{"@type":"EntryPoint","urlTemplate":"https:\/\/lesmoles.com\/?s={search_term_string}"},"query-input":{"@type":"PropertyValueSpecification","valueRequired":true,"valueName":"search_term_string"}}],"inLanguage":"es"},{"@type":"Organization","@id":"https:\/\/lesmoles.com\/#organization","name":"Les Moles","url":"https:\/\/lesmoles.com\/","logo":{"@type":"ImageObject","inLanguage":"es","@id":"https:\/\/lesmoles.com\/#\/schema\/logo\/image\/","url":"https:\/\/lesmoles.com\/wp-content\/uploads\/2021\/12\/cropped-Les-Moles-Restaurant_transparent.png","contentUrl":"https:\/\/lesmoles.com\/wp-content\/uploads\/2021\/12\/cropped-Les-Moles-Restaurant_transparent.png","width":512,"height":512,"caption":"Les Moles"},"image":{"@id":"https:\/\/lesmoles.com\/#\/schema\/logo\/image\/"}}]}},"publishpress_future_action":{"enabled":false,"date":"2026-05-10 15:37:02","action":"change-status","newStatus":"draft","terms":[],"taxonomy":"translation_priority","extraData":[]},"publishpress_future_workflow_manual_trigger":{"enabledWorkflows":[]},"_links":{"self":[{"href":"https:\/\/lesmoles.com\/es\/wp-json\/wp\/v2\/pages\/1285","targetHints":{"allow":["GET"]}}],"collection":[{"href":"https:\/\/lesmoles.com\/es\/wp-json\/wp\/v2\/pages"}],"about":[{"href":"https:\/\/lesmoles.com\/es\/wp-json\/wp\/v2\/types\/page"}],"author":[{"embeddable":true,"href":"https:\/\/lesmoles.com\/es\/wp-json\/wp\/v2\/users\/4"}],"replies":[{"embeddable":true,"href":"https:\/\/lesmoles.com\/es\/wp-json\/wp\/v2\/comments?post=1285"}],"version-history":[{"count":35,"href":"https:\/\/lesmoles.com\/es\/wp-json\/wp\/v2\/pages\/1285\/revisions"}],"predecessor-version":[{"id":4594,"href":"https:\/\/lesmoles.com\/es\/wp-json\/wp\/v2\/pages\/1285\/revisions\/4594"}],"up":[{"embeddable":true,"href":"https:\/\/lesmoles.com\/es\/wp-json\/wp\/v2\/pages\/1267"}],"wp:attachment":[{"href":"https:\/\/lesmoles.com\/es\/wp-json\/wp\/v2\/media?parent=1285"}],"curies":[{"name":"wp","href":"https:\/\/api.w.org\/{rel}","templated":true}]}}