{"id":3098,"date":"2022-03-25T13:13:56","date_gmt":"2022-03-25T12:13:56","guid":{"rendered":"https:\/\/lesmoles.com\/restaurant-2\/el-celler\/nuestros-vinos\/"},"modified":"2023-12-14T15:20:24","modified_gmt":"2023-12-14T14:20:24","slug":"nuestros-vinos","status":"publish","type":"page","link":"https:\/\/lesmoles.com\/es\/restaurant-2\/el-celler\/nuestros-vinos\/","title":{"rendered":"Nuestros vinos"},"content":{"rendered":"\t\t<div data-elementor-type=\"wp-page\" data-elementor-id=\"3098\" class=\"elementor elementor-3098 elementor-391\" data-elementor-post-type=\"page\">\n\t\t\t\t\t\t<section class=\"elementor-section elementor-top-section elementor-element elementor-element-a9ff67e elementor-section-boxed elementor-section-height-default elementor-section-height-default\" data-id=\"a9ff67e\" data-element_type=\"section\">\n\t\t\t\t\t\t<div class=\"elementor-container elementor-column-gap-no\">\n\t\t\t\t\t<div class=\"elementor-column elementor-col-100 elementor-top-column elementor-element elementor-element-169e60f\" data-id=\"169e60f\" data-element_type=\"column\">\n\t\t\t<div class=\"elementor-widget-wrap elementor-element-populated\">\n\t\t\t\t\t\t<section class=\"elementor-section elementor-inner-section elementor-element elementor-element-08c1b76 elementor-section-full_width elementor-section-height-min-height elementor-section-height-default\" data-id=\"08c1b76\" data-element_type=\"section\" data-settings=\"{&quot;background_background&quot;:&quot;classic&quot;}\">\n\t\t\t\t\t\t<div class=\"elementor-container elementor-column-gap-no\">\n\t\t\t\t\t<div class=\"elementor-column elementor-col-100 elementor-inner-column elementor-element elementor-element-35bd865\" data-id=\"35bd865\" data-element_type=\"column\">\n\t\t\t<div class=\"elementor-widget-wrap\">\n\t\t\t\t\t\t\t<\/div>\n\t\t<\/div>\n\t\t\t\t\t<\/div>\n\t\t<\/section>\n\t\t\t\t\t<\/div>\n\t\t<\/div>\n\t\t\t\t\t<\/div>\n\t\t<\/section>\n\t\t\t\t<section class=\"elementor-section elementor-top-section elementor-element elementor-element-1f94b2e elementor-section-boxed elementor-section-height-default elementor-section-height-default\" data-id=\"1f94b2e\" data-element_type=\"section\">\n\t\t\t\t\t\t<div class=\"elementor-container elementor-column-gap-default\">\n\t\t\t\t\t<div class=\"elementor-column elementor-col-100 elementor-top-column elementor-element elementor-element-afd02b5\" data-id=\"afd02b5\" data-element_type=\"column\">\n\t\t\t<div class=\"elementor-widget-wrap elementor-element-populated\">\n\t\t\t\t\t\t<div class=\"elementor-element elementor-element-e1fb4ca elementor-invisible elementor-widget elementor-widget-heading\" data-id=\"e1fb4ca\" data-element_type=\"widget\" data-settings=\"{&quot;_animation&quot;:&quot;fadeInUp&quot;}\" data-widget_type=\"heading.default\">\n\t\t\t\t<div class=\"elementor-widget-container\">\n\t\t\t\t\t<h2 class=\"elementor-heading-title elementor-size-default\">Nuestros vinos<\/h2>\t\t\t\t<\/div>\n\t\t\t\t<\/div>\n\t\t\t\t<section class=\"elementor-section elementor-inner-section elementor-element elementor-element-c2048be elementor-section-boxed elementor-section-height-default elementor-section-height-default\" data-id=\"c2048be\" data-element_type=\"section\">\n\t\t\t\t\t\t<div class=\"elementor-container elementor-column-gap-default\">\n\t\t\t\t\t<div class=\"elementor-column elementor-col-33 elementor-inner-column elementor-element elementor-element-124a643\" data-id=\"124a643\" data-element_type=\"column\">\n\t\t\t<div class=\"elementor-widget-wrap\">\n\t\t\t\t\t\t\t<\/div>\n\t\t<\/div>\n\t\t\t\t<div class=\"elementor-column elementor-col-33 elementor-inner-column elementor-element elementor-element-ff0b185\" data-id=\"ff0b185\" data-element_type=\"column\">\n\t\t\t<div class=\"elementor-widget-wrap elementor-element-populated\">\n\t\t\t\t\t\t<div class=\"elementor-element elementor-element-f16c363 elementor-invisible elementor-widget elementor-widget-text-editor\" data-id=\"f16c363\" data-element_type=\"widget\" data-settings=\"{&quot;_animation&quot;:&quot;fadeInUp&quot;}\" data-widget_type=\"text-editor.default\">\n\t\t\t\t<div class=\"elementor-widget-container\">\n\t\t\t\t\t\t\t\t\t<p>En 2012, con mucha ilusi\u00f3n y muchas ganas de emprender nuevas aventuras, Les Moles empez\u00f3 a elaborar su propio vino, todo un reto que les abrir\u00eda las puertas de un mundo apasionante. Buscando la proximidad y la calidad, la Terra Alta fue la escogida para la producci\u00f3n del vino de Les Moles. Partiendo de una materia prima excepcional, con los vinos de Les Moles aportamos nuestra visi\u00f3n de c\u00f3mo creemos que deber\u00edan ser los vinos que acompa\u00f1an a nuestra cocina.<\/p>\t\t\t\t\t\t\t\t<\/div>\n\t\t\t\t<\/div>\n\t\t\t\t\t<\/div>\n\t\t<\/div>\n\t\t\t\t<div class=\"elementor-column elementor-col-33 elementor-inner-column elementor-element elementor-element-9823b86\" data-id=\"9823b86\" data-element_type=\"column\">\n\t\t\t<div class=\"elementor-widget-wrap\">\n\t\t\t\t\t\t\t<\/div>\n\t\t<\/div>\n\t\t\t\t\t<\/div>\n\t\t<\/section>\n\t\t\t\t\t<\/div>\n\t\t<\/div>\n\t\t\t\t\t<\/div>\n\t\t<\/section>\n\t\t\t\t<section class=\"elementor-section elementor-top-section elementor-element elementor-element-004e507 elementor-section-boxed elementor-section-height-default elementor-section-height-default\" data-id=\"004e507\" data-element_type=\"section\">\n\t\t\t\t\t\t<div class=\"elementor-container elementor-column-gap-no\">\n\t\t\t\t\t<div class=\"elementor-column elementor-col-100 elementor-top-column elementor-element elementor-element-26cf808\" data-id=\"26cf808\" data-element_type=\"column\" data-settings=\"{&quot;background_background&quot;:&quot;gradient&quot;}\">\n\t\t\t<div class=\"elementor-widget-wrap elementor-element-populated\">\n\t\t\t\t\t\t<section class=\"elementor-section elementor-inner-section elementor-element elementor-element-9b2dd17 elementor-section-full_width elementor-section-content-middle elementor-section-height-default elementor-section-height-default\" data-id=\"9b2dd17\" data-element_type=\"section\">\n\t\t\t\t\t\t<div class=\"elementor-container elementor-column-gap-default\">\n\t\t\t\t\t<div class=\"elementor-column elementor-col-50 elementor-inner-column elementor-element elementor-element-5bbd37c\" data-id=\"5bbd37c\" data-element_type=\"column\" data-settings=\"{&quot;background_background&quot;:&quot;classic&quot;}\">\n\t\t\t<div class=\"elementor-widget-wrap elementor-element-populated\">\n\t\t\t\t\t\t<div class=\"elementor-element elementor-element-f162b06 elementor-invisible elementor-widget elementor-widget-heading\" data-id=\"f162b06\" data-element_type=\"widget\" data-settings=\"{&quot;_animation&quot;:&quot;fadeIn&quot;}\" data-widget_type=\"heading.default\">\n\t\t\t\t<div class=\"elementor-widget-container\">\n\t\t\t\t\t<h2 class=\"elementor-heading-title elementor-size-default\">Blanco Les Moles<\/h2>\t\t\t\t<\/div>\n\t\t\t\t<\/div>\n\t\t\t\t<div class=\"elementor-element elementor-element-7e0475a elementor-invisible elementor-widget elementor-widget-text-editor\" data-id=\"7e0475a\" data-element_type=\"widget\" data-settings=\"{&quot;_animation&quot;:&quot;fadeIn&quot;}\" data-widget_type=\"text-editor.default\">\n\t\t\t\t<div class=\"elementor-widget-container\">\n\t\t\t\t\t\t\t\t\t<p>Un blanco joven de garnacha blanca y macabeo. La garnacha blanca de la Terra Alta ha sido premiada y reconocida mundialmente. Y el macabeo, una bomba de fruta blanca madura con nervio y una grata acidez, \u00abnos transporta a la Ulldecona de cincuenta a\u00f1os atr\u00e1s, rodeada de vi\u00f1a, un tiempo que ya apenas recordamos&#8230; Nostalgia en estado puro\u00bb.<\/p>\t\t\t\t\t\t\t\t<\/div>\n\t\t\t\t<\/div>\n\t\t\t\t<div class=\"elementor-element elementor-element-1c5ed28 elementor-hidden-desktop elementor-hidden-tablet elementor-invisible elementor-widget elementor-widget-image\" data-id=\"1c5ed28\" data-element_type=\"widget\" data-settings=\"{&quot;_animation&quot;:&quot;slideInRight&quot;}\" data-widget_type=\"image.default\">\n\t\t\t\t<div class=\"elementor-widget-container\">\n\t\t\t\t\t\t\t\t\t\t\t\t\t\t\t\t<a href=\"https:\/\/lesmoles.com\/wp-content\/uploads\/2021\/12\/els-nostres-vins_lesmoles_2.jpg\" data-elementor-open-lightbox=\"yes\" data-elementor-lightbox-title=\"els-nostres-vins_lesmoles_2\" data-e-action-hash=\"#elementor-action%3Aaction%3Dlightbox%26settings%3DeyJpZCI6MTAxMCwidXJsIjoiaHR0cHM6XC9cL2xlc21vbGVzLmNvbVwvd3AtY29udGVudFwvdXBsb2Fkc1wvMjAyMVwvMTJcL2Vscy1ub3N0cmVzLXZpbnNfbGVzbW9sZXNfMi5qcGcifQ%3D%3D\">\n\t\t\t\t\t\t\t<img fetchpriority=\"high\" decoding=\"async\" width=\"1024\" height=\"851\" src=\"https:\/\/lesmoles.com\/wp-content\/uploads\/2021\/12\/els-nostres-vins_lesmoles_2-1024x851.jpg\" class=\"attachment-large size-large wp-image-1010\" alt=\"\" srcset=\"https:\/\/lesmoles.com\/wp-content\/uploads\/2021\/12\/els-nostres-vins_lesmoles_2-1024x851.jpg 1024w, https:\/\/lesmoles.com\/wp-content\/uploads\/2021\/12\/els-nostres-vins_lesmoles_2-600x499.jpg 600w, https:\/\/lesmoles.com\/wp-content\/uploads\/2021\/12\/els-nostres-vins_lesmoles_2-300x249.jpg 300w, https:\/\/lesmoles.com\/wp-content\/uploads\/2021\/12\/els-nostres-vins_lesmoles_2-768x638.jpg 768w, https:\/\/lesmoles.com\/wp-content\/uploads\/2021\/12\/els-nostres-vins_lesmoles_2.jpg 1200w\" sizes=\"(max-width: 1024px) 100vw, 1024px\" \/>\t\t\t\t\t\t\t\t<\/a>\n\t\t\t\t\t\t\t\t\t\t\t\t\t\t\t<\/div>\n\t\t\t\t<\/div>\n\t\t\t\t\t<\/div>\n\t\t<\/div>\n\t\t\t\t<div class=\"elementor-column elementor-col-50 elementor-inner-column elementor-element elementor-element-84e6ba4 elementor-hidden-mobile\" data-id=\"84e6ba4\" data-element_type=\"column\">\n\t\t\t<div class=\"elementor-widget-wrap elementor-element-populated\">\n\t\t\t\t\t\t<div class=\"elementor-element elementor-element-4ea2425 elementor-invisible elementor-widget elementor-widget-image\" data-id=\"4ea2425\" data-element_type=\"widget\" data-settings=\"{&quot;_animation&quot;:&quot;slideInRight&quot;}\" data-widget_type=\"image.default\">\n\t\t\t\t<div class=\"elementor-widget-container\">\n\t\t\t\t\t\t\t\t\t\t\t\t\t\t\t\t<a href=\"https:\/\/lesmoles.com\/wp-content\/uploads\/2021\/12\/els-nostres-vins_lesmoles_2.jpg\" data-elementor-open-lightbox=\"yes\" data-elementor-lightbox-title=\"els-nostres-vins_lesmoles_2\" data-e-action-hash=\"#elementor-action%3Aaction%3Dlightbox%26settings%3DeyJpZCI6MTAxMCwidXJsIjoiaHR0cHM6XC9cL2xlc21vbGVzLmNvbVwvd3AtY29udGVudFwvdXBsb2Fkc1wvMjAyMVwvMTJcL2Vscy1ub3N0cmVzLXZpbnNfbGVzbW9sZXNfMi5qcGcifQ%3D%3D\">\n\t\t\t\t\t\t\t<img fetchpriority=\"high\" decoding=\"async\" width=\"1024\" height=\"851\" src=\"https:\/\/lesmoles.com\/wp-content\/uploads\/2021\/12\/els-nostres-vins_lesmoles_2-1024x851.jpg\" class=\"attachment-large size-large wp-image-1010\" alt=\"\" srcset=\"https:\/\/lesmoles.com\/wp-content\/uploads\/2021\/12\/els-nostres-vins_lesmoles_2-1024x851.jpg 1024w, https:\/\/lesmoles.com\/wp-content\/uploads\/2021\/12\/els-nostres-vins_lesmoles_2-600x499.jpg 600w, https:\/\/lesmoles.com\/wp-content\/uploads\/2021\/12\/els-nostres-vins_lesmoles_2-300x249.jpg 300w, https:\/\/lesmoles.com\/wp-content\/uploads\/2021\/12\/els-nostres-vins_lesmoles_2-768x638.jpg 768w, https:\/\/lesmoles.com\/wp-content\/uploads\/2021\/12\/els-nostres-vins_lesmoles_2.jpg 1200w\" sizes=\"(max-width: 1024px) 100vw, 1024px\" \/>\t\t\t\t\t\t\t\t<\/a>\n\t\t\t\t\t\t\t\t\t\t\t\t\t\t\t<\/div>\n\t\t\t\t<\/div>\n\t\t\t\t\t<\/div>\n\t\t<\/div>\n\t\t\t\t\t<\/div>\n\t\t<\/section>\n\t\t\t\t\t<\/div>\n\t\t<\/div>\n\t\t\t\t\t<\/div>\n\t\t<\/section>\n\t\t\t\t<section class=\"elementor-section elementor-top-section elementor-element elementor-element-ad4a9c4 elementor-hidden-mobile elementor-section-boxed elementor-section-height-default elementor-section-height-default\" data-id=\"ad4a9c4\" data-element_type=\"section\">\n\t\t\t\t\t\t<div class=\"elementor-container elementor-column-gap-no\">\n\t\t\t\t\t<div class=\"elementor-column elementor-col-100 elementor-top-column elementor-element elementor-element-dbc4b14\" data-id=\"dbc4b14\" data-element_type=\"column\" data-settings=\"{&quot;background_background&quot;:&quot;gradient&quot;}\">\n\t\t\t<div class=\"elementor-widget-wrap elementor-element-populated\">\n\t\t\t\t\t\t<section class=\"elementor-section elementor-inner-section elementor-element elementor-element-cd56eb7 elementor-section-full_width elementor-section-content-middle elementor-section-height-default elementor-section-height-default\" data-id=\"cd56eb7\" data-element_type=\"section\">\n\t\t\t\t\t\t<div class=\"elementor-container elementor-column-gap-default\">\n\t\t\t\t\t<div class=\"elementor-column elementor-col-50 elementor-inner-column elementor-element elementor-element-2a9c107\" data-id=\"2a9c107\" data-element_type=\"column\">\n\t\t\t<div class=\"elementor-widget-wrap elementor-element-populated\">\n\t\t\t\t\t\t<div class=\"elementor-element elementor-element-82dbcec elementor-invisible elementor-widget elementor-widget-heading\" data-id=\"82dbcec\" data-element_type=\"widget\" data-settings=\"{&quot;_animation&quot;:&quot;fadeIn&quot;}\" data-widget_type=\"heading.default\">\n\t\t\t\t<div class=\"elementor-widget-container\">\n\t\t\t\t\t<h2 class=\"elementor-heading-title elementor-size-default\">Crianza Les Moles<\/h2>\t\t\t\t<\/div>\n\t\t\t\t<\/div>\n\t\t\t\t<div class=\"elementor-element elementor-element-ba44d82 elementor-invisible elementor-widget elementor-widget-text-editor\" data-id=\"ba44d82\" data-element_type=\"widget\" data-settings=\"{&quot;_animation&quot;:&quot;fadeIn&quot;}\" data-widget_type=\"text-editor.default\">\n\t\t\t\t<div class=\"elementor-widget-container\">\n\t\t\t\t\t\t\t\t\t<p>Un tercer vino, Les Moles Crianza, garnacha tinta y syrah, con doce meses de crianza en grandes barriles de 5.000 l. Con una personalidad muy marcada y un largo recorrido: fruta negra madura, toques especiados y bals\u00e1micos, equilibrado y complejo.<\/p>\t\t\t\t\t\t\t\t<\/div>\n\t\t\t\t<\/div>\n\t\t\t\t\t<\/div>\n\t\t<\/div>\n\t\t\t\t<div class=\"elementor-column elementor-col-50 elementor-inner-column elementor-element elementor-element-44dfa6f\" data-id=\"44dfa6f\" data-element_type=\"column\">\n\t\t\t<div class=\"elementor-widget-wrap elementor-element-populated\">\n\t\t\t\t\t\t<div class=\"elementor-element elementor-element-266cebb elementor-invisible elementor-widget elementor-widget-image\" data-id=\"266cebb\" data-element_type=\"widget\" data-settings=\"{&quot;_animation&quot;:&quot;slideInRight&quot;}\" data-widget_type=\"image.default\">\n\t\t\t\t<div class=\"elementor-widget-container\">\n\t\t\t\t\t\t\t\t\t\t\t\t\t\t\t\t<a href=\"https:\/\/lesmoles.com\/wp-content\/uploads\/2021\/12\/els-nostres-vins_lesmoles_4.jpg\" data-elementor-open-lightbox=\"yes\" data-elementor-lightbox-title=\"els-nostres-vins_lesmoles_4\" data-e-action-hash=\"#elementor-action%3Aaction%3Dlightbox%26settings%3DeyJpZCI6MTAxNCwidXJsIjoiaHR0cHM6XC9cL2xlc21vbGVzLmNvbVwvd3AtY29udGVudFwvdXBsb2Fkc1wvMjAyMVwvMTJcL2Vscy1ub3N0cmVzLXZpbnNfbGVzbW9sZXNfNC5qcGcifQ%3D%3D\">\n\t\t\t\t\t\t\t<img decoding=\"async\" width=\"1024\" height=\"851\" src=\"https:\/\/lesmoles.com\/wp-content\/uploads\/2021\/12\/els-nostres-vins_lesmoles_4-1024x851.jpg\" class=\"attachment-large size-large wp-image-1014\" alt=\"\" srcset=\"https:\/\/lesmoles.com\/wp-content\/uploads\/2021\/12\/els-nostres-vins_lesmoles_4-1024x851.jpg 1024w, https:\/\/lesmoles.com\/wp-content\/uploads\/2021\/12\/els-nostres-vins_lesmoles_4-600x499.jpg 600w, https:\/\/lesmoles.com\/wp-content\/uploads\/2021\/12\/els-nostres-vins_lesmoles_4-300x249.jpg 300w, https:\/\/lesmoles.com\/wp-content\/uploads\/2021\/12\/els-nostres-vins_lesmoles_4-768x638.jpg 768w, https:\/\/lesmoles.com\/wp-content\/uploads\/2021\/12\/els-nostres-vins_lesmoles_4.jpg 1200w\" sizes=\"(max-width: 1024px) 100vw, 1024px\" \/>\t\t\t\t\t\t\t\t<\/a>\n\t\t\t\t\t\t\t\t\t\t\t\t\t\t\t<\/div>\n\t\t\t\t<\/div>\n\t\t\t\t\t<\/div>\n\t\t<\/div>\n\t\t\t\t\t<\/div>\n\t\t<\/section>\n\t\t\t\t\t<\/div>\n\t\t<\/div>\n\t\t\t\t\t<\/div>\n\t\t<\/section>\n\t\t\t\t<section class=\"elementor-section elementor-top-section elementor-element elementor-element-6d99f43 elementor-hidden-desktop elementor-hidden-tablet elementor-section-boxed elementor-section-height-default elementor-section-height-default\" data-id=\"6d99f43\" data-element_type=\"section\">\n\t\t\t\t\t\t<div class=\"elementor-container elementor-column-gap-no\">\n\t\t\t\t\t<div class=\"elementor-column elementor-col-100 elementor-top-column elementor-element elementor-element-aa1debb\" data-id=\"aa1debb\" data-element_type=\"column\" data-settings=\"{&quot;background_background&quot;:&quot;classic&quot;}\">\n\t\t\t<div class=\"elementor-widget-wrap elementor-element-populated\">\n\t\t\t\t\t\t<section class=\"elementor-section elementor-inner-section elementor-element elementor-element-68030d5 elementor-section-full_width elementor-section-content-middle elementor-section-height-default elementor-section-height-default\" data-id=\"68030d5\" data-element_type=\"section\">\n\t\t\t\t\t\t<div class=\"elementor-container elementor-column-gap-default\">\n\t\t\t\t\t<div class=\"elementor-column elementor-col-50 elementor-inner-column elementor-element elementor-element-4b50b71\" data-id=\"4b50b71\" data-element_type=\"column\">\n\t\t\t<div class=\"elementor-widget-wrap elementor-element-populated\">\n\t\t\t\t\t\t<div class=\"elementor-element elementor-element-93b3416 elementor-invisible elementor-widget elementor-widget-heading\" data-id=\"93b3416\" data-element_type=\"widget\" data-settings=\"{&quot;_animation&quot;:&quot;fadeIn&quot;}\" data-widget_type=\"heading.default\">\n\t\t\t\t<div class=\"elementor-widget-container\">\n\t\t\t\t\t<h2 class=\"elementor-heading-title elementor-size-default\">Crian\u00e7a Les Moles<\/h2>\t\t\t\t<\/div>\n\t\t\t\t<\/div>\n\t\t\t\t<div class=\"elementor-element elementor-element-28dd61e elementor-invisible elementor-widget elementor-widget-text-editor\" data-id=\"28dd61e\" data-element_type=\"widget\" data-settings=\"{&quot;_animation&quot;:&quot;fadeIn&quot;}\" data-widget_type=\"text-editor.default\">\n\t\t\t\t<div class=\"elementor-widget-container\">\n\t\t\t\t\t\t\t\t\t<p>Un tercer vino, Les Moles Crianza, garnacha tinta y syrah, con doce meses de crianza en grandes barriles de 5.000 l. Con una personalidad muy marcada y un largo recorrido: fruta negra madura, toques especiados y bals\u00e1micos, equilibrado y complejo.<\/p>\t\t\t\t\t\t\t\t<\/div>\n\t\t\t\t<\/div>\n\t\t\t\t\t<\/div>\n\t\t<\/div>\n\t\t\t\t<div class=\"elementor-column elementor-col-50 elementor-inner-column elementor-element elementor-element-05264f7\" data-id=\"05264f7\" data-element_type=\"column\">\n\t\t\t<div class=\"elementor-widget-wrap elementor-element-populated\">\n\t\t\t\t\t\t<div class=\"elementor-element elementor-element-2e3a200 elementor-invisible elementor-widget elementor-widget-image\" data-id=\"2e3a200\" data-element_type=\"widget\" data-settings=\"{&quot;_animation&quot;:&quot;slideInRight&quot;}\" data-widget_type=\"image.default\">\n\t\t\t\t<div class=\"elementor-widget-container\">\n\t\t\t\t\t\t\t\t\t\t\t\t\t\t\t\t<a href=\"https:\/\/lesmoles.com\/wp-content\/uploads\/2021\/12\/els-nostres-vins_lesmoles_4.jpg\" data-elementor-open-lightbox=\"yes\" data-elementor-lightbox-title=\"els-nostres-vins_lesmoles_4\" data-e-action-hash=\"#elementor-action%3Aaction%3Dlightbox%26settings%3DeyJpZCI6MTAxNCwidXJsIjoiaHR0cHM6XC9cL2xlc21vbGVzLmNvbVwvd3AtY29udGVudFwvdXBsb2Fkc1wvMjAyMVwvMTJcL2Vscy1ub3N0cmVzLXZpbnNfbGVzbW9sZXNfNC5qcGcifQ%3D%3D\">\n\t\t\t\t\t\t\t<img decoding=\"async\" width=\"1024\" height=\"851\" src=\"https:\/\/lesmoles.com\/wp-content\/uploads\/2021\/12\/els-nostres-vins_lesmoles_4-1024x851.jpg\" class=\"attachment-large size-large wp-image-1014\" alt=\"\" srcset=\"https:\/\/lesmoles.com\/wp-content\/uploads\/2021\/12\/els-nostres-vins_lesmoles_4-1024x851.jpg 1024w, https:\/\/lesmoles.com\/wp-content\/uploads\/2021\/12\/els-nostres-vins_lesmoles_4-600x499.jpg 600w, https:\/\/lesmoles.com\/wp-content\/uploads\/2021\/12\/els-nostres-vins_lesmoles_4-300x249.jpg 300w, https:\/\/lesmoles.com\/wp-content\/uploads\/2021\/12\/els-nostres-vins_lesmoles_4-768x638.jpg 768w, https:\/\/lesmoles.com\/wp-content\/uploads\/2021\/12\/els-nostres-vins_lesmoles_4.jpg 1200w\" sizes=\"(max-width: 1024px) 100vw, 1024px\" \/>\t\t\t\t\t\t\t\t<\/a>\n\t\t\t\t\t\t\t\t\t\t\t\t\t\t\t<\/div>\n\t\t\t\t<\/div>\n\t\t\t\t\t<\/div>\n\t\t<\/div>\n\t\t\t\t\t<\/div>\n\t\t<\/section>\n\t\t\t\t\t<\/div>\n\t\t<\/div>\n\t\t\t\t\t<\/div>\n\t\t<\/section>\n\t\t\t\t<section class=\"elementor-section elementor-top-section elementor-element elementor-element-1093650 elementor-section-content-middle elementor-reverse-mobile elementor-section-boxed elementor-section-height-default elementor-section-height-default\" data-id=\"1093650\" data-element_type=\"section\">\n\t\t\t\t\t\t<div class=\"elementor-container elementor-column-gap-no\">\n\t\t\t\t\t<div class=\"elementor-column elementor-col-50 elementor-top-column elementor-element elementor-element-beb4be2\" data-id=\"beb4be2\" data-element_type=\"column\">\n\t\t\t<div class=\"elementor-widget-wrap elementor-element-populated\">\n\t\t\t\t\t\t<div class=\"elementor-element elementor-element-c83308c elementor-invisible elementor-widget elementor-widget-image\" data-id=\"c83308c\" data-element_type=\"widget\" data-settings=\"{&quot;_animation&quot;:&quot;slideInLeft&quot;}\" data-widget_type=\"image.default\">\n\t\t\t\t<div class=\"elementor-widget-container\">\n\t\t\t\t\t\t\t\t\t\t\t\t\t\t\t\t<a href=\"https:\/\/lesmoles.com\/wp-content\/uploads\/2021\/12\/els-nostres-vins_lesmoles_5.jpg\" data-elementor-open-lightbox=\"yes\" data-elementor-lightbox-title=\"els-nostres-vins_lesmoles_5\" data-e-action-hash=\"#elementor-action%3Aaction%3Dlightbox%26settings%3DeyJpZCI6MTAxNiwidXJsIjoiaHR0cHM6XC9cL2xlc21vbGVzLmNvbVwvd3AtY29udGVudFwvdXBsb2Fkc1wvMjAyMVwvMTJcL2Vscy1ub3N0cmVzLXZpbnNfbGVzbW9sZXNfNS5qcGcifQ%3D%3D\">\n\t\t\t\t\t\t\t<img decoding=\"async\" width=\"1024\" height=\"851\" src=\"https:\/\/lesmoles.com\/wp-content\/uploads\/2021\/12\/els-nostres-vins_lesmoles_5-1024x851.jpg\" class=\"attachment-large size-large wp-image-1016\" alt=\"\" srcset=\"https:\/\/lesmoles.com\/wp-content\/uploads\/2021\/12\/els-nostres-vins_lesmoles_5-1024x851.jpg 1024w, https:\/\/lesmoles.com\/wp-content\/uploads\/2021\/12\/els-nostres-vins_lesmoles_5-600x499.jpg 600w, https:\/\/lesmoles.com\/wp-content\/uploads\/2021\/12\/els-nostres-vins_lesmoles_5-300x249.jpg 300w, https:\/\/lesmoles.com\/wp-content\/uploads\/2021\/12\/els-nostres-vins_lesmoles_5-768x638.jpg 768w, https:\/\/lesmoles.com\/wp-content\/uploads\/2021\/12\/els-nostres-vins_lesmoles_5.jpg 1200w\" sizes=\"(max-width: 1024px) 100vw, 1024px\" \/>\t\t\t\t\t\t\t\t<\/a>\n\t\t\t\t\t\t\t\t\t\t\t\t\t\t\t<\/div>\n\t\t\t\t<\/div>\n\t\t\t\t\t<\/div>\n\t\t<\/div>\n\t\t\t\t<div class=\"elementor-column elementor-col-50 elementor-top-column elementor-element elementor-element-dc5c3d5\" data-id=\"dc5c3d5\" data-element_type=\"column\">\n\t\t\t<div class=\"elementor-widget-wrap elementor-element-populated\">\n\t\t\t\t\t\t<div class=\"elementor-element elementor-element-221dea6 elementor-widget elementor-widget-heading\" data-id=\"221dea6\" data-element_type=\"widget\" data-widget_type=\"heading.default\">\n\t\t\t\t<div class=\"elementor-widget-container\">\n\t\t\t\t\t<h2 class=\"elementor-heading-title elementor-size-default\">Carmen\u2019S<\/h2>\t\t\t\t<\/div>\n\t\t\t\t<\/div>\n\t\t\t\t<div class=\"elementor-element elementor-element-eadeb42 elementor-widget elementor-widget-text-editor\" data-id=\"eadeb42\" data-element_type=\"widget\" data-widget_type=\"text-editor.default\">\n\t\t\t\t<div class=\"elementor-widget-container\">\n\t\t\t\t\t\t\t\t\t<p>Desde 2016 elaboramos este vino, el m\u00e1s personal de Carmen, con macabeo de vi\u00f1edos viejos fermentado y criado ocho meses en barrica de roble franc\u00e9s nueva. Un concepto diferente para un vino muy gastron\u00f3mico que se adapta a una cocina tan cuidada como la de Les Moles.<\/p>\t\t\t\t\t\t\t\t<\/div>\n\t\t\t\t<\/div>\n\t\t\t\t\t<\/div>\n\t\t<\/div>\n\t\t\t\t\t<\/div>\n\t\t<\/section>\n\t\t\t\t<section class=\"elementor-section elementor-top-section elementor-element elementor-element-ba06d57 elementor-section-boxed elementor-section-height-default elementor-section-height-default\" data-id=\"ba06d57\" data-element_type=\"section\">\n\t\t\t\t\t\t<div class=\"elementor-container elementor-column-gap-no\">\n\t\t\t\t\t<div class=\"elementor-column elementor-col-100 elementor-top-column elementor-element elementor-element-900aedb\" data-id=\"900aedb\" data-element_type=\"column\">\n\t\t\t<div class=\"elementor-widget-wrap elementor-element-populated\">\n\t\t\t\t\t\t<section class=\"elementor-section elementor-inner-section elementor-element elementor-element-27f56f3 elementor-section-full_width elementor-section-height-default elementor-section-height-default\" data-id=\"27f56f3\" data-element_type=\"section\">\n\t\t\t\t\t\t<div class=\"elementor-container elementor-column-gap-default\">\n\t\t\t\t\t<div class=\"elementor-column elementor-col-33 elementor-inner-column elementor-element elementor-element-8a53a6c\" data-id=\"8a53a6c\" data-element_type=\"column\">\n\t\t\t<div class=\"elementor-widget-wrap\">\n\t\t\t\t\t\t\t<\/div>\n\t\t<\/div>\n\t\t\t\t<div class=\"elementor-column elementor-col-33 elementor-inner-column elementor-element elementor-element-cb62dcc\" data-id=\"cb62dcc\" data-element_type=\"column\">\n\t\t\t<div class=\"elementor-widget-wrap elementor-element-populated\">\n\t\t\t\t\t\t<div class=\"elementor-element elementor-element-5d498d5 elementor-widget elementor-widget-text-editor\" data-id=\"5d498d5\" data-element_type=\"widget\" data-widget_type=\"text-editor.default\">\n\t\t\t\t<div class=\"elementor-widget-container\">\n\t\t\t\t\t\t\t\t\t<p>Carmen describe as\u00ed su vino:<\/p><p><em>\u201cMi vino se muestra vivo, risue\u00f1o, con un esp\u00edritu de lucha feroz contra el aburrimiento.<\/em><br><em>A cada vez se convierte en una sensaci\u00f3n diferente, a cada minuto se transforma, <\/em><br><em>cambiando su apariencia de inocente fragilidad por otra sensual y voluptuosa.<\/em><br><em>Es elegante y se muestra as\u00ed, como traje para una gran fiesta.<\/em><br><em>Este macabeo de vi\u00f1edos viejos ha madurado ocho meses en el vientre amoroso de la madera,<\/em><br><em>como una madre protectora que le ha dado la fuerza por el largo viaje que le espera.<\/em><br><em>Carmen&#8217;S es el fruto de una ilusi\u00f3n, es el recuerdo de mi pueblo lleno de vi\u00f1a, del macabeo\u2026<\/em><br><em>Es la puesta en escena de la pel\u00edcula de nuestra vida marcada por el inconformismo.<\/em><br><em>Y es que, en el fondo, somos unos rebeldes y no lo sab\u00edamos.\u201d<\/em><\/p><p><strong>Carmen Sauch<\/strong><\/p>\t\t\t\t\t\t\t\t<\/div>\n\t\t\t\t<\/div>\n\t\t\t\t\t<\/div>\n\t\t<\/div>\n\t\t\t\t<div class=\"elementor-column elementor-col-33 elementor-inner-column elementor-element elementor-element-32e14a8\" data-id=\"32e14a8\" data-element_type=\"column\">\n\t\t\t<div class=\"elementor-widget-wrap\">\n\t\t\t\t\t\t\t<\/div>\n\t\t<\/div>\n\t\t\t\t\t<\/div>\n\t\t<\/section>\n\t\t\t\t<div class=\"elementor-element elementor-element-d4ac27f elementor-invisible elementor-widget elementor-widget-image\" data-id=\"d4ac27f\" data-element_type=\"widget\" data-settings=\"{&quot;_animation&quot;:&quot;fadeInUp&quot;}\" data-widget_type=\"image.default\">\n\t\t\t\t<div class=\"elementor-widget-container\">\n\t\t\t\t\t\t\t\t\t\t\t\t\t\t\t<img loading=\"lazy\" decoding=\"async\" width=\"1024\" height=\"683\" src=\"https:\/\/lesmoles.com\/wp-content\/uploads\/2022\/10\/Les-vinyes-de-Les-Moles-1024x683.jpg\" class=\"attachment-large size-large wp-image-4676\" alt=\"\" srcset=\"https:\/\/lesmoles.com\/wp-content\/uploads\/2022\/10\/Les-vinyes-de-Les-Moles-1024x683.jpg 1024w, https:\/\/lesmoles.com\/wp-content\/uploads\/2022\/10\/Les-vinyes-de-Les-Moles-300x200.jpg 300w, https:\/\/lesmoles.com\/wp-content\/uploads\/2022\/10\/Les-vinyes-de-Les-Moles-768x512.jpg 768w, https:\/\/lesmoles.com\/wp-content\/uploads\/2022\/10\/Les-vinyes-de-Les-Moles-1536x1024.jpg 1536w, https:\/\/lesmoles.com\/wp-content\/uploads\/2022\/10\/Les-vinyes-de-Les-Moles-2048x1365.jpg 2048w, https:\/\/lesmoles.com\/wp-content\/uploads\/2022\/10\/Les-vinyes-de-Les-Moles-600x400.jpg 600w\" sizes=\"(max-width: 1024px) 100vw, 1024px\" \/>\t\t\t\t\t\t\t\t\t\t\t\t\t\t\t<\/div>\n\t\t\t\t<\/div>\n\t\t\t\t\t<\/div>\n\t\t<\/div>\n\t\t\t\t\t<\/div>\n\t\t<\/section>\n\t\t\t\t<\/div>\n\t\t","protected":false},"excerpt":{"rendered":"<p>En 2012, con mucha ilusi\u00f3n y muchas ganas de emprender nuevas aventuras, Les Moles empez\u00f3 a elaborar su propio vino, todo un reto que les abrir\u00eda las puertas de un mundo apasionante. Buscando la proximidad y la calidad, la Terra Alta fue la escogida para la producci\u00f3n del vino de Les Moles. Partiendo de una [&hellip;]<\/p>\n","protected":false},"author":4,"featured_media":0,"parent":1279,"menu_order":0,"comment_status":"closed","ping_status":"closed","template":"","meta":{"_acf_changed":false,"site-sidebar-layout":"no-sidebar","site-content-layout":"page-builder","ast-site-content-layout":"","site-content-style":"default","site-sidebar-style":"default","ast-global-header-display":"","ast-banner-title-visibility":"","ast-main-header-display":"","ast-hfb-above-header-display":"","ast-hfb-below-header-display":"","ast-hfb-mobile-header-display":"","site-post-title":"disabled","ast-breadcrumbs-content":"","ast-featured-img":"disabled","footer-sml-layout":"","theme-transparent-header-meta":"","adv-header-id-meta":"","stick-header-meta":"","header-above-stick-meta":"","header-main-stick-meta":"","header-below-stick-meta":"","astra-migrate-meta-layouts":"default","ast-page-background-enabled":"default","ast-page-background-meta":{"desktop":{"background-color":"var(--ast-global-color-4)","background-image":"","background-repeat":"repeat","background-position":"center center","background-size":"auto","background-attachment":"scroll","background-type":"","background-media":"","overlay-type":"","overlay-color":"","overlay-opacity":"","overlay-gradient":""},"tablet":{"background-color":"","background-image":"","background-repeat":"repeat","background-position":"center center","background-size":"auto","background-attachment":"scroll","background-type":"","background-media":"","overlay-type":"","overlay-color":"","overlay-opacity":"","overlay-gradient":""},"mobile":{"background-color":"","background-image":"","background-repeat":"repeat","background-position":"center center","background-size":"auto","background-attachment":"scroll","background-type":"","background-media":"","overlay-type":"","overlay-color":"","overlay-opacity":"","overlay-gradient":""}},"ast-content-background-meta":{"desktop":{"background-color":"var(--ast-global-color-5)","background-image":"","background-repeat":"repeat","background-position":"center center","background-size":"auto","background-attachment":"scroll","background-type":"","background-media":"","overlay-type":"","overlay-color":"","overlay-opacity":"","overlay-gradient":""},"tablet":{"background-color":"var(--ast-global-color-5)","background-image":"","background-repeat":"repeat","background-position":"center center","background-size":"auto","background-attachment":"scroll","background-type":"","background-media":"","overlay-type":"","overlay-color":"","overlay-opacity":"","overlay-gradient":""},"mobile":{"background-color":"var(--ast-global-color-5)","background-image":"","background-repeat":"repeat","background-position":"center center","background-size":"auto","background-attachment":"scroll","background-type":"","background-media":"","overlay-type":"","overlay-color":"","overlay-opacity":"","overlay-gradient":""}},"footnotes":""},"class_list":["post-3098","page","type-page","status-publish","hentry"],"acf":[],"yoast_head":"<!-- This site is optimized with the Yoast SEO plugin v26.6 - https:\/\/yoast.com\/wordpress\/plugins\/seo\/ -->\n<title>Nuestros vinos - Les Moles<\/title>\n<meta name=\"robots\" content=\"index, follow, max-snippet:-1, max-image-preview:large, max-video-preview:-1\" \/>\n<link rel=\"canonical\" href=\"https:\/\/lesmoles.com\/es\/restaurant-2\/el-celler\/nuestros-vinos\/\" \/>\n<meta property=\"og:locale\" content=\"es_ES\" \/>\n<meta property=\"og:type\" content=\"article\" \/>\n<meta property=\"og:title\" content=\"Nuestros vinos - Les Moles\" \/>\n<meta property=\"og:description\" content=\"En 2012, con mucha ilusi\u00f3n y muchas ganas de emprender nuevas aventuras, Les Moles empez\u00f3 a elaborar su propio vino, todo un reto que les abrir\u00eda las puertas de un mundo apasionante. Buscando la proximidad y la calidad, la Terra Alta fue la escogida para la producci\u00f3n del vino de Les Moles. Partiendo de una [&hellip;]\" \/>\n<meta property=\"og:url\" content=\"https:\/\/lesmoles.com\/es\/restaurant-2\/el-celler\/nuestros-vinos\/\" \/>\n<meta property=\"og:site_name\" content=\"Les Moles\" \/>\n<meta property=\"article:modified_time\" content=\"2023-12-14T14:20:24+00:00\" \/>\n<meta property=\"og:image\" content=\"https:\/\/lesmoles.com\/wp-content\/uploads\/2021\/12\/els-nostres-vins_lesmoles_2-1024x851.jpg\" \/>\n<meta name=\"twitter:card\" content=\"summary_large_image\" \/>\n<meta name=\"twitter:label1\" content=\"Tiempo de lectura\" \/>\n\t<meta name=\"twitter:data1\" content=\"4 minutos\" \/>\n<script type=\"application\/ld+json\" class=\"yoast-schema-graph\">{\"@context\":\"https:\/\/schema.org\",\"@graph\":[{\"@type\":\"WebPage\",\"@id\":\"https:\/\/lesmoles.com\/es\/restaurant-2\/el-celler\/nuestros-vinos\/\",\"url\":\"https:\/\/lesmoles.com\/es\/restaurant-2\/el-celler\/nuestros-vinos\/\",\"name\":\"Nuestros vinos - Les Moles\",\"isPartOf\":{\"@id\":\"https:\/\/lesmoles.com\/#website\"},\"primaryImageOfPage\":{\"@id\":\"https:\/\/lesmoles.com\/es\/restaurant-2\/el-celler\/nuestros-vinos\/#primaryimage\"},\"image\":{\"@id\":\"https:\/\/lesmoles.com\/es\/restaurant-2\/el-celler\/nuestros-vinos\/#primaryimage\"},\"thumbnailUrl\":\"https:\/\/lesmoles.com\/wp-content\/uploads\/2021\/12\/els-nostres-vins_lesmoles_2-1024x851.jpg\",\"datePublished\":\"2022-03-25T12:13:56+00:00\",\"dateModified\":\"2023-12-14T14:20:24+00:00\",\"breadcrumb\":{\"@id\":\"https:\/\/lesmoles.com\/es\/restaurant-2\/el-celler\/nuestros-vinos\/#breadcrumb\"},\"inLanguage\":\"es\",\"potentialAction\":[{\"@type\":\"ReadAction\",\"target\":[\"https:\/\/lesmoles.com\/es\/restaurant-2\/el-celler\/nuestros-vinos\/\"]}]},{\"@type\":\"ImageObject\",\"inLanguage\":\"es\",\"@id\":\"https:\/\/lesmoles.com\/es\/restaurant-2\/el-celler\/nuestros-vinos\/#primaryimage\",\"url\":\"https:\/\/lesmoles.com\/wp-content\/uploads\/2021\/12\/els-nostres-vins_lesmoles_2-1024x851.jpg\",\"contentUrl\":\"https:\/\/lesmoles.com\/wp-content\/uploads\/2021\/12\/els-nostres-vins_lesmoles_2-1024x851.jpg\"},{\"@type\":\"BreadcrumbList\",\"@id\":\"https:\/\/lesmoles.com\/es\/restaurant-2\/el-celler\/nuestros-vinos\/#breadcrumb\",\"itemListElement\":[{\"@type\":\"ListItem\",\"position\":1,\"name\":\"Inici\",\"item\":\"https:\/\/lesmoles.com\/es\/\"},{\"@type\":\"ListItem\",\"position\":2,\"name\":\"Restaurante\",\"item\":\"https:\/\/lesmoles.com\/es\/restaurant-2\/\"},{\"@type\":\"ListItem\",\"position\":3,\"name\":\"La Bodega de Carmen\",\"item\":\"https:\/\/lesmoles.com\/es\/restaurant-2\/el-celler\/\"},{\"@type\":\"ListItem\",\"position\":4,\"name\":\"Nuestros vinos\"}]},{\"@type\":\"WebSite\",\"@id\":\"https:\/\/lesmoles.com\/#website\",\"url\":\"https:\/\/lesmoles.com\/\",\"name\":\"Les Moles\",\"description\":\"Restaurante les Moles en Tarragona, Ulldecona Ctra. La S\u00e9nia, Km. 2. Ofreceros una experiencia gastron\u00f3mica \u00fanica..\",\"publisher\":{\"@id\":\"https:\/\/lesmoles.com\/#organization\"},\"potentialAction\":[{\"@type\":\"SearchAction\",\"target\":{\"@type\":\"EntryPoint\",\"urlTemplate\":\"https:\/\/lesmoles.com\/?s={search_term_string}\"},\"query-input\":{\"@type\":\"PropertyValueSpecification\",\"valueRequired\":true,\"valueName\":\"search_term_string\"}}],\"inLanguage\":\"es\"},{\"@type\":\"Organization\",\"@id\":\"https:\/\/lesmoles.com\/#organization\",\"name\":\"Les Moles\",\"url\":\"https:\/\/lesmoles.com\/\",\"logo\":{\"@type\":\"ImageObject\",\"inLanguage\":\"es\",\"@id\":\"https:\/\/lesmoles.com\/#\/schema\/logo\/image\/\",\"url\":\"https:\/\/lesmoles.com\/wp-content\/uploads\/2021\/12\/cropped-Les-Moles-Restaurant_transparent.png\",\"contentUrl\":\"https:\/\/lesmoles.com\/wp-content\/uploads\/2021\/12\/cropped-Les-Moles-Restaurant_transparent.png\",\"width\":512,\"height\":512,\"caption\":\"Les Moles\"},\"image\":{\"@id\":\"https:\/\/lesmoles.com\/#\/schema\/logo\/image\/\"}}]}<\/script>\n<!-- \/ Yoast SEO plugin. -->","yoast_head_json":{"title":"Nuestros vinos - Les Moles","robots":{"index":"index","follow":"follow","max-snippet":"max-snippet:-1","max-image-preview":"max-image-preview:large","max-video-preview":"max-video-preview:-1"},"canonical":"https:\/\/lesmoles.com\/es\/restaurant-2\/el-celler\/nuestros-vinos\/","og_locale":"es_ES","og_type":"article","og_title":"Nuestros vinos - Les Moles","og_description":"En 2012, con mucha ilusi\u00f3n y muchas ganas de emprender nuevas aventuras, Les Moles empez\u00f3 a elaborar su propio vino, todo un reto que les abrir\u00eda las puertas de un mundo apasionante. Buscando la proximidad y la calidad, la Terra Alta fue la escogida para la producci\u00f3n del vino de Les Moles. Partiendo de una [&hellip;]","og_url":"https:\/\/lesmoles.com\/es\/restaurant-2\/el-celler\/nuestros-vinos\/","og_site_name":"Les Moles","article_modified_time":"2023-12-14T14:20:24+00:00","og_image":[{"url":"https:\/\/lesmoles.com\/wp-content\/uploads\/2021\/12\/els-nostres-vins_lesmoles_2-1024x851.jpg","type":"","width":"","height":""}],"twitter_card":"summary_large_image","twitter_misc":{"Tiempo de lectura":"4 minutos"},"schema":{"@context":"https:\/\/schema.org","@graph":[{"@type":"WebPage","@id":"https:\/\/lesmoles.com\/es\/restaurant-2\/el-celler\/nuestros-vinos\/","url":"https:\/\/lesmoles.com\/es\/restaurant-2\/el-celler\/nuestros-vinos\/","name":"Nuestros vinos - Les Moles","isPartOf":{"@id":"https:\/\/lesmoles.com\/#website"},"primaryImageOfPage":{"@id":"https:\/\/lesmoles.com\/es\/restaurant-2\/el-celler\/nuestros-vinos\/#primaryimage"},"image":{"@id":"https:\/\/lesmoles.com\/es\/restaurant-2\/el-celler\/nuestros-vinos\/#primaryimage"},"thumbnailUrl":"https:\/\/lesmoles.com\/wp-content\/uploads\/2021\/12\/els-nostres-vins_lesmoles_2-1024x851.jpg","datePublished":"2022-03-25T12:13:56+00:00","dateModified":"2023-12-14T14:20:24+00:00","breadcrumb":{"@id":"https:\/\/lesmoles.com\/es\/restaurant-2\/el-celler\/nuestros-vinos\/#breadcrumb"},"inLanguage":"es","potentialAction":[{"@type":"ReadAction","target":["https:\/\/lesmoles.com\/es\/restaurant-2\/el-celler\/nuestros-vinos\/"]}]},{"@type":"ImageObject","inLanguage":"es","@id":"https:\/\/lesmoles.com\/es\/restaurant-2\/el-celler\/nuestros-vinos\/#primaryimage","url":"https:\/\/lesmoles.com\/wp-content\/uploads\/2021\/12\/els-nostres-vins_lesmoles_2-1024x851.jpg","contentUrl":"https:\/\/lesmoles.com\/wp-content\/uploads\/2021\/12\/els-nostres-vins_lesmoles_2-1024x851.jpg"},{"@type":"BreadcrumbList","@id":"https:\/\/lesmoles.com\/es\/restaurant-2\/el-celler\/nuestros-vinos\/#breadcrumb","itemListElement":[{"@type":"ListItem","position":1,"name":"Inici","item":"https:\/\/lesmoles.com\/es\/"},{"@type":"ListItem","position":2,"name":"Restaurante","item":"https:\/\/lesmoles.com\/es\/restaurant-2\/"},{"@type":"ListItem","position":3,"name":"La Bodega de Carmen","item":"https:\/\/lesmoles.com\/es\/restaurant-2\/el-celler\/"},{"@type":"ListItem","position":4,"name":"Nuestros vinos"}]},{"@type":"WebSite","@id":"https:\/\/lesmoles.com\/#website","url":"https:\/\/lesmoles.com\/","name":"Les Moles","description":"Restaurante les Moles en Tarragona, Ulldecona Ctra. La S\u00e9nia, Km. 2. Ofreceros una experiencia gastron\u00f3mica \u00fanica..","publisher":{"@id":"https:\/\/lesmoles.com\/#organization"},"potentialAction":[{"@type":"SearchAction","target":{"@type":"EntryPoint","urlTemplate":"https:\/\/lesmoles.com\/?s={search_term_string}"},"query-input":{"@type":"PropertyValueSpecification","valueRequired":true,"valueName":"search_term_string"}}],"inLanguage":"es"},{"@type":"Organization","@id":"https:\/\/lesmoles.com\/#organization","name":"Les Moles","url":"https:\/\/lesmoles.com\/","logo":{"@type":"ImageObject","inLanguage":"es","@id":"https:\/\/lesmoles.com\/#\/schema\/logo\/image\/","url":"https:\/\/lesmoles.com\/wp-content\/uploads\/2021\/12\/cropped-Les-Moles-Restaurant_transparent.png","contentUrl":"https:\/\/lesmoles.com\/wp-content\/uploads\/2021\/12\/cropped-Les-Moles-Restaurant_transparent.png","width":512,"height":512,"caption":"Les Moles"},"image":{"@id":"https:\/\/lesmoles.com\/#\/schema\/logo\/image\/"}}]}},"publishpress_future_action":{"enabled":false,"date":"2026-05-10 19:01:49","action":"change-status","newStatus":"draft","terms":[],"taxonomy":"translation_priority","extraData":[]},"publishpress_future_workflow_manual_trigger":{"enabledWorkflows":[]},"_links":{"self":[{"href":"https:\/\/lesmoles.com\/es\/wp-json\/wp\/v2\/pages\/3098","targetHints":{"allow":["GET"]}}],"collection":[{"href":"https:\/\/lesmoles.com\/es\/wp-json\/wp\/v2\/pages"}],"about":[{"href":"https:\/\/lesmoles.com\/es\/wp-json\/wp\/v2\/types\/page"}],"author":[{"embeddable":true,"href":"https:\/\/lesmoles.com\/es\/wp-json\/wp\/v2\/users\/4"}],"replies":[{"embeddable":true,"href":"https:\/\/lesmoles.com\/es\/wp-json\/wp\/v2\/comments?post=3098"}],"version-history":[{"count":7,"href":"https:\/\/lesmoles.com\/es\/wp-json\/wp\/v2\/pages\/3098\/revisions"}],"predecessor-version":[{"id":7459,"href":"https:\/\/lesmoles.com\/es\/wp-json\/wp\/v2\/pages\/3098\/revisions\/7459"}],"up":[{"embeddable":true,"href":"https:\/\/lesmoles.com\/es\/wp-json\/wp\/v2\/pages\/1279"}],"wp:attachment":[{"href":"https:\/\/lesmoles.com\/es\/wp-json\/wp\/v2\/media?parent=3098"}],"curies":[{"name":"wp","href":"https:\/\/api.w.org\/{rel}","templated":true}]}}