{"id":1284,"date":"2021-12-28T17:57:22","date_gmt":"2021-12-28T17:57:22","guid":{"rendered":"https:\/\/lesmoles.t1.curious.tech\/restaurant\/lequip\/"},"modified":"2022-09-14T11:37:56","modified_gmt":"2022-09-14T10:37:56","slug":"lequip","status":"publish","type":"page","link":"https:\/\/lesmoles.com\/fr\/restaurant\/lequip\/","title":{"rendered":"L\u2019\u00c9QUIPE"},"content":{"rendered":"\t\t<div data-elementor-type=\"wp-page\" data-elementor-id=\"1284\" class=\"elementor elementor-1284 elementor-423\" data-elementor-post-type=\"page\">\n\t\t\t\t\t\t<section class=\"elementor-section elementor-top-section elementor-element elementor-element-a9ff67e elementor-section-boxed elementor-section-height-default elementor-section-height-default\" data-id=\"a9ff67e\" data-element_type=\"section\">\n\t\t\t\t\t\t<div class=\"elementor-container elementor-column-gap-no\">\n\t\t\t\t\t<div class=\"elementor-column elementor-col-100 elementor-top-column elementor-element elementor-element-169e60f\" data-id=\"169e60f\" data-element_type=\"column\">\n\t\t\t<div class=\"elementor-widget-wrap elementor-element-populated\">\n\t\t\t\t\t\t<section class=\"elementor-section elementor-inner-section elementor-element elementor-element-08c1b76 elementor-section-full_width elementor-section-height-min-height elementor-section-height-default\" data-id=\"08c1b76\" data-element_type=\"section\" data-settings=\"{&quot;background_background&quot;:&quot;classic&quot;}\">\n\t\t\t\t\t\t<div class=\"elementor-container elementor-column-gap-no\">\n\t\t\t\t\t<div class=\"elementor-column elementor-col-100 elementor-inner-column elementor-element elementor-element-35bd865\" data-id=\"35bd865\" data-element_type=\"column\">\n\t\t\t<div class=\"elementor-widget-wrap\">\n\t\t\t\t\t\t\t<\/div>\n\t\t<\/div>\n\t\t\t\t\t<\/div>\n\t\t<\/section>\n\t\t\t\t\t<\/div>\n\t\t<\/div>\n\t\t\t\t\t<\/div>\n\t\t<\/section>\n\t\t\t\t<section class=\"elementor-section elementor-top-section elementor-element elementor-element-1f94b2e elementor-section-boxed elementor-section-height-default elementor-section-height-default\" data-id=\"1f94b2e\" data-element_type=\"section\">\n\t\t\t\t\t\t<div class=\"elementor-container elementor-column-gap-default\">\n\t\t\t\t\t<div class=\"elementor-column elementor-col-100 elementor-top-column elementor-element elementor-element-afd02b5\" data-id=\"afd02b5\" data-element_type=\"column\">\n\t\t\t<div class=\"elementor-widget-wrap elementor-element-populated\">\n\t\t\t\t\t\t<div class=\"elementor-element elementor-element-e1fb4ca elementor-invisible elementor-widget elementor-widget-heading\" data-id=\"e1fb4ca\" data-element_type=\"widget\" data-settings=\"{&quot;_animation&quot;:&quot;fadeInUp&quot;}\" data-widget_type=\"heading.default\">\n\t\t\t\t<div class=\"elementor-widget-container\">\n\t\t\t\t\t<h2 class=\"elementor-heading-title elementor-size-default\">L\u2019\u00c9QUIPE<\/h2>\t\t\t\t<\/div>\n\t\t\t\t<\/div>\n\t\t\t\t<section class=\"elementor-section elementor-inner-section elementor-element elementor-element-f87115a elementor-section-boxed elementor-section-height-default elementor-section-height-default\" data-id=\"f87115a\" data-element_type=\"section\">\n\t\t\t\t\t\t<div class=\"elementor-container elementor-column-gap-default\">\n\t\t\t\t\t<div class=\"elementor-column elementor-col-33 elementor-inner-column elementor-element elementor-element-00ab6f2\" data-id=\"00ab6f2\" data-element_type=\"column\">\n\t\t\t<div class=\"elementor-widget-wrap\">\n\t\t\t\t\t\t\t<\/div>\n\t\t<\/div>\n\t\t\t\t<div class=\"elementor-column elementor-col-33 elementor-inner-column elementor-element elementor-element-12ff9fd\" data-id=\"12ff9fd\" data-element_type=\"column\">\n\t\t\t<div class=\"elementor-widget-wrap elementor-element-populated\">\n\t\t\t\t\t\t<div class=\"elementor-element elementor-element-dcc93d9 elementor-invisible elementor-widget elementor-widget-text-editor\" data-id=\"dcc93d9\" data-element_type=\"widget\" data-settings=\"{&quot;_animation&quot;:&quot;fadeInUp&quot;}\" data-widget_type=\"text-editor.default\">\n\t\t\t\t<div class=\"elementor-widget-container\">\n\t\t\t\t\t\t\t\t\t<p>L&rsquo;\u00e9quipe de Les Moles est l&rsquo;un des piliers de cette maison. Jeroni d&rsquo;abord, puis Carmen, maintenant aussi Pau et Roger, et tous les compagnons de cuisine et de table, ont \u00e9t\u00e9 charg\u00e9s de faire grandir ce restaurant.<\/p>\t\t\t\t\t\t\t\t<\/div>\n\t\t\t\t<\/div>\n\t\t\t\t\t<\/div>\n\t\t<\/div>\n\t\t\t\t<div class=\"elementor-column elementor-col-33 elementor-inner-column elementor-element elementor-element-ba78a6e\" data-id=\"ba78a6e\" data-element_type=\"column\">\n\t\t\t<div class=\"elementor-widget-wrap\">\n\t\t\t\t\t\t\t<\/div>\n\t\t<\/div>\n\t\t\t\t\t<\/div>\n\t\t<\/section>\n\t\t\t\t\t<\/div>\n\t\t<\/div>\n\t\t\t\t\t<\/div>\n\t\t<\/section>\n\t\t\t\t<section class=\"elementor-section elementor-top-section elementor-element elementor-element-004e507 elementor-section-boxed elementor-section-height-default elementor-section-height-default\" data-id=\"004e507\" data-element_type=\"section\">\n\t\t\t\t\t\t<div class=\"elementor-container elementor-column-gap-no\">\n\t\t\t\t\t<div class=\"elementor-column elementor-col-100 elementor-top-column elementor-element elementor-element-26cf808\" data-id=\"26cf808\" data-element_type=\"column\" data-settings=\"{&quot;background_background&quot;:&quot;gradient&quot;}\">\n\t\t\t<div class=\"elementor-widget-wrap elementor-element-populated\">\n\t\t\t\t\t\t<section class=\"elementor-section elementor-inner-section elementor-element elementor-element-9b2dd17 elementor-section-full_width elementor-section-content-middle elementor-section-height-default elementor-section-height-default\" data-id=\"9b2dd17\" data-element_type=\"section\">\n\t\t\t\t\t\t<div class=\"elementor-container elementor-column-gap-default\">\n\t\t\t\t\t<div class=\"elementor-column elementor-col-50 elementor-inner-column elementor-element elementor-element-5bbd37c\" data-id=\"5bbd37c\" data-element_type=\"column\" data-settings=\"{&quot;background_background&quot;:&quot;classic&quot;}\">\n\t\t\t<div class=\"elementor-widget-wrap elementor-element-populated\">\n\t\t\t\t\t\t<div class=\"elementor-element elementor-element-f162b06 elementor-invisible elementor-widget elementor-widget-heading\" data-id=\"f162b06\" data-element_type=\"widget\" data-settings=\"{&quot;_animation&quot;:&quot;fadeIn&quot;}\" data-widget_type=\"heading.default\">\n\t\t\t\t<div class=\"elementor-widget-container\">\n\t\t\t\t\t<h2 class=\"elementor-heading-title elementor-size-default\">Jeroni Castell<\/h2>\t\t\t\t<\/div>\n\t\t\t\t<\/div>\n\t\t\t\t<div class=\"elementor-element elementor-element-7e0475a elementor-invisible elementor-widget elementor-widget-text-editor\" data-id=\"7e0475a\" data-element_type=\"widget\" data-settings=\"{&quot;_animation&quot;:&quot;fadeIn&quot;}\" data-widget_type=\"text-editor.default\">\n\t\t\t\t<div class=\"elementor-widget-container\">\n\t\t\t\t\t\t\t\t\t<p><span style=\"font-weight: 400;\">Propri\u00e9taire, conjointement avec son \u00e9pouse Carmen, et chef du restaurant Les Moles ; Jeroni a d\u00e9couvert sa v\u00e9ritable vocation, la cuisine, sur le tard et par hasard. Les d\u00e9buts furent tr\u00e8s durs mais petit \u00e0 petit et en autodidacte, le monde des saveurs et les exp\u00e9riences gastronomiques sont devenus sa grande passion. Une des pr\u00e9dilections de Jeroni est le terroir qui l\u2019a vu na\u00eetre et grandir comme personne et comme restaurateur. Ce terroir, au sud et au nord de la rivi\u00e8re S\u00e9nia, lui a donn\u00e9, en \u00e9change du respect, de l\u2019engagement et du soin, les meilleurs produits dont un chef pourrait r\u00eaver. L\u2019huile d\u2019olive extra vierge, les huitres, le riz de Montsi\u00e0, la ch\u00e8vre des montagnes ou le thon rouge de Balfeg\u00f3, entre autres, sont les outils d\u2019expression de la cuisine de Les Moles, un restaurant qui se trouve juste \u00e0 la crois\u00e9e des chemins entre pass\u00e9 et futur, entre tradition et modernit\u00e9.<\/span><\/p><p><span style=\"font-weight: 400;\">La cuisine de Jeroni Castell s\u2019est forg\u00e9e avec le temps au moyen d\u2019une philosophie propre qui en fait une cuisine unique, singuli\u00e8re et reconnaissable. Le terroir, le facteur surprise, la cr\u00e9ativit\u00e9, le non-conformisme et la technique sont les outils qu\u2019il utilise pour faire ce qu\u2019illustrent si bien ses cr\u00e9ations : se maintenir fid\u00e8le \u00e0 une philosophie.<\/span><\/p>\t\t\t\t\t\t\t\t<\/div>\n\t\t\t\t<\/div>\n\t\t\t\t<div class=\"elementor-element elementor-element-1c5ed28 elementor-hidden-desktop elementor-hidden-tablet elementor-invisible elementor-widget elementor-widget-image\" data-id=\"1c5ed28\" data-element_type=\"widget\" data-settings=\"{&quot;_animation&quot;:&quot;slideInRight&quot;}\" data-widget_type=\"image.default\">\n\t\t\t\t<div class=\"elementor-widget-container\">\n\t\t\t\t\t\t\t\t\t\t\t\t\t\t\t\t<a href=\"https:\/\/lesmoles.com\/wp-content\/uploads\/2021\/12\/equip_lesmoles_2.jpg\" data-elementor-open-lightbox=\"yes\" data-elementor-lightbox-title=\"equip_lesmoles_2\" data-e-action-hash=\"#elementor-action%3Aaction%3Dlightbox%26settings%3DeyJpZCI6MTIzMCwidXJsIjoiaHR0cHM6XC9cL2xlc21vbGVzLmNvbVwvd3AtY29udGVudFwvdXBsb2Fkc1wvMjAyMVwvMTJcL2VxdWlwX2xlc21vbGVzXzIuanBnIn0%3D\">\n\t\t\t\t\t\t\t<img fetchpriority=\"high\" decoding=\"async\" width=\"1024\" height=\"695\" src=\"https:\/\/lesmoles.com\/wp-content\/uploads\/2021\/12\/equip_lesmoles_2-1024x695.jpg\" class=\"attachment-large size-large wp-image-1230\" alt=\"\" srcset=\"https:\/\/lesmoles.com\/wp-content\/uploads\/2021\/12\/equip_lesmoles_2-1024x695.jpg 1024w, https:\/\/lesmoles.com\/wp-content\/uploads\/2021\/12\/equip_lesmoles_2-600x407.jpg 600w, https:\/\/lesmoles.com\/wp-content\/uploads\/2021\/12\/equip_lesmoles_2-300x204.jpg 300w, https:\/\/lesmoles.com\/wp-content\/uploads\/2021\/12\/equip_lesmoles_2-768x521.jpg 768w, https:\/\/lesmoles.com\/wp-content\/uploads\/2021\/12\/equip_lesmoles_2.jpg 1200w\" sizes=\"(max-width: 1024px) 100vw, 1024px\" \/>\t\t\t\t\t\t\t\t<\/a>\n\t\t\t\t\t\t\t\t\t\t\t\t\t\t\t<\/div>\n\t\t\t\t<\/div>\n\t\t\t\t\t<\/div>\n\t\t<\/div>\n\t\t\t\t<div class=\"elementor-column elementor-col-50 elementor-inner-column elementor-element elementor-element-84e6ba4 elementor-hidden-mobile\" data-id=\"84e6ba4\" data-element_type=\"column\">\n\t\t\t<div class=\"elementor-widget-wrap elementor-element-populated\">\n\t\t\t\t\t\t<div class=\"elementor-element elementor-element-fbd20fc elementor-invisible elementor-widget elementor-widget-image\" data-id=\"fbd20fc\" data-element_type=\"widget\" data-settings=\"{&quot;_animation&quot;:&quot;slideInRight&quot;}\" data-widget_type=\"image.default\">\n\t\t\t\t<div class=\"elementor-widget-container\">\n\t\t\t\t\t\t\t\t\t\t\t\t\t\t\t\t<a href=\"https:\/\/lesmoles.com\/wp-content\/uploads\/2022\/04\/BONA_ClaudioIanau-70_menuda.jpg\" data-elementor-open-lightbox=\"yes\" data-elementor-lightbox-title=\"Les Moles Retratos\" data-e-action-hash=\"#elementor-action%3Aaction%3Dlightbox%26settings%3DeyJpZCI6MzUyOSwidXJsIjoiaHR0cHM6XC9cL2xlc21vbGVzLmNvbVwvd3AtY29udGVudFwvdXBsb2Fkc1wvMjAyMlwvMDRcL0JPTkFfQ2xhdWRpb0lhbmF1LTcwX21lbnVkYS5qcGcifQ%3D%3D\">\n\t\t\t\t\t\t\t<img decoding=\"async\" width=\"1024\" height=\"683\" src=\"https:\/\/lesmoles.com\/wp-content\/uploads\/2022\/04\/BONA_ClaudioIanau-70_menuda-1024x683.jpg\" class=\"attachment-large size-large wp-image-3529\" alt=\"\" srcset=\"https:\/\/lesmoles.com\/wp-content\/uploads\/2022\/04\/BONA_ClaudioIanau-70_menuda-1024x683.jpg 1024w, https:\/\/lesmoles.com\/wp-content\/uploads\/2022\/04\/BONA_ClaudioIanau-70_menuda-300x200.jpg 300w, https:\/\/lesmoles.com\/wp-content\/uploads\/2022\/04\/BONA_ClaudioIanau-70_menuda-768x512.jpg 768w, https:\/\/lesmoles.com\/wp-content\/uploads\/2022\/04\/BONA_ClaudioIanau-70_menuda-1536x1024.jpg 1536w, https:\/\/lesmoles.com\/wp-content\/uploads\/2022\/04\/BONA_ClaudioIanau-70_menuda-2048x1365.jpg 2048w, https:\/\/lesmoles.com\/wp-content\/uploads\/2022\/04\/BONA_ClaudioIanau-70_menuda-600x400.jpg 600w\" sizes=\"(max-width: 1024px) 100vw, 1024px\" \/>\t\t\t\t\t\t\t\t<\/a>\n\t\t\t\t\t\t\t\t\t\t\t\t\t\t\t<\/div>\n\t\t\t\t<\/div>\n\t\t\t\t\t<\/div>\n\t\t<\/div>\n\t\t\t\t\t<\/div>\n\t\t<\/section>\n\t\t\t\t\t<\/div>\n\t\t<\/div>\n\t\t\t\t\t<\/div>\n\t\t<\/section>\n\t\t\t\t<section class=\"elementor-section elementor-top-section elementor-element elementor-element-76c1dbe elementor-section-content-middle elementor-reverse-mobile elementor-section-boxed elementor-section-height-default elementor-section-height-default\" data-id=\"76c1dbe\" data-element_type=\"section\">\n\t\t\t\t\t\t<div class=\"elementor-container elementor-column-gap-no\">\n\t\t\t\t\t<div class=\"elementor-column elementor-col-50 elementor-top-column elementor-element elementor-element-ba152a7\" data-id=\"ba152a7\" data-element_type=\"column\">\n\t\t\t<div class=\"elementor-widget-wrap elementor-element-populated\">\n\t\t\t\t\t\t<div class=\"elementor-element elementor-element-beb938e elementor-invisible elementor-widget elementor-widget-image\" data-id=\"beb938e\" data-element_type=\"widget\" data-settings=\"{&quot;_animation&quot;:&quot;slideInLeft&quot;}\" data-widget_type=\"image.default\">\n\t\t\t\t<div class=\"elementor-widget-container\">\n\t\t\t\t\t\t\t\t\t\t\t\t\t\t\t\t<a href=\"https:\/\/lesmoles.com\/wp-content\/uploads\/2022\/04\/ClaudioIanau-12_menuda.jpg\" data-elementor-open-lightbox=\"yes\" data-elementor-lightbox-title=\"Les Moles Retratos\" data-e-action-hash=\"#elementor-action%3Aaction%3Dlightbox%26settings%3DeyJpZCI6MzUzMywidXJsIjoiaHR0cHM6XC9cL2xlc21vbGVzLmNvbVwvd3AtY29udGVudFwvdXBsb2Fkc1wvMjAyMlwvMDRcL0NsYXVkaW9JYW5hdS0xMl9tZW51ZGEuanBnIn0%3D\">\n\t\t\t\t\t\t\t<img decoding=\"async\" width=\"1024\" height=\"683\" src=\"https:\/\/lesmoles.com\/wp-content\/uploads\/2022\/04\/ClaudioIanau-12_menuda-1024x683.jpg\" class=\"attachment-large size-large wp-image-3533\" alt=\"\" srcset=\"https:\/\/lesmoles.com\/wp-content\/uploads\/2022\/04\/ClaudioIanau-12_menuda-1024x683.jpg 1024w, https:\/\/lesmoles.com\/wp-content\/uploads\/2022\/04\/ClaudioIanau-12_menuda-300x200.jpg 300w, https:\/\/lesmoles.com\/wp-content\/uploads\/2022\/04\/ClaudioIanau-12_menuda-768x512.jpg 768w, https:\/\/lesmoles.com\/wp-content\/uploads\/2022\/04\/ClaudioIanau-12_menuda-1536x1024.jpg 1536w, https:\/\/lesmoles.com\/wp-content\/uploads\/2022\/04\/ClaudioIanau-12_menuda-2048x1366.jpg 2048w, https:\/\/lesmoles.com\/wp-content\/uploads\/2022\/04\/ClaudioIanau-12_menuda-600x400.jpg 600w\" sizes=\"(max-width: 1024px) 100vw, 1024px\" \/>\t\t\t\t\t\t\t\t<\/a>\n\t\t\t\t\t\t\t\t\t\t\t\t\t\t\t<\/div>\n\t\t\t\t<\/div>\n\t\t\t\t\t<\/div>\n\t\t<\/div>\n\t\t\t\t<div class=\"elementor-column elementor-col-50 elementor-top-column elementor-element elementor-element-4d742e9\" data-id=\"4d742e9\" data-element_type=\"column\">\n\t\t\t<div class=\"elementor-widget-wrap elementor-element-populated\">\n\t\t\t\t\t\t<div class=\"elementor-element elementor-element-280d9bb elementor-widget elementor-widget-heading\" data-id=\"280d9bb\" data-element_type=\"widget\" data-widget_type=\"heading.default\">\n\t\t\t\t<div class=\"elementor-widget-container\">\n\t\t\t\t\t<h2 class=\"elementor-heading-title elementor-size-default\">Carmen Sauch<\/h2>\t\t\t\t<\/div>\n\t\t\t\t<\/div>\n\t\t\t\t<div class=\"elementor-element elementor-element-1c4a76b elementor-widget elementor-widget-text-editor\" data-id=\"1c4a76b\" data-element_type=\"widget\" data-widget_type=\"text-editor.default\">\n\t\t\t\t<div class=\"elementor-widget-container\">\n\t\t\t\t\t\t\t\t\t<p>Les vins sont sa passion et elle attache une grande importance aux d\u00e9tails ; elle est en charge de la salle et de la cave du restaurant. Elle s\u2019est form\u00e9e \u00e0 l\u2019URV (Universit\u00e9 Rovira et Virgili de Tarragona) et avec sa soif d\u2019apprendre et de d\u00e9couvrir de nouveaux ar\u00f4mes et de nouvelles histoires, Carmen a \u00e9t\u00e9 capable de donner une nouvelle direction \u00e0 notre cave, \u00e0 sa carte des vins et des cavas, en introduisant progressivement de nouvelles D\u00e9nomination d\u2019Origine ; au jour d\u2019aujourd\u2019hui nous en avons environ soixante-dix, avec pr\u00e8s de quatre-cents r\u00e9f\u00e9rences nationales et internationales. Toutefois, le changement le plus important n\u2019est pas l\u2019agrandissement de la cave mais plut\u00f4t le changement de philosophie dans la recherche et l\u2019acquisition de nouvelles r\u00e9f\u00e9rences. Des vins qui s\u2019adaptent plus \u00e0 la cuisine de Les Moles, des vins inconnus mais poss\u00e9dant une grande histoire, des vins innovants et audacieux. <br \/>En 2012, Les Moles s\u2019est embarqu\u00e9 dans un nouveau projet chapeaut\u00e9 par Carmen : l\u2019\u00e9laboration de ses propres vins. Un blanc, un rouge, un vin de garde et le Carmen\u2019s, un vin qui porte son nom et sa marque plus personnelle ; un vin \u00e9labor\u00e9 avec du macabeu provenant de vieilles vignes, ferment\u00e9 et \u00e9lev\u00e9 durant huit mois en tonneau neuf de ch\u00eane fran\u00e7ais.<\/p>\t\t\t\t\t\t\t\t<\/div>\n\t\t\t\t<\/div>\n\t\t\t\t\t<\/div>\n\t\t<\/div>\n\t\t\t\t\t<\/div>\n\t\t<\/section>\n\t\t\t\t<section class=\"elementor-section elementor-top-section elementor-element elementor-element-ad4a9c4 elementor-hidden-mobile elementor-section-boxed elementor-section-height-default elementor-section-height-default\" data-id=\"ad4a9c4\" data-element_type=\"section\">\n\t\t\t\t\t\t<div class=\"elementor-container elementor-column-gap-no\">\n\t\t\t\t\t<div class=\"elementor-column elementor-col-100 elementor-top-column elementor-element elementor-element-dbc4b14\" data-id=\"dbc4b14\" data-element_type=\"column\" data-settings=\"{&quot;background_background&quot;:&quot;gradient&quot;}\">\n\t\t\t<div class=\"elementor-widget-wrap elementor-element-populated\">\n\t\t\t\t\t\t<section class=\"elementor-section elementor-inner-section elementor-element elementor-element-cd56eb7 elementor-section-full_width elementor-section-content-middle elementor-section-height-default elementor-section-height-default\" data-id=\"cd56eb7\" data-element_type=\"section\">\n\t\t\t\t\t\t<div class=\"elementor-container elementor-column-gap-default\">\n\t\t\t\t\t<div class=\"elementor-column elementor-col-50 elementor-inner-column elementor-element elementor-element-2a9c107\" data-id=\"2a9c107\" data-element_type=\"column\">\n\t\t\t<div class=\"elementor-widget-wrap elementor-element-populated\">\n\t\t\t\t\t\t<div class=\"elementor-element elementor-element-82dbcec elementor-invisible elementor-widget elementor-widget-heading\" data-id=\"82dbcec\" data-element_type=\"widget\" data-settings=\"{&quot;_animation&quot;:&quot;fadeIn&quot;}\" data-widget_type=\"heading.default\">\n\t\t\t\t<div class=\"elementor-widget-container\">\n\t\t\t\t\t<h2 class=\"elementor-heading-title elementor-size-default\">Pau Castell<\/h2>\t\t\t\t<\/div>\n\t\t\t\t<\/div>\n\t\t\t\t<div class=\"elementor-element elementor-element-ba44d82 elementor-invisible elementor-widget elementor-widget-text-editor\" data-id=\"ba44d82\" data-element_type=\"widget\" data-settings=\"{&quot;_animation&quot;:&quot;fadeIn&quot;}\" data-widget_type=\"text-editor.default\">\n\t\t\t\t<div class=\"elementor-widget-container\">\n\t\t\t\t\t\t\t\t\t<p>Pau est l\u2019ain\u00e9 des Castell Sauch. Il a grandi parmi les fourneaux et les casseroles et apr\u00e8s un essai alors qu\u2019il avait quinze ans, il allait d\u00e9cider qu\u2019il ne voulait pas se consacrer \u00e0 la cuisine. Ayant fait des sciences \u00e9conomiques sont objectif, \u00e0 21 ans il allait d\u00e9couvrir sa fascination pour la haute gastronomie. Bras droit de son p\u00e8re et second de cuisine depuis 2107, Pau a fait des stages dans des restaurants comme DiverXo (Madrid), Disfrutar (Barcelona), Azurmendi (Larrabetzu) ou Gasthof R\u00f6sssli (Suisse). En 2017 il fut parmi les dix finalistes du concours San Pellegrino Young Chef. En 2019 il obtint le deuxi\u00e8me prix du concours Chef Balfeg\u00f3 et, un an plus tard, en 2020, il fut le grand gagnant de la premi\u00e8re \u00e9dition du Talentos Martiko.<\/p>\t\t\t\t\t\t\t\t<\/div>\n\t\t\t\t<\/div>\n\t\t\t\t\t<\/div>\n\t\t<\/div>\n\t\t\t\t<div class=\"elementor-column elementor-col-50 elementor-inner-column elementor-element elementor-element-44dfa6f\" data-id=\"44dfa6f\" data-element_type=\"column\">\n\t\t\t<div class=\"elementor-widget-wrap elementor-element-populated\">\n\t\t\t\t\t\t<div class=\"elementor-element elementor-element-266cebb elementor-invisible elementor-widget elementor-widget-image\" data-id=\"266cebb\" data-element_type=\"widget\" data-settings=\"{&quot;_animation&quot;:&quot;slideInRight&quot;}\" data-widget_type=\"image.default\">\n\t\t\t\t<div class=\"elementor-widget-container\">\n\t\t\t\t\t\t\t\t\t\t\t\t\t\t\t\t<a href=\"https:\/\/lesmoles.com\/wp-content\/uploads\/2021\/12\/equip_lesmoles_4.jpg\" data-elementor-open-lightbox=\"yes\" data-elementor-lightbox-title=\"equip_lesmoles_4\" data-e-action-hash=\"#elementor-action%3Aaction%3Dlightbox%26settings%3DeyJpZCI6MTIzMiwidXJsIjoiaHR0cHM6XC9cL2xlc21vbGVzLmNvbVwvd3AtY29udGVudFwvdXBsb2Fkc1wvMjAyMVwvMTJcL2VxdWlwX2xlc21vbGVzXzQuanBnIn0%3D\">\n\t\t\t\t\t\t\t<img loading=\"lazy\" decoding=\"async\" width=\"1024\" height=\"683\" src=\"https:\/\/lesmoles.com\/wp-content\/uploads\/2021\/12\/equip_lesmoles_4-1024x683.jpg\" class=\"attachment-large size-large wp-image-1232\" alt=\"\" srcset=\"https:\/\/lesmoles.com\/wp-content\/uploads\/2021\/12\/equip_lesmoles_4-1024x683.jpg 1024w, https:\/\/lesmoles.com\/wp-content\/uploads\/2021\/12\/equip_lesmoles_4-600x400.jpg 600w, https:\/\/lesmoles.com\/wp-content\/uploads\/2021\/12\/equip_lesmoles_4-300x200.jpg 300w, https:\/\/lesmoles.com\/wp-content\/uploads\/2021\/12\/equip_lesmoles_4-768x512.jpg 768w, https:\/\/lesmoles.com\/wp-content\/uploads\/2021\/12\/equip_lesmoles_4.jpg 1200w\" sizes=\"(max-width: 1024px) 100vw, 1024px\" \/>\t\t\t\t\t\t\t\t<\/a>\n\t\t\t\t\t\t\t\t\t\t\t\t\t\t\t<\/div>\n\t\t\t\t<\/div>\n\t\t\t\t\t<\/div>\n\t\t<\/div>\n\t\t\t\t\t<\/div>\n\t\t<\/section>\n\t\t\t\t\t<\/div>\n\t\t<\/div>\n\t\t\t\t\t<\/div>\n\t\t<\/section>\n\t\t\t\t<section class=\"elementor-section elementor-top-section elementor-element elementor-element-3d8873c elementor-hidden-desktop elementor-hidden-tablet elementor-section-boxed elementor-section-height-default elementor-section-height-default\" data-id=\"3d8873c\" data-element_type=\"section\">\n\t\t\t\t\t\t<div class=\"elementor-container elementor-column-gap-no\">\n\t\t\t\t\t<div class=\"elementor-column elementor-col-100 elementor-top-column elementor-element elementor-element-a95094f\" data-id=\"a95094f\" data-element_type=\"column\" data-settings=\"{&quot;background_background&quot;:&quot;classic&quot;}\">\n\t\t\t<div class=\"elementor-widget-wrap elementor-element-populated\">\n\t\t\t\t\t\t<section class=\"elementor-section elementor-inner-section elementor-element elementor-element-7bf011d elementor-section-full_width elementor-section-content-middle elementor-section-height-default elementor-section-height-default\" data-id=\"7bf011d\" data-element_type=\"section\">\n\t\t\t\t\t\t<div class=\"elementor-container elementor-column-gap-default\">\n\t\t\t\t\t<div class=\"elementor-column elementor-col-50 elementor-inner-column elementor-element elementor-element-5d14c51\" data-id=\"5d14c51\" data-element_type=\"column\">\n\t\t\t<div class=\"elementor-widget-wrap elementor-element-populated\">\n\t\t\t\t\t\t<div class=\"elementor-element elementor-element-cc41e3d elementor-invisible elementor-widget elementor-widget-heading\" data-id=\"cc41e3d\" data-element_type=\"widget\" data-settings=\"{&quot;_animation&quot;:&quot;fadeIn&quot;}\" data-widget_type=\"heading.default\">\n\t\t\t\t<div class=\"elementor-widget-container\">\n\t\t\t\t\t<h2 class=\"elementor-heading-title elementor-size-default\">Pau Castell<\/h2>\t\t\t\t<\/div>\n\t\t\t\t<\/div>\n\t\t\t\t<div class=\"elementor-element elementor-element-73fecbc elementor-invisible elementor-widget elementor-widget-text-editor\" data-id=\"73fecbc\" data-element_type=\"widget\" data-settings=\"{&quot;_animation&quot;:&quot;fadeIn&quot;}\" data-widget_type=\"text-editor.default\">\n\t\t\t\t<div class=\"elementor-widget-container\">\n\t\t\t\t\t\t\t\t\t<p>Pau \u00e9s el gran dels Castell Sauch. Criat entre fogons i cassoles, despr\u00e9s d\u2019un intent als quinze anys va decidir que no volia dedicar-se a la cuina. Ja encaminat cap a les ci\u00e8ncies econ\u00f2miques, als 21 anys va descobrir la seva fascinaci\u00f3 per l\u2019alta gastronomia. M\u00e0 dreta del seu pare i segond de cuina des del 2017, Pau ha fet de stagier a restaurants com DiverXo, Disfrutar, Azurmendi o Gasthof R\u00f6ssli (Su\u00efssa). L\u2019any 2017 va ser un dels deu finalistes del concurs San Pellegrino Young Chef. L\u2019any 2019 va guanyar el segon premi del concurs Chef Balfeg\u00f3 I, un any m\u00e9s tard, el 2020, va resultar guanyador de la primera edici\u00f3 del Talentos Martiko.<\/p>\t\t\t\t\t\t\t\t<\/div>\n\t\t\t\t<\/div>\n\t\t\t\t\t<\/div>\n\t\t<\/div>\n\t\t\t\t<div class=\"elementor-column elementor-col-50 elementor-inner-column elementor-element elementor-element-72ae5b9\" data-id=\"72ae5b9\" data-element_type=\"column\">\n\t\t\t<div class=\"elementor-widget-wrap elementor-element-populated\">\n\t\t\t\t\t\t<div class=\"elementor-element elementor-element-503368a elementor-invisible elementor-widget elementor-widget-image\" data-id=\"503368a\" data-element_type=\"widget\" data-settings=\"{&quot;_animation&quot;:&quot;slideInRight&quot;}\" data-widget_type=\"image.default\">\n\t\t\t\t<div class=\"elementor-widget-container\">\n\t\t\t\t\t\t\t\t\t\t\t\t\t\t\t\t<a href=\"https:\/\/lesmoles.com\/wp-content\/uploads\/2021\/12\/equip_lesmoles_4.jpg\" data-elementor-open-lightbox=\"yes\" data-elementor-lightbox-title=\"equip_lesmoles_4\" data-e-action-hash=\"#elementor-action%3Aaction%3Dlightbox%26settings%3DeyJpZCI6MTIzMiwidXJsIjoiaHR0cHM6XC9cL2xlc21vbGVzLmNvbVwvd3AtY29udGVudFwvdXBsb2Fkc1wvMjAyMVwvMTJcL2VxdWlwX2xlc21vbGVzXzQuanBnIn0%3D\">\n\t\t\t\t\t\t\t<img loading=\"lazy\" decoding=\"async\" width=\"1024\" height=\"683\" src=\"https:\/\/lesmoles.com\/wp-content\/uploads\/2021\/12\/equip_lesmoles_4-1024x683.jpg\" class=\"attachment-large size-large wp-image-1232\" alt=\"\" srcset=\"https:\/\/lesmoles.com\/wp-content\/uploads\/2021\/12\/equip_lesmoles_4-1024x683.jpg 1024w, https:\/\/lesmoles.com\/wp-content\/uploads\/2021\/12\/equip_lesmoles_4-600x400.jpg 600w, https:\/\/lesmoles.com\/wp-content\/uploads\/2021\/12\/equip_lesmoles_4-300x200.jpg 300w, https:\/\/lesmoles.com\/wp-content\/uploads\/2021\/12\/equip_lesmoles_4-768x512.jpg 768w, https:\/\/lesmoles.com\/wp-content\/uploads\/2021\/12\/equip_lesmoles_4.jpg 1200w\" sizes=\"(max-width: 1024px) 100vw, 1024px\" \/>\t\t\t\t\t\t\t\t<\/a>\n\t\t\t\t\t\t\t\t\t\t\t\t\t\t\t<\/div>\n\t\t\t\t<\/div>\n\t\t\t\t\t<\/div>\n\t\t<\/div>\n\t\t\t\t\t<\/div>\n\t\t<\/section>\n\t\t\t\t\t<\/div>\n\t\t<\/div>\n\t\t\t\t\t<\/div>\n\t\t<\/section>\n\t\t\t\t<section class=\"elementor-section elementor-top-section elementor-element elementor-element-1093650 elementor-section-content-middle elementor-reverse-mobile elementor-section-boxed elementor-section-height-default elementor-section-height-default\" data-id=\"1093650\" data-element_type=\"section\">\n\t\t\t\t\t\t<div class=\"elementor-container elementor-column-gap-no\">\n\t\t\t\t\t<div class=\"elementor-column elementor-col-50 elementor-top-column elementor-element elementor-element-beb4be2\" data-id=\"beb4be2\" data-element_type=\"column\">\n\t\t\t<div class=\"elementor-widget-wrap elementor-element-populated\">\n\t\t\t\t\t\t<div class=\"elementor-element elementor-element-c83308c elementor-invisible elementor-widget elementor-widget-image\" data-id=\"c83308c\" data-element_type=\"widget\" data-settings=\"{&quot;_animation&quot;:&quot;slideInLeft&quot;}\" data-widget_type=\"image.default\">\n\t\t\t\t<div class=\"elementor-widget-container\">\n\t\t\t\t\t\t\t\t\t\t\t\t\t\t\t\t<a href=\"https:\/\/lesmoles.com\/wp-content\/uploads\/2022\/08\/Roger-Castell.jpg\" data-elementor-open-lightbox=\"yes\" data-elementor-lightbox-title=\"Roger Castell\" data-e-action-hash=\"#elementor-action%3Aaction%3Dlightbox%26settings%3DeyJpZCI6NDQzMiwidXJsIjoiaHR0cHM6XC9cL2xlc21vbGVzLmNvbVwvd3AtY29udGVudFwvdXBsb2Fkc1wvMjAyMlwvMDhcL1JvZ2VyLUNhc3RlbGwuanBnIn0%3D\">\n\t\t\t\t\t\t\t<img loading=\"lazy\" decoding=\"async\" width=\"1024\" height=\"683\" src=\"https:\/\/lesmoles.com\/wp-content\/uploads\/2022\/08\/Roger-Castell-1024x683.jpg\" class=\"attachment-large size-large wp-image-4432\" alt=\"\" srcset=\"https:\/\/lesmoles.com\/wp-content\/uploads\/2022\/08\/Roger-Castell-1024x683.jpg 1024w, https:\/\/lesmoles.com\/wp-content\/uploads\/2022\/08\/Roger-Castell-300x200.jpg 300w, https:\/\/lesmoles.com\/wp-content\/uploads\/2022\/08\/Roger-Castell-768x512.jpg 768w, https:\/\/lesmoles.com\/wp-content\/uploads\/2022\/08\/Roger-Castell-600x400.jpg 600w, https:\/\/lesmoles.com\/wp-content\/uploads\/2022\/08\/Roger-Castell.jpg 1500w\" sizes=\"(max-width: 1024px) 100vw, 1024px\" \/>\t\t\t\t\t\t\t\t<\/a>\n\t\t\t\t\t\t\t\t\t\t\t\t\t\t\t<\/div>\n\t\t\t\t<\/div>\n\t\t\t\t\t<\/div>\n\t\t<\/div>\n\t\t\t\t<div class=\"elementor-column elementor-col-50 elementor-top-column elementor-element elementor-element-dc5c3d5\" data-id=\"dc5c3d5\" data-element_type=\"column\">\n\t\t\t<div class=\"elementor-widget-wrap elementor-element-populated\">\n\t\t\t\t\t\t<div class=\"elementor-element elementor-element-221dea6 elementor-widget elementor-widget-heading\" data-id=\"221dea6\" data-element_type=\"widget\" data-widget_type=\"heading.default\">\n\t\t\t\t<div class=\"elementor-widget-container\">\n\t\t\t\t\t<h2 class=\"elementor-heading-title elementor-size-default\">Roger Castell<\/h2>\t\t\t\t<\/div>\n\t\t\t\t<\/div>\n\t\t\t\t<div class=\"elementor-element elementor-element-eadeb42 elementor-widget elementor-widget-text-editor\" data-id=\"eadeb42\" data-element_type=\"widget\" data-widget_type=\"text-editor.default\">\n\t\t\t\t<div class=\"elementor-widget-container\">\n\t\t\t\t\t\t\t\t\t<p>Roger est le benjamin et s\u2019est progressivement incorpor\u00e9 \u00e0 la grande famille que repr\u00e9sente Les Moles. Tout en orientant son futur il a assum\u00e9 toujours plus de fonctions et actuellement il apprend les secrets du travail en salle de la main de Carmen.<\/p>\t\t\t\t\t\t\t\t<\/div>\n\t\t\t\t<\/div>\n\t\t\t\t\t<\/div>\n\t\t<\/div>\n\t\t\t\t\t<\/div>\n\t\t<\/section>\n\t\t\t\t<section class=\"elementor-section elementor-top-section elementor-element elementor-element-d26def5 elementor-section-boxed elementor-section-height-default elementor-section-height-default\" data-id=\"d26def5\" data-element_type=\"section\">\n\t\t\t\t\t\t<div class=\"elementor-container elementor-column-gap-no\">\n\t\t\t\t\t<div class=\"elementor-column elementor-col-100 elementor-top-column elementor-element elementor-element-0bed18f\" data-id=\"0bed18f\" data-element_type=\"column\" data-settings=\"{&quot;background_background&quot;:&quot;gradient&quot;}\">\n\t\t\t<div class=\"elementor-widget-wrap elementor-element-populated\">\n\t\t\t\t\t\t<section class=\"elementor-section elementor-inner-section elementor-element elementor-element-ee6fae6 elementor-section-full_width elementor-section-content-middle elementor-section-height-default elementor-section-height-default\" data-id=\"ee6fae6\" data-element_type=\"section\">\n\t\t\t\t\t\t<div class=\"elementor-container elementor-column-gap-default\">\n\t\t\t\t\t<div class=\"elementor-column elementor-col-50 elementor-inner-column elementor-element elementor-element-c6707c4\" data-id=\"c6707c4\" data-element_type=\"column\" data-settings=\"{&quot;background_background&quot;:&quot;classic&quot;}\">\n\t\t\t<div class=\"elementor-widget-wrap elementor-element-populated\">\n\t\t\t\t\t\t<div class=\"elementor-element elementor-element-baf7812 elementor-invisible elementor-widget elementor-widget-heading\" data-id=\"baf7812\" data-element_type=\"widget\" data-settings=\"{&quot;_animation&quot;:&quot;fadeIn&quot;}\" data-widget_type=\"heading.default\">\n\t\t\t\t<div class=\"elementor-widget-container\">\n\t\t\t\t\t<h2 class=\"elementor-heading-title elementor-size-default\">L\u2019\u00e9quipe de cuisine<\/h2>\t\t\t\t<\/div>\n\t\t\t\t<\/div>\n\t\t\t\t<div class=\"elementor-element elementor-element-8cc8cfe elementor-invisible elementor-widget elementor-widget-text-editor\" data-id=\"8cc8cfe\" data-element_type=\"widget\" data-settings=\"{&quot;_animation&quot;:&quot;fadeIn&quot;}\" data-widget_type=\"text-editor.default\">\n\t\t\t\t<div class=\"elementor-widget-container\">\n\t\t\t\t\t\t\t\t\t<p>A Les Moles, nous avons la chance de pouvoir compter sur une formation tr\u00e8s h\u00e9t\u00e9rog\u00e8ne et plurielle de personnes qui nous aident \u00e0 cro\u00eetre quotidiennement. Certaines sont dans notre cuisine depuis plus de vingt ans, comme c\u2019est le cas de Tina qui fut le bras droit de Jer\u00f3nimo durant les premi\u00e8res ann\u00e9es de croissance du restaurant. Mais nous pouvons \u00e9galement compter sur de jeunes qui ont un grand esprit de d\u00e9passement ainsi que des personnes en formation qui forment une \u00e9quipe tr\u00e8s impliqu\u00e9e et unie.<\/p><p><strong>\u201cSans Tina, l\u2019histoire de Les Moles se serait \u00e9crite d\u2019une autre fa\u00e7on\u201d.<\/strong><br \/>Jeroni Castell<\/p>\t\t\t\t\t\t\t\t<\/div>\n\t\t\t\t<\/div>\n\t\t\t\t<div class=\"elementor-element elementor-element-c266075 elementor-hidden-desktop elementor-hidden-tablet elementor-invisible elementor-widget elementor-widget-image\" data-id=\"c266075\" data-element_type=\"widget\" data-settings=\"{&quot;_animation&quot;:&quot;slideInRight&quot;}\" data-widget_type=\"image.default\">\n\t\t\t\t<div class=\"elementor-widget-container\">\n\t\t\t\t\t\t\t\t\t\t\t\t\t\t\t\t<a href=\"https:\/\/lesmoles.com\/wp-content\/uploads\/2021\/12\/equip_lesmoles_6.jpg\" data-elementor-open-lightbox=\"yes\" data-elementor-lightbox-title=\"equip_lesmoles_6\" data-e-action-hash=\"#elementor-action%3Aaction%3Dlightbox%26settings%3DeyJpZCI6MTIzNCwidXJsIjoiaHR0cHM6XC9cL2xlc21vbGVzLmNvbVwvd3AtY29udGVudFwvdXBsb2Fkc1wvMjAyMVwvMTJcL2VxdWlwX2xlc21vbGVzXzYuanBnIn0%3D\">\n\t\t\t\t\t\t\t<img loading=\"lazy\" decoding=\"async\" width=\"1024\" height=\"683\" src=\"https:\/\/lesmoles.com\/wp-content\/uploads\/2021\/12\/equip_lesmoles_6-1024x683.jpg\" class=\"attachment-large size-large wp-image-1234\" alt=\"\" srcset=\"https:\/\/lesmoles.com\/wp-content\/uploads\/2021\/12\/equip_lesmoles_6-1024x683.jpg 1024w, https:\/\/lesmoles.com\/wp-content\/uploads\/2021\/12\/equip_lesmoles_6-600x400.jpg 600w, https:\/\/lesmoles.com\/wp-content\/uploads\/2021\/12\/equip_lesmoles_6-300x200.jpg 300w, https:\/\/lesmoles.com\/wp-content\/uploads\/2021\/12\/equip_lesmoles_6-768x512.jpg 768w, https:\/\/lesmoles.com\/wp-content\/uploads\/2021\/12\/equip_lesmoles_6.jpg 1200w\" sizes=\"(max-width: 1024px) 100vw, 1024px\" \/>\t\t\t\t\t\t\t\t<\/a>\n\t\t\t\t\t\t\t\t\t\t\t\t\t\t\t<\/div>\n\t\t\t\t<\/div>\n\t\t\t\t\t<\/div>\n\t\t<\/div>\n\t\t\t\t<div class=\"elementor-column elementor-col-50 elementor-inner-column elementor-element elementor-element-e02739a elementor-hidden-mobile\" data-id=\"e02739a\" data-element_type=\"column\">\n\t\t\t<div class=\"elementor-widget-wrap elementor-element-populated\">\n\t\t\t\t\t\t<div class=\"elementor-element elementor-element-b77ee37 elementor-invisible elementor-widget elementor-widget-image\" data-id=\"b77ee37\" data-element_type=\"widget\" data-settings=\"{&quot;_animation&quot;:&quot;slideInRight&quot;}\" data-widget_type=\"image.default\">\n\t\t\t\t<div class=\"elementor-widget-container\">\n\t\t\t\t\t\t\t\t\t\t\t\t\t\t\t\t<a href=\"https:\/\/lesmoles.com\/wp-content\/uploads\/2022\/08\/La-cuina-de-Les-Moles-1.jpg\" data-elementor-open-lightbox=\"yes\" data-elementor-lightbox-title=\"La cuina de Les Moles\" data-e-action-hash=\"#elementor-action%3Aaction%3Dlightbox%26settings%3DeyJpZCI6NDI1MywidXJsIjoiaHR0cHM6XC9cL2xlc21vbGVzLmNvbVwvd3AtY29udGVudFwvdXBsb2Fkc1wvMjAyMlwvMDhcL0xhLWN1aW5hLWRlLUxlcy1Nb2xlcy0xLmpwZyJ9\">\n\t\t\t\t\t\t\t<img loading=\"lazy\" decoding=\"async\" width=\"1024\" height=\"694\" src=\"https:\/\/lesmoles.com\/wp-content\/uploads\/2022\/08\/La-cuina-de-Les-Moles-1-1024x694.jpg\" class=\"attachment-large size-large wp-image-4253\" alt=\"\" srcset=\"https:\/\/lesmoles.com\/wp-content\/uploads\/2022\/08\/La-cuina-de-Les-Moles-1-1024x694.jpg 1024w, https:\/\/lesmoles.com\/wp-content\/uploads\/2022\/08\/La-cuina-de-Les-Moles-1-300x203.jpg 300w, https:\/\/lesmoles.com\/wp-content\/uploads\/2022\/08\/La-cuina-de-Les-Moles-1-768x520.jpg 768w, https:\/\/lesmoles.com\/wp-content\/uploads\/2022\/08\/La-cuina-de-Les-Moles-1-1536x1041.jpg 1536w, https:\/\/lesmoles.com\/wp-content\/uploads\/2022\/08\/La-cuina-de-Les-Moles-1-2048x1388.jpg 2048w, https:\/\/lesmoles.com\/wp-content\/uploads\/2022\/08\/La-cuina-de-Les-Moles-1-600x407.jpg 600w\" sizes=\"(max-width: 1024px) 100vw, 1024px\" \/>\t\t\t\t\t\t\t\t<\/a>\n\t\t\t\t\t\t\t\t\t\t\t\t\t\t\t<\/div>\n\t\t\t\t<\/div>\n\t\t\t\t\t<\/div>\n\t\t<\/div>\n\t\t\t\t\t<\/div>\n\t\t<\/section>\n\t\t\t\t\t<\/div>\n\t\t<\/div>\n\t\t\t\t\t<\/div>\n\t\t<\/section>\n\t\t\t\t<section class=\"elementor-section elementor-top-section elementor-element elementor-element-b95cda9 elementor-section-content-middle elementor-reverse-mobile elementor-section-boxed elementor-section-height-default elementor-section-height-default\" data-id=\"b95cda9\" data-element_type=\"section\">\n\t\t\t\t\t\t<div class=\"elementor-container elementor-column-gap-no\">\n\t\t\t\t\t<div class=\"elementor-column elementor-col-50 elementor-top-column elementor-element elementor-element-0d1759f\" data-id=\"0d1759f\" data-element_type=\"column\">\n\t\t\t<div class=\"elementor-widget-wrap elementor-element-populated\">\n\t\t\t\t\t\t<div class=\"elementor-element elementor-element-7b2fe59 elementor-invisible elementor-widget elementor-widget-image\" data-id=\"7b2fe59\" data-element_type=\"widget\" data-settings=\"{&quot;_animation&quot;:&quot;slideInLeft&quot;}\" data-widget_type=\"image.default\">\n\t\t\t\t<div class=\"elementor-widget-container\">\n\t\t\t\t\t\t\t\t\t\t\t\t\t\t\t\t<a href=\"https:\/\/lesmoles.com\/wp-content\/uploads\/2022\/08\/Equip-de-sala.jpg\" data-elementor-open-lightbox=\"yes\" data-elementor-lightbox-title=\"Equip de sala\" data-e-action-hash=\"#elementor-action%3Aaction%3Dlightbox%26settings%3DeyJpZCI6NDQxNSwidXJsIjoiaHR0cHM6XC9cL2xlc21vbGVzLmNvbVwvd3AtY29udGVudFwvdXBsb2Fkc1wvMjAyMlwvMDhcL0VxdWlwLWRlLXNhbGEuanBnIn0%3D\">\n\t\t\t\t\t\t\t<img loading=\"lazy\" decoding=\"async\" width=\"1024\" height=\"663\" src=\"https:\/\/lesmoles.com\/wp-content\/uploads\/2022\/08\/Equip-de-sala-1024x663.jpg\" class=\"attachment-large size-large wp-image-4415\" alt=\"\" srcset=\"https:\/\/lesmoles.com\/wp-content\/uploads\/2022\/08\/Equip-de-sala-1024x663.jpg 1024w, https:\/\/lesmoles.com\/wp-content\/uploads\/2022\/08\/Equip-de-sala-300x194.jpg 300w, https:\/\/lesmoles.com\/wp-content\/uploads\/2022\/08\/Equip-de-sala-768x497.jpg 768w, https:\/\/lesmoles.com\/wp-content\/uploads\/2022\/08\/Equip-de-sala-1536x995.jpg 1536w, https:\/\/lesmoles.com\/wp-content\/uploads\/2022\/08\/Equip-de-sala-600x389.jpg 600w, https:\/\/lesmoles.com\/wp-content\/uploads\/2022\/08\/Equip-de-sala.jpg 2000w\" sizes=\"(max-width: 1024px) 100vw, 1024px\" \/>\t\t\t\t\t\t\t\t<\/a>\n\t\t\t\t\t\t\t\t\t\t\t\t\t\t\t<\/div>\n\t\t\t\t<\/div>\n\t\t\t\t\t<\/div>\n\t\t<\/div>\n\t\t\t\t<div class=\"elementor-column elementor-col-50 elementor-top-column elementor-element elementor-element-d675634\" data-id=\"d675634\" data-element_type=\"column\">\n\t\t\t<div class=\"elementor-widget-wrap elementor-element-populated\">\n\t\t\t\t\t\t<div class=\"elementor-element elementor-element-178d757 elementor-widget elementor-widget-heading\" data-id=\"178d757\" data-element_type=\"widget\" data-widget_type=\"heading.default\">\n\t\t\t\t<div class=\"elementor-widget-container\">\n\t\t\t\t\t<h2 class=\"elementor-heading-title elementor-size-default\">L\u2019\u00e9quipe en salle<\/h2>\t\t\t\t<\/div>\n\t\t\t\t<\/div>\n\t\t\t\t<div class=\"elementor-element elementor-element-e683aa4 elementor-widget elementor-widget-text-editor\" data-id=\"e683aa4\" data-element_type=\"widget\" data-widget_type=\"text-editor.default\">\n\t\t\t\t<div class=\"elementor-widget-container\">\n\t\t\t\t\t\t\t\t\t<p>En salle, nous disposons \u00e9galement d\u2019une grande \u00e9quipe de personnes tr\u00e8s engag\u00e9es avec leur grande responsabilit\u00e9 et qui, dans certains cas, nous accompagnent depuis de nombreuses ann\u00e9es sur ce chemin que nous parcourons ensemble quotidiennement.<\/p>\t\t\t\t\t\t\t\t<\/div>\n\t\t\t\t<\/div>\n\t\t\t\t\t<\/div>\n\t\t<\/div>\n\t\t\t\t\t<\/div>\n\t\t<\/section>\n\t\t\t\t<\/div>\n\t\t","protected":false},"excerpt":{"rendered":"<p>L&rsquo;\u00e9quipe de Les Moles est l&rsquo;un des piliers de cette maison. Jeroni d&rsquo;abord, puis Carmen, maintenant aussi Pau et Roger, et tous les compagnons de cuisine et de table, ont \u00e9t\u00e9 charg\u00e9s de faire grandir ce restaurant. Jeroni Castell Propri\u00e9taire, conjointement avec son \u00e9pouse Carmen, et chef du restaurant Les Moles ; Jeroni a d\u00e9couvert [&hellip;]<\/p>\n","protected":false},"author":4,"featured_media":0,"parent":1266,"menu_order":0,"comment_status":"closed","ping_status":"closed","template":"","meta":{"_acf_changed":false,"site-sidebar-layout":"no-sidebar","site-content-layout":"page-builder","ast-site-content-layout":"","site-content-style":"default","site-sidebar-style":"default","ast-global-header-display":"","ast-banner-title-visibility":"","ast-main-header-display":"","ast-hfb-above-header-display":"","ast-hfb-below-header-display":"","ast-hfb-mobile-header-display":"","site-post-title":"disabled","ast-breadcrumbs-content":"","ast-featured-img":"disabled","footer-sml-layout":"","theme-transparent-header-meta":"","adv-header-id-meta":"","stick-header-meta":"","header-above-stick-meta":"","header-main-stick-meta":"","header-below-stick-meta":"","astra-migrate-meta-layouts":"default","ast-page-background-enabled":"default","ast-page-background-meta":{"desktop":{"background-color":"var(--ast-global-color-4)","background-image":"","background-repeat":"repeat","background-position":"center center","background-size":"auto","background-attachment":"scroll","background-type":"","background-media":"","overlay-type":"","overlay-color":"","overlay-opacity":"","overlay-gradient":""},"tablet":{"background-color":"","background-image":"","background-repeat":"repeat","background-position":"center center","background-size":"auto","background-attachment":"scroll","background-type":"","background-media":"","overlay-type":"","overlay-color":"","overlay-opacity":"","overlay-gradient":""},"mobile":{"background-color":"","background-image":"","background-repeat":"repeat","background-position":"center center","background-size":"auto","background-attachment":"scroll","background-type":"","background-media":"","overlay-type":"","overlay-color":"","overlay-opacity":"","overlay-gradient":""}},"ast-content-background-meta":{"desktop":{"background-color":"var(--ast-global-color-5)","background-image":"","background-repeat":"repeat","background-position":"center center","background-size":"auto","background-attachment":"scroll","background-type":"","background-media":"","overlay-type":"","overlay-color":"","overlay-opacity":"","overlay-gradient":""},"tablet":{"background-color":"var(--ast-global-color-5)","background-image":"","background-repeat":"repeat","background-position":"center center","background-size":"auto","background-attachment":"scroll","background-type":"","background-media":"","overlay-type":"","overlay-color":"","overlay-opacity":"","overlay-gradient":""},"mobile":{"background-color":"var(--ast-global-color-5)","background-image":"","background-repeat":"repeat","background-position":"center center","background-size":"auto","background-attachment":"scroll","background-type":"","background-media":"","overlay-type":"","overlay-color":"","overlay-opacity":"","overlay-gradient":""}},"footnotes":""},"class_list":["post-1284","page","type-page","status-publish","hentry"],"acf":[],"yoast_head":"<!-- This site is optimized with the Yoast SEO plugin v26.6 - https:\/\/yoast.com\/wordpress\/plugins\/seo\/ -->\n<title>L\u2019\u00c9QUIPE - Les Moles<\/title>\n<meta name=\"robots\" content=\"index, follow, max-snippet:-1, max-image-preview:large, max-video-preview:-1\" \/>\n<link rel=\"canonical\" href=\"https:\/\/lesmoles.com\/restaurant\/lequip\/\" \/>\n<meta property=\"og:locale\" content=\"fr_FR\" \/>\n<meta property=\"og:type\" content=\"article\" \/>\n<meta property=\"og:title\" content=\"L\u2019\u00c9QUIPE - Les Moles\" \/>\n<meta property=\"og:description\" content=\"L&rsquo;\u00e9quipe de Les Moles est l&rsquo;un des piliers de cette maison. Jeroni d&rsquo;abord, puis Carmen, maintenant aussi Pau et Roger, et tous les compagnons de cuisine et de table, ont \u00e9t\u00e9 charg\u00e9s de faire grandir ce restaurant. Jeroni Castell Propri\u00e9taire, conjointement avec son \u00e9pouse Carmen, et chef du restaurant Les Moles ; Jeroni a d\u00e9couvert [&hellip;]\" \/>\n<meta property=\"og:url\" content=\"https:\/\/lesmoles.com\/restaurant\/lequip\/\" \/>\n<meta property=\"og:site_name\" content=\"Les Moles\" \/>\n<meta property=\"article:modified_time\" content=\"2022-09-14T10:37:56+00:00\" \/>\n<meta property=\"og:image\" content=\"https:\/\/lesmoles.com\/wp-content\/uploads\/2021\/12\/equip_lesmoles_2-1024x695.jpg\" \/>\n<meta name=\"twitter:card\" content=\"summary_large_image\" \/>\n<meta name=\"twitter:label1\" content=\"Dur\u00e9e de lecture estim\u00e9e\" \/>\n\t<meta name=\"twitter:data1\" content=\"7 minutes\" \/>\n<script type=\"application\/ld+json\" class=\"yoast-schema-graph\">{\"@context\":\"https:\/\/schema.org\",\"@graph\":[{\"@type\":\"WebPage\",\"@id\":\"https:\/\/lesmoles.com\/restaurant\/lequip\/\",\"url\":\"https:\/\/lesmoles.com\/restaurant\/lequip\/\",\"name\":\"L\u2019\u00c9QUIPE - Les Moles\",\"isPartOf\":{\"@id\":\"https:\/\/lesmoles.com\/#website\"},\"primaryImageOfPage\":{\"@id\":\"https:\/\/lesmoles.com\/restaurant\/lequip\/#primaryimage\"},\"image\":{\"@id\":\"https:\/\/lesmoles.com\/restaurant\/lequip\/#primaryimage\"},\"thumbnailUrl\":\"https:\/\/lesmoles.com\/wp-content\/uploads\/2021\/12\/equip_lesmoles_2-1024x695.jpg\",\"datePublished\":\"2021-12-28T17:57:22+00:00\",\"dateModified\":\"2022-09-14T10:37:56+00:00\",\"breadcrumb\":{\"@id\":\"https:\/\/lesmoles.com\/restaurant\/lequip\/#breadcrumb\"},\"inLanguage\":\"fr-FR\",\"potentialAction\":[{\"@type\":\"ReadAction\",\"target\":[\"https:\/\/lesmoles.com\/restaurant\/lequip\/\"]}]},{\"@type\":\"ImageObject\",\"inLanguage\":\"fr-FR\",\"@id\":\"https:\/\/lesmoles.com\/restaurant\/lequip\/#primaryimage\",\"url\":\"https:\/\/lesmoles.com\/wp-content\/uploads\/2021\/12\/equip_lesmoles_2-1024x695.jpg\",\"contentUrl\":\"https:\/\/lesmoles.com\/wp-content\/uploads\/2021\/12\/equip_lesmoles_2-1024x695.jpg\"},{\"@type\":\"BreadcrumbList\",\"@id\":\"https:\/\/lesmoles.com\/restaurant\/lequip\/#breadcrumb\",\"itemListElement\":[{\"@type\":\"ListItem\",\"position\":1,\"name\":\"Inici\",\"item\":\"https:\/\/lesmoles.com\/en\/\"},{\"@type\":\"ListItem\",\"position\":2,\"name\":\"Restaurant\",\"item\":\"https:\/\/lesmoles.com\/restaurant\/\"},{\"@type\":\"ListItem\",\"position\":3,\"name\":\"L\u2019\u00c9QUIPE\"}]},{\"@type\":\"WebSite\",\"@id\":\"https:\/\/lesmoles.com\/#website\",\"url\":\"https:\/\/lesmoles.com\/\",\"name\":\"Les Moles\",\"description\":\"Restaurant amb una Estrella Michelin i dos Soles Repsol\",\"publisher\":{\"@id\":\"https:\/\/lesmoles.com\/#organization\"},\"potentialAction\":[{\"@type\":\"SearchAction\",\"target\":{\"@type\":\"EntryPoint\",\"urlTemplate\":\"https:\/\/lesmoles.com\/?s={search_term_string}\"},\"query-input\":{\"@type\":\"PropertyValueSpecification\",\"valueRequired\":true,\"valueName\":\"search_term_string\"}}],\"inLanguage\":\"fr-FR\"},{\"@type\":\"Organization\",\"@id\":\"https:\/\/lesmoles.com\/#organization\",\"name\":\"Les Moles\",\"url\":\"https:\/\/lesmoles.com\/\",\"logo\":{\"@type\":\"ImageObject\",\"inLanguage\":\"fr-FR\",\"@id\":\"https:\/\/lesmoles.com\/#\/schema\/logo\/image\/\",\"url\":\"https:\/\/lesmoles.com\/wp-content\/uploads\/2021\/12\/cropped-Les-Moles-Restaurant_transparent.png\",\"contentUrl\":\"https:\/\/lesmoles.com\/wp-content\/uploads\/2021\/12\/cropped-Les-Moles-Restaurant_transparent.png\",\"width\":512,\"height\":512,\"caption\":\"Les Moles\"},\"image\":{\"@id\":\"https:\/\/lesmoles.com\/#\/schema\/logo\/image\/\"}}]}<\/script>\n<!-- \/ Yoast SEO plugin. -->","yoast_head_json":{"title":"L\u2019\u00c9QUIPE - Les Moles","robots":{"index":"index","follow":"follow","max-snippet":"max-snippet:-1","max-image-preview":"max-image-preview:large","max-video-preview":"max-video-preview:-1"},"canonical":"https:\/\/lesmoles.com\/restaurant\/lequip\/","og_locale":"fr_FR","og_type":"article","og_title":"L\u2019\u00c9QUIPE - Les Moles","og_description":"L&rsquo;\u00e9quipe de Les Moles est l&rsquo;un des piliers de cette maison. Jeroni d&rsquo;abord, puis Carmen, maintenant aussi Pau et Roger, et tous les compagnons de cuisine et de table, ont \u00e9t\u00e9 charg\u00e9s de faire grandir ce restaurant. Jeroni Castell Propri\u00e9taire, conjointement avec son \u00e9pouse Carmen, et chef du restaurant Les Moles ; Jeroni a d\u00e9couvert [&hellip;]","og_url":"https:\/\/lesmoles.com\/restaurant\/lequip\/","og_site_name":"Les Moles","article_modified_time":"2022-09-14T10:37:56+00:00","og_image":[{"url":"https:\/\/lesmoles.com\/wp-content\/uploads\/2021\/12\/equip_lesmoles_2-1024x695.jpg","type":"","width":"","height":""}],"twitter_card":"summary_large_image","twitter_misc":{"Dur\u00e9e de lecture estim\u00e9e":"7 minutes"},"schema":{"@context":"https:\/\/schema.org","@graph":[{"@type":"WebPage","@id":"https:\/\/lesmoles.com\/restaurant\/lequip\/","url":"https:\/\/lesmoles.com\/restaurant\/lequip\/","name":"L\u2019\u00c9QUIPE - Les Moles","isPartOf":{"@id":"https:\/\/lesmoles.com\/#website"},"primaryImageOfPage":{"@id":"https:\/\/lesmoles.com\/restaurant\/lequip\/#primaryimage"},"image":{"@id":"https:\/\/lesmoles.com\/restaurant\/lequip\/#primaryimage"},"thumbnailUrl":"https:\/\/lesmoles.com\/wp-content\/uploads\/2021\/12\/equip_lesmoles_2-1024x695.jpg","datePublished":"2021-12-28T17:57:22+00:00","dateModified":"2022-09-14T10:37:56+00:00","breadcrumb":{"@id":"https:\/\/lesmoles.com\/restaurant\/lequip\/#breadcrumb"},"inLanguage":"fr-FR","potentialAction":[{"@type":"ReadAction","target":["https:\/\/lesmoles.com\/restaurant\/lequip\/"]}]},{"@type":"ImageObject","inLanguage":"fr-FR","@id":"https:\/\/lesmoles.com\/restaurant\/lequip\/#primaryimage","url":"https:\/\/lesmoles.com\/wp-content\/uploads\/2021\/12\/equip_lesmoles_2-1024x695.jpg","contentUrl":"https:\/\/lesmoles.com\/wp-content\/uploads\/2021\/12\/equip_lesmoles_2-1024x695.jpg"},{"@type":"BreadcrumbList","@id":"https:\/\/lesmoles.com\/restaurant\/lequip\/#breadcrumb","itemListElement":[{"@type":"ListItem","position":1,"name":"Inici","item":"https:\/\/lesmoles.com\/en\/"},{"@type":"ListItem","position":2,"name":"Restaurant","item":"https:\/\/lesmoles.com\/restaurant\/"},{"@type":"ListItem","position":3,"name":"L\u2019\u00c9QUIPE"}]},{"@type":"WebSite","@id":"https:\/\/lesmoles.com\/#website","url":"https:\/\/lesmoles.com\/","name":"Les Moles","description":"Restaurant amb una Estrella Michelin i dos Soles Repsol","publisher":{"@id":"https:\/\/lesmoles.com\/#organization"},"potentialAction":[{"@type":"SearchAction","target":{"@type":"EntryPoint","urlTemplate":"https:\/\/lesmoles.com\/?s={search_term_string}"},"query-input":{"@type":"PropertyValueSpecification","valueRequired":true,"valueName":"search_term_string"}}],"inLanguage":"fr-FR"},{"@type":"Organization","@id":"https:\/\/lesmoles.com\/#organization","name":"Les Moles","url":"https:\/\/lesmoles.com\/","logo":{"@type":"ImageObject","inLanguage":"fr-FR","@id":"https:\/\/lesmoles.com\/#\/schema\/logo\/image\/","url":"https:\/\/lesmoles.com\/wp-content\/uploads\/2021\/12\/cropped-Les-Moles-Restaurant_transparent.png","contentUrl":"https:\/\/lesmoles.com\/wp-content\/uploads\/2021\/12\/cropped-Les-Moles-Restaurant_transparent.png","width":512,"height":512,"caption":"Les Moles"},"image":{"@id":"https:\/\/lesmoles.com\/#\/schema\/logo\/image\/"}}]}},"publishpress_future_action":{"enabled":false,"date":"2026-05-10 15:27:37","action":"change-status","newStatus":"draft","terms":[],"taxonomy":"translation_priority","extraData":[]},"publishpress_future_workflow_manual_trigger":{"enabledWorkflows":[]},"_links":{"self":[{"href":"https:\/\/lesmoles.com\/fr\/wp-json\/wp\/v2\/pages\/1284","targetHints":{"allow":["GET"]}}],"collection":[{"href":"https:\/\/lesmoles.com\/fr\/wp-json\/wp\/v2\/pages"}],"about":[{"href":"https:\/\/lesmoles.com\/fr\/wp-json\/wp\/v2\/types\/page"}],"author":[{"embeddable":true,"href":"https:\/\/lesmoles.com\/fr\/wp-json\/wp\/v2\/users\/4"}],"replies":[{"embeddable":true,"href":"https:\/\/lesmoles.com\/fr\/wp-json\/wp\/v2\/comments?post=1284"}],"version-history":[{"count":25,"href":"https:\/\/lesmoles.com\/fr\/wp-json\/wp\/v2\/pages\/1284\/revisions"}],"predecessor-version":[{"id":4600,"href":"https:\/\/lesmoles.com\/fr\/wp-json\/wp\/v2\/pages\/1284\/revisions\/4600"}],"up":[{"embeddable":true,"href":"https:\/\/lesmoles.com\/fr\/wp-json\/wp\/v2\/pages\/1266"}],"wp:attachment":[{"href":"https:\/\/lesmoles.com\/fr\/wp-json\/wp\/v2\/media?parent=1284"}],"curies":[{"name":"wp","href":"https:\/\/api.w.org\/{rel}","templated":true}]}}