{"id":12366,"date":"2025-08-07T16:44:22","date_gmt":"2025-08-07T14:44:22","guid":{"rendered":"https:\/\/lesmoles.com\/producto\/diner-au-jardin-des-moles\/"},"modified":"2025-08-14T16:08:23","modified_gmt":"2025-08-14T14:08:23","slug":"diner-au-jardin-des-moles","status":"publish","type":"product","link":"https:\/\/lesmoles.com\/fr\/producto\/diner-au-jardin-des-moles\/","title":{"rendered":"D\u00eener au jardin des Moles"},"content":{"rendered":"<p data-start=\"275\" data-end=\"506\">Dans les <strong data-start=\"279\" data-end=\"303\">Jardins de les Moles<\/strong>, nous vous attendons samedi 23 ao\u00fbt avec un <strong data-start=\"342\" data-end=\"357\">menu braise<\/strong> charg\u00e9 de viande et de saveurs qui feront danser votre bouche. Et pour que la f\u00eate soit compl\u00e8te, nous aurons de la <strong data-start=\"464\" data-end=\"500\">musique live avec Anita &amp; Victor!<\/strong> \ud83c\udfb8\ud83c\udfa4<\/p>\n<p>Un d\u00eener pens\u00e9 pour ceux qui ne disent jamais que non \u00e0 un morceau de viande grill\u00e9e ; pour ceux qui bavardent sans h\u00e2te et rigolent avec la gorge ; et pour ceux qui veulent passer une nuit d\u2019\u00e9t\u00e9 bien \u00e0 l\u2019aise, avec de la musique et du go\u00fbt.<\/p>\n<p data-start=\"508\" data-end=\"531\">\u26a1 Menu Braise:<\/p>\n<p data-start=\"534\" data-end=\"559\">Salade de l\u00e9gumes r\u00f4tis de notre jardin biodynamique<br \/>\n****<br \/>\nCoca d\u2019OOVE avec Jambon Ib\u00e9rique<br \/>\n****<br \/>\nTatar \u00e0 c\u00f4te avec brioix, rouille cuite, mayonnaise \u00e0 truffe et herbes fra\u00eeches<br \/>\n****<br \/>\nMini hamburguer de vache galicienne m\u00fbrie 50 jours, avec oignon caramellis\u00e9, moutarde et alliole de Roms<br \/>\n****<br \/>\n&lsquo;Chulet\u00f3n&rsquo; de vache galicienne m\u00fbrie 50 jours \u00e0 la braise, pur\u00e9 de pomme de terre au beurre et aux pommes de terre souffl\u00e9<br \/>\n****<br \/>\nLe g\u00e2teau au fromage cr\u00e9meux<\/p>\n<p data-start=\"534\" data-end=\"559\">Prix: 59\u20ac<br \/>\n*Boire et caf\u00e9 non inclus.<\/p>\n<p data-start=\"651\" data-end=\"745\">Venez passer du bon temps, mangez comme un roi et laissez la musique vous accompagner sous les \u00e9toiles! \ud83c\udf1f<\/p>\n","protected":false},"excerpt":{"rendered":"<p>*Boire et caf\u00e9 non inclus.<\/p>\n","protected":false},"featured_media":12348,"comment_status":"open","ping_status":"closed","template":"","meta":{"_acf_changed":false,"site-sidebar-layout":"default","site-content-layout":"","ast-site-content-layout":"default","site-content-style":"default","site-sidebar-style":"default","ast-global-header-display":"","ast-banner-title-visibility":"","ast-main-header-display":"","ast-hfb-above-header-display":"","ast-hfb-below-header-display":"","ast-hfb-mobile-header-display":"","site-post-title":"","ast-breadcrumbs-content":"","ast-featured-img":"","footer-sml-layout":"","theme-transparent-header-meta":"default","adv-header-id-meta":"","stick-header-meta":"","header-above-stick-meta":"","header-main-stick-meta":"","header-below-stick-meta":"","astra-migrate-meta-layouts":"default","ast-page-background-enabled":"default","ast-page-background-meta":{"desktop":{"background-color":"var(--ast-global-color-4)","background-image":"","background-repeat":"repeat","background-position":"center center","background-size":"auto","background-attachment":"scroll","background-type":"","background-media":"","overlay-type":"","overlay-color":"","overlay-opacity":"","overlay-gradient":""},"tablet":{"background-color":"","background-image":"","background-repeat":"repeat","background-position":"center center","background-size":"auto","background-attachment":"scroll","background-type":"","background-media":"","overlay-type":"","overlay-color":"","overlay-opacity":"","overlay-gradient":""},"mobile":{"background-color":"","background-image":"","background-repeat":"repeat","background-position":"center center","background-size":"auto","background-attachment":"scroll","background-type":"","background-media":"","overlay-type":"","overlay-color":"","overlay-opacity":"","overlay-gradient":""}},"ast-content-background-meta":{"desktop":{"background-color":"var(--ast-global-color-5)","background-image":"","background-repeat":"repeat","background-position":"center center","background-size":"auto","background-attachment":"scroll","background-type":"","background-media":"","overlay-type":"","overlay-color":"","overlay-opacity":"","overlay-gradient":""},"tablet":{"background-color":"var(--ast-global-color-5)","background-image":"","background-repeat":"repeat","background-position":"center center","background-size":"auto","background-attachment":"scroll","background-type":"","background-media":"","overlay-type":"","overlay-color":"","overlay-opacity":"","overlay-gradient":""},"mobile":{"background-color":"var(--ast-global-color-5)","background-image":"","background-repeat":"repeat","background-position":"center center","background-size":"auto","background-attachment":"scroll","background-type":"","background-media":"","overlay-type":"","overlay-color":"","overlay-opacity":"","overlay-gradient":""}}},"product_brand":[],"product_cat":[47],"product_tag":[],"class_list":{"0":"post-12366","1":"product","2":"type-product","3":"status-publish","4":"has-post-thumbnail","6":"product_cat-experiences-les-moles","7":"desktop-align-left","8":"tablet-align-left","9":"mobile-align-left","11":"first","12":"instock","13":"shipping-taxable","14":"purchasable","15":"product-type-simple"},"acf":[],"yoast_head":"<!-- This site is optimized with the Yoast SEO plugin v26.6 - https:\/\/yoast.com\/wordpress\/plugins\/seo\/ -->\n<title>D\u00eener au jardin des Moles - Les Moles<\/title>\n<meta name=\"robots\" content=\"index, follow, max-snippet:-1, max-image-preview:large, max-video-preview:-1\" \/>\n<link rel=\"canonical\" href=\"https:\/\/lesmoles.com\/fr\/producto\/diner-au-jardin-des-moles\/\" \/>\n<meta property=\"og:locale\" content=\"fr_FR\" \/>\n<meta property=\"og:type\" content=\"article\" \/>\n<meta property=\"og:title\" content=\"D\u00eener au jardin des Moles - Les Moles\" \/>\n<meta property=\"og:description\" content=\"*Boire et caf\u00e9 non inclus.\" \/>\n<meta property=\"og:url\" content=\"https:\/\/lesmoles.com\/fr\/producto\/diner-au-jardin-des-moles\/\" \/>\n<meta property=\"og:site_name\" content=\"Les Moles\" \/>\n<meta property=\"article:modified_time\" content=\"2025-08-14T14:08:23+00:00\" \/>\n<meta property=\"og:image\" content=\"https:\/\/lesmoles.com\/wp-content\/uploads\/2025\/07\/NIT-DEL-XULETO-imatge.jpg\" \/>\n\t<meta property=\"og:image:width\" content=\"2339\" \/>\n\t<meta property=\"og:image:height\" content=\"2339\" \/>\n\t<meta property=\"og:image:type\" content=\"image\/jpeg\" \/>\n<meta name=\"twitter:card\" content=\"summary_large_image\" \/>\n<meta name=\"twitter:label1\" content=\"Dur\u00e9e de lecture estim\u00e9e\" \/>\n\t<meta name=\"twitter:data1\" content=\"1 minute\" \/>\n<script type=\"application\/ld+json\" class=\"yoast-schema-graph\">{\"@context\":\"https:\/\/schema.org\",\"@graph\":[{\"@type\":\"WebPage\",\"@id\":\"https:\/\/lesmoles.com\/fr\/producto\/diner-au-jardin-des-moles\/\",\"url\":\"https:\/\/lesmoles.com\/fr\/producto\/diner-au-jardin-des-moles\/\",\"name\":\"D\u00eener au jardin des Moles - Les Moles\",\"isPartOf\":{\"@id\":\"https:\/\/lesmoles.com\/#website\"},\"primaryImageOfPage\":{\"@id\":\"https:\/\/lesmoles.com\/fr\/producto\/diner-au-jardin-des-moles\/#primaryimage\"},\"image\":{\"@id\":\"https:\/\/lesmoles.com\/fr\/producto\/diner-au-jardin-des-moles\/#primaryimage\"},\"thumbnailUrl\":\"https:\/\/lesmoles.com\/wp-content\/uploads\/2025\/07\/NIT-DEL-XULETO-imatge.jpg\",\"datePublished\":\"2025-08-07T14:44:22+00:00\",\"dateModified\":\"2025-08-14T14:08:23+00:00\",\"breadcrumb\":{\"@id\":\"https:\/\/lesmoles.com\/fr\/producto\/diner-au-jardin-des-moles\/#breadcrumb\"},\"inLanguage\":\"fr-FR\",\"potentialAction\":[{\"@type\":\"ReadAction\",\"target\":[\"https:\/\/lesmoles.com\/fr\/producto\/diner-au-jardin-des-moles\/\"]}]},{\"@type\":\"ImageObject\",\"inLanguage\":\"fr-FR\",\"@id\":\"https:\/\/lesmoles.com\/fr\/producto\/diner-au-jardin-des-moles\/#primaryimage\",\"url\":\"https:\/\/lesmoles.com\/wp-content\/uploads\/2025\/07\/NIT-DEL-XULETO-imatge.jpg\",\"contentUrl\":\"https:\/\/lesmoles.com\/wp-content\/uploads\/2025\/07\/NIT-DEL-XULETO-imatge.jpg\",\"width\":2339,\"height\":2339},{\"@type\":\"BreadcrumbList\",\"@id\":\"https:\/\/lesmoles.com\/fr\/producto\/diner-au-jardin-des-moles\/#breadcrumb\",\"itemListElement\":[{\"@type\":\"ListItem\",\"position\":1,\"name\":\"Inici\",\"item\":\"https:\/\/lesmoles.com\/en\/\"},{\"@type\":\"ListItem\",\"position\":2,\"name\":\"Tienda\",\"item\":\"https:\/\/lesmoles.com\/tienda\/\"},{\"@type\":\"ListItem\",\"position\":3,\"name\":\"D\u00eener au jardin des Moles\"}]},{\"@type\":\"WebSite\",\"@id\":\"https:\/\/lesmoles.com\/#website\",\"url\":\"https:\/\/lesmoles.com\/\",\"name\":\"Les Moles\",\"description\":\"Restaurant amb una Estrella Michelin i dos Soles Repsol\",\"publisher\":{\"@id\":\"https:\/\/lesmoles.com\/#organization\"},\"potentialAction\":[{\"@type\":\"SearchAction\",\"target\":{\"@type\":\"EntryPoint\",\"urlTemplate\":\"https:\/\/lesmoles.com\/?s={search_term_string}\"},\"query-input\":{\"@type\":\"PropertyValueSpecification\",\"valueRequired\":true,\"valueName\":\"search_term_string\"}}],\"inLanguage\":\"fr-FR\"},{\"@type\":\"Organization\",\"@id\":\"https:\/\/lesmoles.com\/#organization\",\"name\":\"Les Moles\",\"url\":\"https:\/\/lesmoles.com\/\",\"logo\":{\"@type\":\"ImageObject\",\"inLanguage\":\"fr-FR\",\"@id\":\"https:\/\/lesmoles.com\/#\/schema\/logo\/image\/\",\"url\":\"https:\/\/lesmoles.com\/wp-content\/uploads\/2021\/12\/cropped-Les-Moles-Restaurant_transparent.png\",\"contentUrl\":\"https:\/\/lesmoles.com\/wp-content\/uploads\/2021\/12\/cropped-Les-Moles-Restaurant_transparent.png\",\"width\":512,\"height\":512,\"caption\":\"Les Moles\"},\"image\":{\"@id\":\"https:\/\/lesmoles.com\/#\/schema\/logo\/image\/\"}}]}<\/script>\n<!-- \/ Yoast SEO plugin. -->","yoast_head_json":{"title":"D\u00eener au jardin des Moles - Les Moles","robots":{"index":"index","follow":"follow","max-snippet":"max-snippet:-1","max-image-preview":"max-image-preview:large","max-video-preview":"max-video-preview:-1"},"canonical":"https:\/\/lesmoles.com\/fr\/producto\/diner-au-jardin-des-moles\/","og_locale":"fr_FR","og_type":"article","og_title":"D\u00eener au jardin des Moles - Les Moles","og_description":"*Boire et caf\u00e9 non inclus.","og_url":"https:\/\/lesmoles.com\/fr\/producto\/diner-au-jardin-des-moles\/","og_site_name":"Les Moles","article_modified_time":"2025-08-14T14:08:23+00:00","og_image":[{"width":2339,"height":2339,"url":"https:\/\/lesmoles.com\/wp-content\/uploads\/2025\/07\/NIT-DEL-XULETO-imatge.jpg","type":"image\/jpeg"}],"twitter_card":"summary_large_image","twitter_misc":{"Dur\u00e9e de lecture estim\u00e9e":"1 minute"},"schema":{"@context":"https:\/\/schema.org","@graph":[{"@type":"WebPage","@id":"https:\/\/lesmoles.com\/fr\/producto\/diner-au-jardin-des-moles\/","url":"https:\/\/lesmoles.com\/fr\/producto\/diner-au-jardin-des-moles\/","name":"D\u00eener au jardin des Moles - Les Moles","isPartOf":{"@id":"https:\/\/lesmoles.com\/#website"},"primaryImageOfPage":{"@id":"https:\/\/lesmoles.com\/fr\/producto\/diner-au-jardin-des-moles\/#primaryimage"},"image":{"@id":"https:\/\/lesmoles.com\/fr\/producto\/diner-au-jardin-des-moles\/#primaryimage"},"thumbnailUrl":"https:\/\/lesmoles.com\/wp-content\/uploads\/2025\/07\/NIT-DEL-XULETO-imatge.jpg","datePublished":"2025-08-07T14:44:22+00:00","dateModified":"2025-08-14T14:08:23+00:00","breadcrumb":{"@id":"https:\/\/lesmoles.com\/fr\/producto\/diner-au-jardin-des-moles\/#breadcrumb"},"inLanguage":"fr-FR","potentialAction":[{"@type":"ReadAction","target":["https:\/\/lesmoles.com\/fr\/producto\/diner-au-jardin-des-moles\/"]}]},{"@type":"ImageObject","inLanguage":"fr-FR","@id":"https:\/\/lesmoles.com\/fr\/producto\/diner-au-jardin-des-moles\/#primaryimage","url":"https:\/\/lesmoles.com\/wp-content\/uploads\/2025\/07\/NIT-DEL-XULETO-imatge.jpg","contentUrl":"https:\/\/lesmoles.com\/wp-content\/uploads\/2025\/07\/NIT-DEL-XULETO-imatge.jpg","width":2339,"height":2339},{"@type":"BreadcrumbList","@id":"https:\/\/lesmoles.com\/fr\/producto\/diner-au-jardin-des-moles\/#breadcrumb","itemListElement":[{"@type":"ListItem","position":1,"name":"Inici","item":"https:\/\/lesmoles.com\/en\/"},{"@type":"ListItem","position":2,"name":"Tienda","item":"https:\/\/lesmoles.com\/tienda\/"},{"@type":"ListItem","position":3,"name":"D\u00eener au jardin des Moles"}]},{"@type":"WebSite","@id":"https:\/\/lesmoles.com\/#website","url":"https:\/\/lesmoles.com\/","name":"Les Moles","description":"Restaurant amb una Estrella Michelin i dos Soles Repsol","publisher":{"@id":"https:\/\/lesmoles.com\/#organization"},"potentialAction":[{"@type":"SearchAction","target":{"@type":"EntryPoint","urlTemplate":"https:\/\/lesmoles.com\/?s={search_term_string}"},"query-input":{"@type":"PropertyValueSpecification","valueRequired":true,"valueName":"search_term_string"}}],"inLanguage":"fr-FR"},{"@type":"Organization","@id":"https:\/\/lesmoles.com\/#organization","name":"Les Moles","url":"https:\/\/lesmoles.com\/","logo":{"@type":"ImageObject","inLanguage":"fr-FR","@id":"https:\/\/lesmoles.com\/#\/schema\/logo\/image\/","url":"https:\/\/lesmoles.com\/wp-content\/uploads\/2021\/12\/cropped-Les-Moles-Restaurant_transparent.png","contentUrl":"https:\/\/lesmoles.com\/wp-content\/uploads\/2021\/12\/cropped-Les-Moles-Restaurant_transparent.png","width":512,"height":512,"caption":"Les Moles"},"image":{"@id":"https:\/\/lesmoles.com\/#\/schema\/logo\/image\/"}}]}},"publishpress_future_action":{"enabled":false,"date":"2026-06-03 17:36:36","action":"change-status","newStatus":"draft","terms":[],"taxonomy":"product_visibility","extraData":[]},"publishpress_future_workflow_manual_trigger":{"enabledWorkflows":[]},"_links":{"self":[{"href":"https:\/\/lesmoles.com\/fr\/wp-json\/wp\/v2\/product\/12366","targetHints":{"allow":["GET"]}}],"collection":[{"href":"https:\/\/lesmoles.com\/fr\/wp-json\/wp\/v2\/product"}],"about":[{"href":"https:\/\/lesmoles.com\/fr\/wp-json\/wp\/v2\/types\/product"}],"replies":[{"embeddable":true,"href":"https:\/\/lesmoles.com\/fr\/wp-json\/wp\/v2\/comments?post=12366"}],"wp:featuredmedia":[{"embeddable":true,"href":"https:\/\/lesmoles.com\/fr\/wp-json\/wp\/v2\/media\/12348"}],"wp:attachment":[{"href":"https:\/\/lesmoles.com\/fr\/wp-json\/wp\/v2\/media?parent=12366"}],"wp:term":[{"taxonomy":"product_brand","embeddable":true,"href":"https:\/\/lesmoles.com\/fr\/wp-json\/wp\/v2\/product_brand?post=12366"},{"taxonomy":"product_cat","embeddable":true,"href":"https:\/\/lesmoles.com\/fr\/wp-json\/wp\/v2\/product_cat?post=12366"},{"taxonomy":"product_tag","embeddable":true,"href":"https:\/\/lesmoles.com\/fr\/wp-json\/wp\/v2\/product_tag?post=12366"}],"curies":[{"name":"wp","href":"https:\/\/api.w.org\/{rel}","templated":true}]}}